{"id":369,"date":"2023-12-11T19:49:33","date_gmt":"2023-12-11T19:49:33","guid":{"rendered":"https:\/\/sage-dev.uqam.ca\/?page_id=369"},"modified":"2025-09-02T19:35:21","modified_gmt":"2025-09-02T19:35:21","slug":"projets-de-recherche","status":"publish","type":"page","link":"https:\/\/sage.uqam.ca\/en\/projets-de-recherche\/","title":{"rendered":"Research projects"},"content":{"rendered":"<div class=\"gb-container gb-container-ad481106\">\n\n<h4 class=\"wp-block-heading has-text-align-center\">R\u00e9forme de la sant\u00e9 s\u00e9curit\u00e9 au travail au Qu\u00e9bec<strong> : analyses et recommandations au gouvernement<\/strong><\/h4>\n\n\n\n<figure class=\"wp-block-image aligncenter size-full is-resized wp-duotone-unset-1\"><img loading=\"lazy\" decoding=\"async\" width=\"600\" height=\"600\" src=\"https:\/\/sage.uqam.ca\/wp-content\/uploads\/2024\/11\/logo_sage.png\" alt=\"\" class=\"wp-image-1370\" style=\"width:346px;height:auto\" srcset=\"https:\/\/sage.uqam.ca\/wp-content\/uploads\/2024\/11\/logo_sage.png 600w, https:\/\/sage.uqam.ca\/wp-content\/uploads\/2024\/11\/logo_sage-300x300.png 300w, https:\/\/sage.uqam.ca\/wp-content\/uploads\/2024\/11\/logo_sage-150x150.png 150w, https:\/\/sage.uqam.ca\/wp-content\/uploads\/2024\/11\/logo_sage-12x12.png 12w\" sizes=\"auto, (max-width: 600px) 100vw, 600px\" \/><\/figure>\n\n\n\n<p> Dans le cadre de l\u2019\u00e9tude du projet de loi 59 modernisant le r\u00e9gime de sant\u00e9 et de s\u00e9curit\u00e9 du travail (SST), l\u2019\u00e9quipe SAGE a d\u00e9pos\u00e9 deux m\u00e9moire aupr\u00e8s du gouvernement qu\u00e9b\u00e9cois, respectivement en lien avec le projet de loi et le projet de r\u00e8glement. En s\u2019appuyant sur ses recherches, l&rsquo;\u00e9quipe SAGE y souligne certains angles morts de la r\u00e9forme en ce qui concerne les facteurs de vuln\u00e9rabilit\u00e9 des populations au travail, plus particuli\u00e8rement les femmes. Le m\u00e9moire propose ainsi des pistes pour une r\u00e9forme plus \u00e9quitable et inclusive. <\/p>\n\n\n\n<p>Membres SAGE impliqu\u00e9s\u00b7es (par ordre alphab\u00e9tique) : Genevi\u00e8ve Baril-Gingras, St\u00e9phanie Bernstein, Alexis Chambel (second avis), Rachel Cox, Jean-Paul Dautel (second m\u00e9moire), Dalia Gesualdi-Fecteau, Anne Ren\u00e9e Gravel, Marie Laberge, Val\u00e9rie Lederer, M\u00e9lanie Lefran\u00e7ois, Marie-Eve Major, Val\u00e9rie Martin (second avis), Karen Messing, Jessica Riel, Johanne Saint-Charles, H\u00e9l\u00e8ne Sultan-Ta\u00efeb, Nicole V\u00e9zina<\/p>\n\n\n\n<p>Organisme et programme de financement: Fonds de recherche du Qu\u00e9bec &#8211; Soci\u00e9t\u00e9 et culture (FRQSC)<\/p>\n\n<\/div>\n\n\n<div class=\"wp-block-columns is-layout-flex wp-container-core-columns-is-layout-b50af14f wp-block-columns-is-layout-flex\" style=\"border-style:none;border-width:0px;border-radius:0px;margin-top:0;margin-bottom:0;padding-top:0;padding-right:0;padding-bottom:0;padding-left:0\">\n<div class=\"wp-block-column is-vertically-aligned-stretch has-border-color is-layout-flow wp-container-core-column-is-layout-40655288 wp-block-column-is-layout-flow\" style=\"border-color:#266978;border-width:10px;border-radius:50px;padding-top:0;padding-bottom:0\">\n<div class=\"wp-block-group is-vertical is-content-justification-center is-layout-flex wp-container-core-group-is-layout-16fee683 wp-block-group-is-layout-flex\" style=\"border-style:none;border-width:0px;border-radius:65px;margin-top:var(--wp--preset--spacing--30);margin-bottom:var(--wp--preset--spacing--30);padding-top:0;padding-right:var(--wp--preset--spacing--30);padding-bottom:0;padding-left:var(--wp--preset--spacing--30)\">\n<h5 class=\"wp-block-heading has-text-align-center\"><strong><strong>Bien-\u00eatre au travail et valorisation des personnels de soutien scolaire en service direct aux \u00e9l\u00e8ves&nbsp;: l\u2019importance des pratiques collaboratives.<\/strong><\/strong><\/h5>\n\n\n<div class=\"gb-container gb-container-f6261573\">\n\n<figure class=\"wp-block-image aligncenter size-full is-resized has-custom-border wp-duotone-unset-2\" style=\"margin-top:var(--wp--preset--spacing--30);margin-bottom:var(--wp--preset--spacing--30)\"><img loading=\"lazy\" decoding=\"async\" width=\"829\" height=\"505\" src=\"https:\/\/sage.uqam.ca\/wp-content\/uploads\/2025\/04\/LogoPartageS.jpg\" alt=\"\" class=\"wp-image-1547\" style=\"border-radius:0px;width:346px;height:auto\" srcset=\"https:\/\/sage.uqam.ca\/wp-content\/uploads\/2025\/04\/LogoPartageS.jpg 829w, https:\/\/sage.uqam.ca\/wp-content\/uploads\/2025\/04\/LogoPartageS-300x183.jpg 300w, https:\/\/sage.uqam.ca\/wp-content\/uploads\/2025\/04\/LogoPartageS-768x468.jpg 768w, https:\/\/sage.uqam.ca\/wp-content\/uploads\/2025\/04\/LogoPartageS-18x12.jpg 18w\" sizes=\"auto, (max-width: 829px) 100vw, 829px\" \/><\/figure>\n\n<\/div>\n\n\n<p>Le projet PARTAGE repr\u00e9sente une d\u00e9marche d\u2019\u00e9valuation participative de pratiques collaboratives li\u00e9es au temps de travail du personnel de soutien en milieu scolaire. Le projet vise \u00e9galement \u00e0 \u00e9valuer les effets des pratiques sur la satisfaction au travail, le sentiment d\u2019appartenance, l\u2019engagement et le bien-\u00eatre physique et mental.<\/p>\n\n\n\n<p><\/p>\n\n\n\n<p>Membres SAGE impliqu\u00e9es : M\u00e9lanie Lefran\u00e7ois, H\u00e9l\u00e8ne Sultan-Ta\u00efeb, Marie Laberge, Marie-Eve Major,&nbsp;Laurence Tchuindibi<\/p>\n\n\n\n<p><\/p>\n\n\n\n<p>Organisme et programme de financement : Fonds de recherche du Qu\u00e9bec &#8211; Soci\u00e9t\u00e9 et culture (FRQSC) \/ Actions concert\u00e9es &#8211; Programme de recherche pour la valorisation du personnel scolaire<\/p>\n<\/div>\n<\/div>\n\n\n\n<div class=\"wp-block-column has-border-color is-layout-flow wp-container-core-column-is-layout-f5bb311e wp-block-column-is-layout-flow\" style=\"border-color:#266978;border-width:10px;border-radius:50px\">\n<div class=\"wp-block-group is-vertical is-content-justification-center is-layout-flex wp-container-core-group-is-layout-52c3443b wp-block-group-is-layout-flex\" style=\"border-style:none;border-width:0px;border-radius:65px;margin-top:var(--wp--preset--spacing--30);margin-bottom:var(--wp--preset--spacing--30);padding-right:var(--wp--preset--spacing--30);padding-left:var(--wp--preset--spacing--30)\">\n<h5 class=\"wp-block-heading has-text-align-center\"><strong>Pour une maternit\u00e9 sans danger<\/strong> : identification des freins et leviers \u00e0 la protection de la maternit\u00e9 et de l&rsquo;allaitement dans le secteur de la construction<\/h5>\n\n\n<div class=\"gb-container gb-container-deeceac4\">\n\n<figure class=\"wp-block-image aligncenter size-full is-resized wp-duotone-unset-3\" style=\"margin-top:var(--wp--preset--spacing--30);margin-bottom:var(--wp--preset--spacing--30)\"><img loading=\"lazy\" decoding=\"async\" width=\"2350\" height=\"1208\" src=\"https:\/\/sage.uqam.ca\/wp-content\/uploads\/2025\/04\/PMSD-Formulaire.jpg\" alt=\"\" class=\"wp-image-1555\" style=\"width:346px;height:auto\" srcset=\"https:\/\/sage.uqam.ca\/wp-content\/uploads\/2025\/04\/PMSD-Formulaire.jpg 2350w, https:\/\/sage.uqam.ca\/wp-content\/uploads\/2025\/04\/PMSD-Formulaire-300x154.jpg 300w, https:\/\/sage.uqam.ca\/wp-content\/uploads\/2025\/04\/PMSD-Formulaire-1024x526.jpg 1024w, https:\/\/sage.uqam.ca\/wp-content\/uploads\/2025\/04\/PMSD-Formulaire-768x395.jpg 768w, https:\/\/sage.uqam.ca\/wp-content\/uploads\/2025\/04\/PMSD-Formulaire-1536x790.jpg 1536w, https:\/\/sage.uqam.ca\/wp-content\/uploads\/2025\/04\/PMSD-Formulaire-2048x1053.jpg 2048w, https:\/\/sage.uqam.ca\/wp-content\/uploads\/2025\/04\/PMSD-Formulaire-18x9.jpg 18w\" sizes=\"auto, (max-width: 2350px) 100vw, 2350px\" \/><\/figure>\n\n<\/div>\n\n\n<p>Ce projet s\u2019inscrit dans le cadre du programme pour une maternit\u00e9 sans danger (PMSD) et vise \u00e0 analyser les freins et les leviers \u00e0 la protection de la maternit\u00e9 et de l\u2019allaitement dans le secteur de la construction. L\u2019objectif est d\u2019identifier des pistes d\u2019action pour am\u00e9liorer l\u2019acc\u00e8s au retrait pr\u00e9ventif, r\u00e9duire les discriminations envers les personnes enceintes et am\u00e9liorer la conciliation travail-famille dans un secteur \u00e0 pr\u00e9dominance masculine.<\/p>\n\n\n\n<p><\/p>\n\n\n\n<p>Membres SAGE impliqu\u00e9es : Anne Ren\u00e9e Gravel, Jessica Riel,&nbsp;Alexis Chambel et Aline de Azambuja<\/p>\n\n\n\n<p>Organisme et programme de financement : Fonds de recherche du Qu\u00e9bec &#8211; Soci\u00e9t\u00e9 et culture (FRQSC) \/ Conseil de recherches en sciences humaines du Canada, d\u00e9veloppement savoir<\/p>\n<\/div>\n<\/div>\n<\/div>\n\n\n\n<div class=\"wp-block-columns is-layout-flex wp-container-core-columns-is-layout-e6f765bd wp-block-columns-is-layout-flex\" style=\"border-style:none;border-width:0px;border-radius:0px;margin-top:0;margin-bottom:0;padding-top:var(--wp--preset--spacing--30);padding-right:0;padding-bottom:var(--wp--preset--spacing--30);padding-left:0\">\n<div class=\"wp-block-column is-vertically-aligned-stretch has-border-color is-layout-flow wp-container-core-column-is-layout-40655288 wp-block-column-is-layout-flow\" style=\"border-color:#266978;border-width:10px;border-radius:50px;padding-top:0;padding-bottom:0\">\n<div class=\"wp-block-group is-vertical is-content-justification-center is-layout-flex wp-container-core-group-is-layout-16fee683 wp-block-group-is-layout-flex\" style=\"border-style:none;border-width:0px;border-radius:65px;margin-top:var(--wp--preset--spacing--30);margin-bottom:var(--wp--preset--spacing--30);padding-top:0;padding-right:var(--wp--preset--spacing--30);padding-bottom:0;padding-left:var(--wp--preset--spacing--30)\">\n<h5 class=\"wp-block-heading has-text-align-center\">\u00c9quipe GESTE : pour le partage des connaissances<\/h5>\n\n\n<div class=\"gb-container gb-container-3baf7442\">\n\n<figure class=\"wp-block-image aligncenter size-full is-resized has-custom-border wp-duotone-unset-4\" style=\"margin-top:var(--wp--preset--spacing--30);margin-bottom:var(--wp--preset--spacing--30)\"><img loading=\"lazy\" decoding=\"async\" width=\"1000\" height=\"105\" src=\"https:\/\/sage.uqam.ca\/wp-content\/uploads\/2025\/09\/Banniere-Geste_site-web-e1724098276451.webp\" alt=\"\" class=\"wp-image-1706\" style=\"border-radius:0px;width:514px;height:auto\" srcset=\"https:\/\/sage.uqam.ca\/wp-content\/uploads\/2025\/09\/Banniere-Geste_site-web-e1724098276451.webp 1000w, https:\/\/sage.uqam.ca\/wp-content\/uploads\/2025\/09\/Banniere-Geste_site-web-e1724098276451-300x32.webp 300w, https:\/\/sage.uqam.ca\/wp-content\/uploads\/2025\/09\/Banniere-Geste_site-web-e1724098276451-768x81.webp 768w, https:\/\/sage.uqam.ca\/wp-content\/uploads\/2025\/09\/Banniere-Geste_site-web-e1724098276451-18x2.webp 18w\" sizes=\"auto, (max-width: 1000px) 100vw, 1000px\" \/><\/figure>\n\n<\/div>\n\n\n<p>L\u2019\u00e9quipe GESTE pour le partage des connaissances a \u00e9t\u00e9 cr\u00e9\u00e9e en 2017 avec deux objectifs.<\/p>\n\n\n\n<p> 1\/Identifier comment documenter les retomb\u00e9es et produire des connaissances \u00e0 partir des interventions qui ne r\u00e9ussissent pas \u00e0 implanter des mesures qui prennent en compte le s\/g malgr\u00e9 leur intention\u202f?<\/p>\n\n\n\n<p>2\/Mettre en \u00e9vidence les apports, tant dans le processus de la recherche partenariale que dans les retomb\u00e9es, de la prise en compte du sexe\/genre dans les interventions.<\/p>\n\n\n\n<p>Quatre projets de recherche ont \u00e9t\u00e9 conduits dans cette perspectives. Le d\u00e9tail et les retomb\u00e9s sont disponibles sur le site de l&rsquo;\u00e9quipe : <a href=\"https:\/\/equipegeste.org\/\">https:\/\/equipegeste.org\/<\/a><\/p>\n\n\n\n<p>Membres SAGE impliqu\u00e9es : Marie Laberge, M\u00e9lanie Lefran\u00e7ois, Karen Messinge , Jessica Riel, Johanne Saint-Charles, H\u00e9l\u00e8ne Sultan-Ta\u00efeb, St\u00e9phanie Bernstein, Val\u00e9rie Lederer, Marie-Eve Major, Nicole V\u00e9zina<\/p>\n\n\n\n<p><\/p>\n\n\n\n<p>Organisme et programme de financement : Institut de recherche en sant\u00e9 du Canada (IRSC) \/ Institut de la sant\u00e9 des femmes et des hommes. Conseil de recherche en Sciences Humaines du Canada (CRSH) \u2013 Fonds Connexion. Universit\u00e9 de Montr\u00e9al, Subvention \u201cMobilisation des connaissances \u00bb &#8211; Projets sp\u00e9ciaux VRRDCI. Chaire de recherche du Canada sur la pr\u00e9vention de l\u2019incapacit\u00e9 de travail d\u00e8s l\u2019adolescence (CRSH)<\/p>\n<\/div>\n<\/div>\n\n\n\n<div class=\"wp-block-column has-border-color is-layout-flow wp-container-core-column-is-layout-f5bb311e wp-block-column-is-layout-flow\" style=\"border-color:#266978;border-width:10px;border-radius:50px\">\n<div class=\"wp-block-group is-vertical is-content-justification-center is-layout-flex wp-container-core-group-is-layout-52c3443b wp-block-group-is-layout-flex\" style=\"border-style:none;border-width:0px;border-radius:0px;margin-top:var(--wp--preset--spacing--30);margin-bottom:var(--wp--preset--spacing--30);padding-right:var(--wp--preset--spacing--30);padding-left:var(--wp--preset--spacing--30)\">\n<h5 class=\"wp-block-heading has-text-align-center\">Strat\u00e9gies pour favoriser une carri\u00e8re professorale durable et inclusive \u00e0 travers une approche intersectionnelle du vieillissement<\/h5>\n\n\n<div class=\"gb-container gb-container-bdc3792b\">\n\n<figure class=\"wp-block-image aligncenter size-full is-resized wp-duotone-unset-5\" style=\"margin-top:var(--wp--preset--spacing--30);margin-bottom:var(--wp--preset--spacing--30)\"><img loading=\"lazy\" decoding=\"async\" width=\"1024\" height=\"1024\" src=\"https:\/\/sage.uqam.ca\/wp-content\/uploads\/2025\/09\/ChatGPT-Image-2-sept.-2025-15_11_39.png\" alt=\"\" class=\"wp-image-1707\" style=\"width:226px;height:auto\" srcset=\"https:\/\/sage.uqam.ca\/wp-content\/uploads\/2025\/09\/ChatGPT-Image-2-sept.-2025-15_11_39.png 1024w, https:\/\/sage.uqam.ca\/wp-content\/uploads\/2025\/09\/ChatGPT-Image-2-sept.-2025-15_11_39-300x300.png 300w, https:\/\/sage.uqam.ca\/wp-content\/uploads\/2025\/09\/ChatGPT-Image-2-sept.-2025-15_11_39-150x150.png 150w, https:\/\/sage.uqam.ca\/wp-content\/uploads\/2025\/09\/ChatGPT-Image-2-sept.-2025-15_11_39-768x768.png 768w, https:\/\/sage.uqam.ca\/wp-content\/uploads\/2025\/09\/ChatGPT-Image-2-sept.-2025-15_11_39-12x12.png 12w\" sizes=\"auto, (max-width: 1024px) 100vw, 1024px\" \/><\/figure>\n\n<\/div>\n\n\n<p>Ce projet de recherche s\u2019int\u00e9resse au vieillissement du corps professoral dans les universit\u00e9s qu\u00e9b\u00e9coises, un enjeu souvent invisibilis\u00e9 dans les politiques d\u2019\u00e9quit\u00e9, diversit\u00e9 et inclusion. En adoptant une perspective intersectionnelle, l\u2019\u00e9quipe analyse comment cr\u00e9er des environnements de travail capacitants et inclusifs, afin de soutenir des carri\u00e8res acad\u00e9miques durables. \u00c0 partir de l\u2019\u00e9tude de trois constituantes de l\u2019UQ (UQO, T\u00c9LUQ, UQAM), le projet identifie les d\u00e9fis, propose des recommandations concr\u00e8tes et vise \u00e0 coconstruire, avec les syndicats et les institutions, des solutions adapt\u00e9es aux besoins des professeur\u00b7es vieillissant\u00b7es<\/p>\n\n\n\n<p><\/p>\n\n\n\n<p>Membres SAGE impliqu\u00e9es : Val\u00e9rie Lederer, Jessica Riel,&nbsp;Anne Ren\u00e9e Gravel, Jean-Paul Dautel, Alexis Chambel<\/p>\n\n\n\n<p>Organisme et programme de financement : Fonds de recherche du Qu\u00e9bec &#8211; Soci\u00e9t\u00e9 et culture (FRQSC) \/ Programme de recherche sur l&rsquo;\u00e9quit\u00e9, la diversit\u00e9 et l&rsquo;inclusion dans le milieu de la recherche postsecondaire au Qu\u00e9bec (EDI)<\/p>\n<\/div>\n<\/div>\n<\/div>\n\n\n\n<p><\/p>\n\n\n\n<hr class=\"wp-block-separator has-alpha-channel-opacity\" style=\"margin-top:var(--wp--preset--spacing--30);margin-bottom:var(--wp--preset--spacing--30)\"\/>\n\n\n\n<h2 class=\"wp-block-heading has-text-align-center\">Autres projets impliquant des membres SAGE<\/h2>\n\n\n\n<table id=\"tablepress-1\" class=\"tablepress tablepress-id-1\">\n<thead>\n<tr class=\"row-1\">\n\t<th class=\"column-1\">Project Title<\/th><th class=\"column-2\">Membres SAGE impliqu\u00e9.es<\/th><th class=\"column-3\">Financement<\/th><th class=\"column-4\">Montant du financement total du projet<\/th><th class=\"column-5\">Ann\u00e9e<\/th>\n<\/tr>\n<\/thead>\n<tbody class=\"row-striping row-hover\">\n<tr class=\"row-2\">\n\t<td class=\"column-1\">Gestion quotidienne de la sant\u00e9 et s\u00e9curit\u00e9 du travail dans les tr\u00e8s petites entreprises du secteur de l\u2019agroalimentaire<\/td><td class=\"column-2\">M\u00e9lanie Lefran\u00e7ois<\/td><td class=\"column-3\">IRSST<\/td><td class=\"column-4\">208 856$<\/td><td class=\"column-5\">2025 &#8211; 2027<\/td>\n<\/tr>\n<tr class=\"row-3\">\n\t<td class=\"column-1\">Co-conception d&rsquo;un environnement de travail qui soutient la sant\u00e9 et \u00e0 la s\u00e9curit\u00e9 des personnes neurodivergentes : le cas d&rsquo;une librairie en co-gestion f\u00e9ministe<\/td><td class=\"column-2\">Jessica Riel, Myriam B\u00e9rub\u00e9, Val\u00e9rie Martin<\/td><td class=\"column-3\">CRSH \u2013 Engagement partenarial<\/td><td class=\"column-4\">24 996$<\/td><td class=\"column-5\">2025 &#8211; 2026<\/td>\n<\/tr>\n<tr class=\"row-4\">\n\t<td class=\"column-1\">Une voix collective pour les pr\u00e9pos\u00e9\u00b7e\u00b7s d\u2019aide \u00e0 domicile, au r\u00e9pit et aux b\u00e9n\u00e9ficiaires du secteur priv\u00e9 au Qu\u00e9bec.<\/td><td class=\"column-2\">Louise Boivin<\/td><td class=\"column-3\">Financement du CRSH \u2013 d\u00e9veloppement Savoir<\/td><td class=\"column-4\">57 699$<\/td><td class=\"column-5\">2019 &#8211; 2025<\/td>\n<\/tr>\n<tr class=\"row-5\">\n\t<td class=\"column-1\">D\u00e9marche d\u2019\u00e9valuation participative de pratiques collaboratives li\u00e9es au temps de travail pour attirer et retenir le personnel de soutien en milieu scolaire\u00a0<\/td><td class=\"column-2\">M\u00e9lanie Lefran\u00e7ois, H\u00e9l\u00e8ne Sultan-Ta\u00efeb, Karen Messing, Marie Laberge, Marie-Eve Major<\/td><td class=\"column-3\">FRQSC Action Concert\u00e9e &#8211; programme de recherche sur la valorisation scolaire<\/td><td class=\"column-4\">164 915$<\/td><td class=\"column-5\">2024 &#8211; 2028<\/td>\n<\/tr>\n<tr class=\"row-6\">\n\t<td class=\"column-1\">Mobilisation de connaissances sur la notion renouvel\u00e9e de charge mentale. \u00c9vidences et invisibilit\u00e9s sur la sant\u00e9 et le bien-\u00eatre des femmes. \u00a0<\/td><td class=\"column-2\">M\u00e9lanie Lefran\u00e7ois, Johanne Saint-Charles<\/td><td class=\"column-3\">Universit\u00e9 de Montr\u00e9al \u2013 Subvention de mobilisation des connaissances<\/td><td class=\"column-4\">15 000$<\/td><td class=\"column-5\">2024 &#8211; 2026<\/td>\n<\/tr>\n<tr class=\"row-7\">\n\t<td class=\"column-1\">Sex and Gender+ Science CIHR-IGH  <\/td><td class=\"column-2\">Marie Laberge<\/td><td class=\"column-3\">IRSC Summer Institute<\/td><td class=\"column-4\">115 000$<\/td><td class=\"column-5\">2024 &#8211; 2025<\/td>\n<\/tr>\n<tr class=\"row-8\">\n\t<td class=\"column-1\">\u00c0 quand la protection des droits du travail dans le programme public d\u2019Allocation directe\/Ch\u00e8que emploi-service au Qu\u00e9bec ?\u00a0<\/td><td class=\"column-2\">Louise Boivin, St\u00e9phanie Bersntein<\/td><td class=\"column-3\">Financement de la Fondation Solstice.<\/td><td class=\"column-4\">20 000$<\/td><td class=\"column-5\">2023 &#8211; 2024<\/td>\n<\/tr>\n<tr class=\"row-9\">\n\t<td class=\"column-1\">Pratiques de coop\u00e9ration interg\u00e9n\u00e9rationnelle favorisant l\u2019inclusion et la sant\u00e9 dans le secteur de la restauration : la photo\u00e9licitation pour donner la parole aux travailleuses et travailleurs vieillissants \u00a0<\/td><td class=\"column-2\">Major Marie-Eve, Lederer Valerie<\/td><td class=\"column-3\">Subvention de d\u00e9marrage ou de projets structurants du RISUQ \u00a0<\/td><td class=\"column-4\">15 000$<\/td><td class=\"column-5\">2023 &#8211; 2024<\/td>\n<\/tr>\n<tr class=\"row-10\">\n\t<td class=\"column-1\">Synth\u00e8se des connaissances sur la notion renouvel\u00e9e de charge mentale. \u00c9vidences et invisibilit\u00e9s sur la sant\u00e9 et le bien-\u00eatre des femmes<\/td><td class=\"column-2\">M\u00e9lanie Lefran\u00e7ois, Johanne Saint-Charles<\/td><td class=\"column-3\">Fonds de recherche du Qu\u00e9bec &#8211; Soci\u00e9t\u00e9 et culture (FRQSC) Action concert\u00e9e<\/td><td class=\"column-4\">70 000$<\/td><td class=\"column-5\">2022 &#8211; 2023<\/td>\n<\/tr>\n<tr class=\"row-11\">\n\t<td class=\"column-1\">Bonifier des outils d\u2019\u00e9valuation des contraintes du travail associ\u00e9es aux troubles musculo-squelettiques li\u00e9s au travail (TMS) par la prise en compte du sexe et du genre : des nouvelles ressources pour les pr\u00e9ventionnistes.<\/td><td class=\"column-2\">V\u00e9zina Nicole, Major Marie-Eve Laberge Marie<\/td><td class=\"column-3\">Universit\u00e9 de Montr\u00e9al, programme de soutien aux projets technicosociaux innovants<\/td><td class=\"column-4\">10 000$<\/td><td class=\"column-5\">2022 &#8211; 2023<\/td>\n<\/tr>\n<tr class=\"row-12\">\n\t<td class=\"column-1\">Trousse d\u2019outils pour la prise en compte du sexe et du genre dans le cadre de recherches-intervention en sant\u00e9 au travail et sant\u00e9 environnementale<\/td><td class=\"column-2\">Marie Laberge, M\u00e9lanie Lefran\u00e7ois, H\u00e9l\u00e8ne Sultan-Ta\u00efeb<\/td><td class=\"column-3\">Universit\u00e9 de Montr\u00e9al Mobilisation des connaissances<\/td><td class=\"column-4\">15 000$<\/td><td class=\"column-5\">2022 &#8211; 2023<\/td>\n<\/tr>\n<tr class=\"row-13\">\n\t<td class=\"column-1\">La protection de la maternit\u00e9 dans les emplois contractuels en contexte de pand\u00e9mie: Le cas de l&rsquo;industrie de la construction<\/td><td class=\"column-2\">Gravel Anne Ren\u00e9e, Riel Jessica<\/td><td class=\"column-3\">D\u00e9veloppement Savoir Volet \u00e9mergent <\/td><td class=\"column-4\">67 897$<\/td><td class=\"column-5\">2022 &#8211; 2024<\/td>\n<\/tr>\n<tr class=\"row-14\">\n\t<td class=\"column-1\">Comit\u00e9 charg\u00e9 d\u2019analyser les recours en mati\u00e8re de harc\u00e8lement sexuel et d\u2019agression \u00e0 caract\u00e8re sexuel au travail \u00a0<\/td><td class=\"column-2\">Rachel Cox, Gesualdi-Fecteau Dalia<\/td><td class=\"column-3\">Minist\u00e8re du travail, de l\u2019emploi et de la solidarit\u00e9 sociale (MTESS) via une Entente de service avec le SEPSI \u00a0<\/td><td class=\"column-4\"><\/td><td class=\"column-5\">2022 &#8211; 2023<\/td>\n<\/tr>\n<tr class=\"row-15\">\n\t<td class=\"column-1\">Early Childhood Centers\u2019 new financing method: levers and obstacles for the protection of working conditions and workers' health \u00a0<\/td><td class=\"column-2\">Gravel Anne Ren\u00e9e, Riel Jessica<\/td><td class=\"column-3\">Conseil de Recherches en Sciences Humaines du Canada (CRSH) D\u00e9veloppement Savoir &#8211; chercheurs \u00e9mergents<\/td><td class=\"column-4\">67 600$<\/td><td class=\"column-5\">2021 &#8211; 2023<\/td>\n<\/tr>\n<tr class=\"row-16\">\n\t<td class=\"column-1\">Interdisciplinary perspectives in considering sex and gender in the occupational health: Quebecers\u2019 works outreach at the International Erogonomics Association Congress<\/td><td class=\"column-2\">Marie Laberge, Jessica Riel, M\u00e9lanie Lefran\u00e7ois, Marie-\u00c8ve Major, Karen Messing, H\u00e9l\u00e8ne Sultan-Ta\u00efeb, Nicole V\u00e9zina \u00a0<\/td><td class=\"column-3\">Connexion Grant, Social Sciences and Humanities Research Council (SSHRC)<\/td><td class=\"column-4\">25 000$<\/td><td class=\"column-5\">2021 &#8211; 2022<\/td>\n<\/tr>\n<tr class=\"row-17\">\n\t<td class=\"column-1\">La pr\u00e9vention int\u00e9gr\u00e9e au travail : un bilan des connaissances scientifiques et exp\u00e9rientielles \u00a0<\/td><td class=\"column-2\">Lederer Val\u00e9rie, Major Marie-Eve<\/td><td class=\"column-3\">IRSST-REPAR &#8211; Programme 4.1 &#8211; R\u00e9adaptation au travail &#8211; Volet 3B \u00a0<\/td><td class=\"column-4\">39 992$<\/td><td class=\"column-5\">2021 &#8211; 2023<\/td>\n<\/tr>\n<tr class=\"row-18\">\n\t<td class=\"column-1\">Inclusive Design for Employment Access (IDEA)<\/td><td class=\"column-2\">Martin Val\u00e9rie, Laberge Marie, Sultan-Taieb H\u00e9l\u00e8ne<\/td><td class=\"column-3\">New Frontiers Transformation Stream<\/td><td class=\"column-4\">9 038 723$<\/td><td class=\"column-5\">2021 &#8211; 2027<\/td>\n<\/tr>\n<tr class=\"row-19\">\n\t<td class=\"column-1\">La pluralit\u00e9 de normativit\u00e9s en mati\u00e8re de sant\u00e9 et de s\u00e9curit\u00e9 du travail : les coulisses de la r\u00e9flexion ! \u00a0<\/td><td class=\"column-2\">Rachel Cox, Katherine Lippel<\/td><td class=\"column-3\">FSPD &#8211; Concours facultaire de soutien \u00e0 la recherche \u00a0<\/td><td class=\"column-4\">2000$<\/td><td class=\"column-5\">2021<\/td>\n<\/tr>\n<tr class=\"row-20\">\n\t<td class=\"column-1\">La sant\u00e9 au travail \u00e0 travers une analyse des in\u00e9galit\u00e9s sociales et de genre : quels d\u00e9fis et quelles interventions pour favoriser la sant\u00e9 et l\u2019\u00e9galit\u00e9 au travail? (axes 1-2-3)<\/td><td class=\"column-2\">Riel Jessica, Baril-Gingras Genevi\u00e8ve, Bernstein St\u00e9phanie, Cox Rachel,\u00a0Gesualdi-Fecteau Dalia, Gravel Anne-Ren\u00e9e, Laberge Marie, Lederer Val\u00e9rie, Lefran\u00e7ois M\u00e9lanie, Major Marie-\u00c8ve, Messing Karen, Saint-Charles Johanne, Sultan-Ta\u00efeb H\u00e9l\u00e8ne, V\u00e9zina Nicole<\/td><td class=\"column-3\">Soutien aux \u00e9quipes de recherche financ\u00e9 par les Fonds de recherche du Qu\u00e9bec \u2013 Soci\u00e9t\u00e9 et culture (FRQSC)<\/td><td class=\"column-4\">421 037$<\/td><td class=\"column-5\">2020 &#8211; 2024<\/td>\n<\/tr>\n<tr class=\"row-21\">\n\t<td class=\"column-1\">Facteurs facilitants et d\u00e9fis li\u00e9s \u00e0 l\u2019implantation d\u2019une intervention visant la pr\u00e9vention des troubles musculosquelettiques en contexte de travail saisonnier : une \u00e9tude exploratoire dans le secteur de la transformation alimentaire.<\/td><td class=\"column-2\">Major Marie-Eve, V\u00e9zina, Nicole<\/td><td class=\"column-3\">Institut de recherche Robert-Sauv\u00e9 en sant\u00e9 et en s\u00e9curit\u00e9 du travail (IRSST)<\/td><td class=\"column-4\">251 263$<\/td><td class=\"column-5\">2020 &#8211; 2023<\/td>\n<\/tr>\n<tr class=\"row-22\">\n\t<td class=\"column-1\">COVID-19\u00a0: quelle(s) r\u00e9ponse(s) du droit social et du travail?<\/td><td class=\"column-2\">Gesualdi-Fecteau Dalia, Cox Rachel<\/td><td class=\"column-3\">Facult\u00e9 de science politique et de droit, UQAM<\/td><td class=\"column-4\">7 000$<\/td><td class=\"column-5\">2020<\/td>\n<\/tr>\n<tr class=\"row-23\">\n\t<td class=\"column-1\">Co\u00fbts des maladies cardiovasculaires et des probl\u00e8mes de sant\u00e9 mentale attribuables aux contraintes psychosociales au travail : Une \u00e9tude interdisciplinaire longitudinale de 22 ans aupr\u00e8s de 9 189 cols blancs \u00a0<\/td><td class=\"column-2\">Sultan-Ta\u00efeb H\u00e9l\u00e8ne\u00a0\u00a0\u00a0\u00a0\u00a0\u00a0\u00a0\u00a0\u00a0\u00a0\u00a0\u00a0\u00a0 \u00a0<\/td><td class=\"column-3\">FRQS &#8211; Programme de bourses de post-doctorat et IRSST- Programme de bourses d&rsquo;\u00e9tudes sup\u00e9rieures en sant\u00e9 et en s\u00e9curit\u00e9 du travail 2019-2020 (bourse de post-doctorat) \u00a0<\/td><td class=\"column-4\">180 000$<\/td><td class=\"column-5\">2019 &#8211; 2021<\/td>\n<\/tr>\n<tr class=\"row-24\">\n\t<td class=\"column-1\">Shelter and transition housing for female victims of domestic violence workers and coordinators\u2019 working conditions, work-life balance and work activities.<\/td><td class=\"column-2\">Messing Karen, Riel Jessica<\/td><td class=\"column-3\">Programme d\u2019aide financi\u00e8re \u00e0 la recherche et \u00e0 la cr\u00e9ation (PAFARC) Universit\u00e9 du Qu\u00e9bec \u00e0 Montr\u00e9al<\/td><td class=\"column-4\">16 000$<\/td><td class=\"column-5\">2019 &#8211; 2020<\/td>\n<\/tr>\n<tr class=\"row-25\">\n\t<td class=\"column-1\">\u00c9valuation de la strat\u00e9gie int\u00e9gr\u00e9e de pr\u00e9vention en manutention: processus d&rsquo;implantation et r\u00e9sultats \u00e9conomiques \u00a0<\/td><td class=\"column-2\">Sultan-Ta\u00efeb H\u00e9l\u00e8ne\u00a0 \u00a0<\/td><td class=\"column-3\">Bourse de doctorat CRSH, Concours 2019-2020 (bourse de doctorat de 4 ans) \u00a0<\/td><td class=\"column-4\">80 000$<\/td><td class=\"column-5\">2019 &#8211; 2023<\/td>\n<\/tr>\n<tr class=\"row-26\">\n\t<td class=\"column-1\">Labour legislation\u2019s normative and institutional fragmentation: what effects on work justice access?\u00a0<\/td><td class=\"column-2\">Gesualdi-Fecteau Dalia, Cox Rachel\u00a0\u00a0\u00a0<\/td><td class=\"column-3\">Conseil de Recherches en Sciences Humaines du Canada (CRSH) Savoir\u00a0<\/td><td class=\"column-4\">177 422$<\/td><td class=\"column-5\">2019 &#8211; 2025\u00a0<\/td>\n<\/tr>\n<tr class=\"row-27\">\n\t<td class=\"column-1\">La reconnaissance d\u2019une obligation explicite pour l\u2019employeur de prot\u00e9ger la travailleuse victime de violence conjugale au travail<\/td><td class=\"column-2\">Rachel Cox<\/td><td class=\"column-3\">Programme d&rsquo;aide financi\u00e8re \u00e0 la recherche et \u00e0 la cr\u00e9ation dans le cadre des Services aux collectivit\u00e9s (PAFARC Volet 2) \u00a0<\/td><td class=\"column-4\">11 000$<\/td><td class=\"column-5\">2019 &#8211; 2021<\/td>\n<\/tr>\n<tr class=\"row-28\">\n\t<td class=\"column-1\">\u00c9tude multidisciplinaire du r\u00f4le du collectif de travail et des rapports sociaux de sexe dans l\u2019activit\u00e9 de conciliation travail-famille de\u00a0travailleurs.ses\u00a0de m\u00e9tiers \u00e0 pr\u00e9dominance masculine.\u00a0<\/td><td class=\"column-2\">Riel Jessica, Lefran\u00e7ois M\u00e9lanie\u00a0<\/td><td class=\"column-3\">Insight Development Program, Social Sciences and Humanities Research Council (SSHRC)\u00a0<\/td><td class=\"column-4\">55 498$<\/td><td class=\"column-5\">2018\u00a0&#8211; 2021\u00a0<\/td>\n<\/tr>\n<tr class=\"row-29\">\n\t<td class=\"column-1\">Genre et travail?: innover dans les m\u00e9thodes, interventions et \u00e9valuation.\u00a0<\/td><td class=\"column-2\">Laberge Marie, Lederer Val\u00e9rie, Major Marie-\u00c8ve, Messing Karen, Riel Jessica,\u00a0 Sultan-Ta\u00efeb H\u00e9l\u00e8ne, V\u00e9zina Nicole\u00a0<\/td><td class=\"column-3\">Subvention Connexion financ\u00e9e par le Conseil de recherche en sciences humaines du Canada (CRSH)\u00a0<\/td><td class=\"column-4\">25 000$<\/td><td class=\"column-5\">2018<\/td>\n<\/tr>\n<tr class=\"row-30\">\n\t<td class=\"column-1\">Policy and practice in return to work after work injury: Challenging circumstances and innovative solutions<\/td><td class=\"column-2\">Lippel Katherine, Cox Rachel<\/td><td class=\"column-3\">Conseil de recherche en sciences humaines du Canada (CRSH) \u2013 Programme\u00a0: Sant\u00e9 et productivit\u00e9 au travail -Subventions de partenariat \u00a0<\/td><td class=\"column-4\">623 304$<\/td><td class=\"column-5\">2018 &#8211; 2021<\/td>\n<\/tr>\n<tr class=\"row-31\">\n\t<td class=\"column-1\">\u00a0Journ\u00e9e en droit social et du travail (JDST)\u00a0: \u00ab\u00a0Retour au travail apr\u00e8s un accident du travail\u00a0: quelle mise en \u0153uvre pour les travailleuses et travailleurs?<\/td><td class=\"column-2\">Rachel Cox, St\u00e9phanie Bernstein, Dalia Gesualdi-Fecteau<\/td><td class=\"column-3\">FSPD (Comit\u00e9 de la recherche) &#8211; Appui aux activit\u00e9s cibl\u00e9es de diffusion et d\u2019\u00e9change de connaissances \u00a0<\/td><td class=\"column-4\">2000$<\/td><td class=\"column-5\">2018 &#8211; 2019<\/td>\n<\/tr>\n<tr class=\"row-32\">\n\t<td class=\"column-1\">Modeling an approach to gender-conscious participatory action-oriented research and knowledge transfer\u00a0favouring\u00a0equality, equity and occupational\/environmental health<\/td><td class=\"column-2\">Laberge Marie,\u00a0Messing Karen, Riel Jessica, Saint-Charles Johanne, Sultan-Ta\u00efeb H\u00e9l\u00e8ne, Major Marie-\u00c8ve, Lederer Val\u00e9rie, Lefran\u00e7ois M\u00e9lani, Bernstein St\u00e9phanie\u00a0<\/td><td class=\"column-3\">Subvention d\u2019\u00e9quipe?: Impact du genre sur les interventions d\u2019application des connaissances financ\u00e9e par les Instituts de recherche en sant\u00e9 du Canada (IRSC 153454)\u00a0<\/td><td class=\"column-4\">450 000$<\/td><td class=\"column-5\">2017 &#8211; 2022\u00a0<\/td>\n<\/tr>\n<tr class=\"row-33\">\n\t<td class=\"column-1\">La sant\u00e9 au travail \u00e0 travers une analyse de genre?: quels d\u00e9fis et quelles interventions pour favoriser la sant\u00e9 et l\u2019\u00e9galit\u00e9 au travail<\/td><td class=\"column-2\">Riel, Jessica, Bernstein St\u00e9phanie, Cox Rachel, Laberge Marie, Lederer Val\u00e9rie, Major Marie-\u00c8ve, Messing Karen, Saint-Charles Johanne, Sultan-Ta\u00efeb H\u00e9l\u00e8ne, V\u00e9zina Nicole,  Gesualdi-Fecteau, Dalia,\u00a0Gravel Anne-Ren\u00e9e, Lefran\u00e7ois, M\u00e9lanie\u00a0<\/td><td class=\"column-3\">Soutien aux \u00e9quipes de recherche financ\u00e9 par les Fonds de recherche du Qu\u00e9bec \u2013 Soci\u00e9t\u00e9 et culture (FRQSC)\u00a0<\/td><td class=\"column-4\">98 998$<\/td><td class=\"column-5\">2017 &#8211; 2020\u00a0<\/td>\n<\/tr>\n<tr class=\"row-34\">\n\t<td class=\"column-1\">D\u00e9veloppement des outils et des m\u00e9thodes d\u2019analyse pour l\u2019\u00e9valuation d\u2019une intervention de pr\u00e9vention des troubles musculo-squelettiques dans l\u2019industrie de l\u2019abattage de volaille?: processus d\u2019implantation et impacts \u00e9conomiques.<\/td><td class=\"column-2\">Sultan-Ta\u00efeb H\u00e9l\u00e8ne, V\u00e9zina Nicole\u00a0<\/td><td class=\"column-3\">Institut de recherche Robert-Sauv\u00e9 en sant\u00e9 et en s\u00e9curit\u00e9 du travail (IRSST)\u00a0<\/td><td class=\"column-4\">139 422$<\/td><td class=\"column-5\">2017 &#8211; 2020\u00a0<\/td>\n<\/tr>\n<tr class=\"row-35\">\n\t<td class=\"column-1\">\u00c9quipe de recherche sur le travail (ERTS-UQO) : Mise en commun d\u2019expertises sur les enjeux contemporains du travail, dans une perspective critique.<\/td><td class=\"column-2\">Riel Jessica, Lederer Val\u00e9rie, Louise Boivin\u00a0\u00a0\u00a0\u00a0\u00a0\u00a0\u00a0\u00a0\u00a0\u00a0\u00a0<\/td><td class=\"column-3\">Soutien aux \u00e9quipes et d\u00e9veloppement de centres financ\u00e9 par les Fonds institutionnel de d\u00e9veloppement de la recherche et de la cr\u00e9ation (FIRC) de l\u2019Universit\u00e9 du Qu\u00e9bec en Outaouais\u00a0<\/td><td class=\"column-4\">30 000$<\/td><td class=\"column-5\">2017 &#8211; 2019\u00a0<\/td>\n<\/tr>\n<tr class=\"row-36\">\n\t<td class=\"column-1\">Equality Rights Within Gender-Neutral Legal Frameworks: Policy Implications for Women\u2019s Equality \u00a0<\/td><td class=\"column-2\">Rachel Cox<\/td><td class=\"column-3\">Conseil de recherche en sciences humaines du Canada (CRSH) \u2013 Programme\u00a0: Savoir (chercheurs \u00e9mergents)<\/td><td class=\"column-4\">73 017$<\/td><td class=\"column-5\">2016 &#8211; 2021<\/td>\n<\/tr>\n<tr class=\"row-37\">\n\t<td class=\"column-1\">Policy and practice in return to work after work injury for the precariously employed or geographically mobile workforce : a four province study \u00a0<\/td><td class=\"column-2\">Katherine Lippel, Rachel Cox<\/td><td class=\"column-3\">Conseil de recherche en sciences humaines du Canada (CRSH) \u2013 Programme\u00a0: D\u00e9veloppement de partenariat \u00a0<\/td><td class=\"column-4\">149 395$<\/td><td class=\"column-5\">2016 &#8211; 2018<\/td>\n<\/tr>\n<tr class=\"row-38\">\n\t<td class=\"column-1\">Precarious employment, atypical schedules and work-family balance: An interdisciplinary analysis on individual and collective strategies<\/td><td class=\"column-2\">Bernstein, St\u00e9phanie, Gravel, Anne Ren\u00e9e, Messing, Karen, Lefran\u00e7ois, M\u00e9lanie<\/td><td class=\"column-3\">CRSH-Programme de subventions de d\u00e9veloppement de partenariat)<\/td><td class=\"column-4\">199 704$<\/td><td class=\"column-5\">2015 &#8211; 2021<\/td>\n<\/tr>\n<tr class=\"row-39\">\n\t<td class=\"column-1\">\u00c9valuation des interventions mises en \u0153uvre dans le cadre de la norme \u2018Entreprise en sant\u00e9\u2019 \u00a0<\/td><td class=\"column-2\">Sultan-Ta\u00efeb, H\u00e9l\u00e8ne, V\u00e9zina Nicole, Baril-Gingras Genevi\u00e8ve<\/td><td class=\"column-3\">IRSC, Institut Sant\u00e9 publique et des populations \u00a0<\/td><td class=\"column-4\">199 204$<\/td><td class=\"column-5\">2014 &#8211; 2019<\/td>\n<\/tr>\n<\/tbody>\n<\/table>\n<!-- #tablepress-1 from cache -->","protected":false},"excerpt":{"rendered":"<p>R\u00e9forme de la sant\u00e9 s\u00e9curit\u00e9 au travail au Qu\u00e9bec : analyses et recommandations au gouvernement Dans le cadre de l\u2019\u00e9tude du projet de loi 59 modernisant le r\u00e9gime de sant\u00e9 et de s\u00e9curit\u00e9 du travail (SST), l\u2019\u00e9quipe SAGE a d\u00e9pos\u00e9 deux m\u00e9moire aupr\u00e8s du gouvernement qu\u00e9b\u00e9cois, respectivement en lien avec le projet de loi et&#8230;<\/p>","protected":false},"author":2,"featured_media":1370,"parent":0,"menu_order":1,"comment_status":"closed","ping_status":"closed","template":"","meta":{"footnotes":""},"class_list":["post-369","page","type-page","status-publish","has-post-thumbnail","hentry"],"_links":{"self":[{"href":"https:\/\/sage.uqam.ca\/en\/wp-json\/wp\/v2\/pages\/369","targetHints":{"allow":["GET"]}}],"collection":[{"href":"https:\/\/sage.uqam.ca\/en\/wp-json\/wp\/v2\/pages"}],"about":[{"href":"https:\/\/sage.uqam.ca\/en\/wp-json\/wp\/v2\/types\/page"}],"author":[{"embeddable":true,"href":"https:\/\/sage.uqam.ca\/en\/wp-json\/wp\/v2\/users\/2"}],"replies":[{"embeddable":true,"href":"https:\/\/sage.uqam.ca\/en\/wp-json\/wp\/v2\/comments?post=369"}],"version-history":[{"count":60,"href":"https:\/\/sage.uqam.ca\/en\/wp-json\/wp\/v2\/pages\/369\/revisions"}],"predecessor-version":[{"id":1730,"href":"https:\/\/sage.uqam.ca\/en\/wp-json\/wp\/v2\/pages\/369\/revisions\/1730"}],"wp:featuredmedia":[{"embeddable":true,"href":"https:\/\/sage.uqam.ca\/en\/wp-json\/wp\/v2\/media\/1370"}],"wp:attachment":[{"href":"https:\/\/sage.uqam.ca\/en\/wp-json\/wp\/v2\/media?parent=369"}],"curies":[{"name":"wp","href":"https:\/\/api.w.org\/{rel}","templated":true}]}}