{"id":261,"date":"2023-11-09T13:50:05","date_gmt":"2023-11-09T13:50:05","guid":{"rendered":"https:\/\/sage-dev.uqam.ca\/?page_id=261"},"modified":"2026-04-27T18:49:36","modified_gmt":"2026-04-27T18:49:36","slug":"etudiant-es","status":"publish","type":"page","link":"https:\/\/sage.uqam.ca\/en\/etudiant-es\/","title":{"rendered":"Students"},"content":{"rendered":"<div class=\"wp-block-columns is-layout-flex wp-container-core-columns-is-layout-14a16728 wp-block-columns-is-layout-flex\" style=\"padding-top:0;padding-bottom:50px\">\n<div class=\"wp-block-column is-vertically-aligned-center has-global-padding is-content-justification-left is-layout-constrained wp-container-core-column-is-layout-c1e1402e wp-block-column-is-layout-constrained\" style=\"padding-top:0;padding-right:var(--wp--preset--spacing--30);padding-bottom:0;padding-left:0;flex-basis:150px\">\n<figure class=\"wp-block-image aligncenter size-full has-custom-border is-style-default\"><img loading=\"lazy\" decoding=\"async\" width=\"2386\" height=\"2386\" src=\"https:\/\/sage.uqam.ca\/wp-content\/uploads\/2024\/10\/BB.jpg\" alt=\"\" class=\"wp-image-1288\" style=\"border-radius:100px;object-fit:cover\" srcset=\"https:\/\/sage.uqam.ca\/wp-content\/uploads\/2024\/10\/BB.jpg 2386w, https:\/\/sage.uqam.ca\/wp-content\/uploads\/2024\/10\/BB-300x300.jpg 300w, https:\/\/sage.uqam.ca\/wp-content\/uploads\/2024\/10\/BB-1024x1024.jpg 1024w, https:\/\/sage.uqam.ca\/wp-content\/uploads\/2024\/10\/BB-150x150.jpg 150w, https:\/\/sage.uqam.ca\/wp-content\/uploads\/2024\/10\/BB-768x768.jpg 768w, https:\/\/sage.uqam.ca\/wp-content\/uploads\/2024\/10\/BB-1536x1536.jpg 1536w, https:\/\/sage.uqam.ca\/wp-content\/uploads\/2024\/10\/BB-2048x2048.jpg 2048w, https:\/\/sage.uqam.ca\/wp-content\/uploads\/2024\/10\/BB-12x12.jpg 12w\" sizes=\"auto, (max-width: 2386px) 100vw, 2386px\" \/><\/figure>\n<\/div>\n\n\n\n<div class=\"wp-block-column is-layout-flow wp-block-column-is-layout-flow\" style=\"flex-basis:100%\">\n<h4 class=\"wp-block-heading\">B\u00e9atrice B\u00e9arez<\/h4>\n\n\n\n<p class=\"adjust-text\" style=\"font-size:clamp(0.875em, 0.875rem + ((1vw - 0.2em) * 0.227), 1em);\"><strong>Programme en cours : Ma\u00eetrise en relations industrielles et ressources humaines (UQO)<\/strong><br><strong>Research topic:<\/strong> : L&rsquo;int\u00e9gration professionnelle des personnes avec un trouble du spectre de l&rsquo;autisme : une analyse comparative des initiatives innovantes d&rsquo;\u00e9conomie sociale au Qu\u00e9bec et en France.<br><strong>Co-directions SAGE<\/strong> : Jean-Paul Dautel (UQO) et Val\u00e9rie Lederer (UQO)<\/p>\n<\/div>\n<\/div>\n\n\n\n<div class=\"wp-block-columns is-layout-flex wp-container-core-columns-is-layout-14a16728 wp-block-columns-is-layout-flex\" style=\"padding-top:0;padding-bottom:50px\">\n<div class=\"wp-block-column is-vertically-aligned-center has-global-padding is-content-justification-left is-layout-constrained wp-container-core-column-is-layout-c1e1402e wp-block-column-is-layout-constrained\" style=\"padding-top:0;padding-right:var(--wp--preset--spacing--30);padding-bottom:0;padding-left:0;flex-basis:150px\">\n<figure class=\"wp-block-image aligncenter size-full has-custom-border is-style-default\"><img loading=\"lazy\" decoding=\"async\" width=\"684\" height=\"684\" src=\"https:\/\/sage.uqam.ca\/wp-content\/uploads\/2024\/05\/myriam_berube-3.jpg\" alt=\"\" class=\"wp-image-1183\" style=\"border-radius:100px;object-fit:cover\" srcset=\"https:\/\/sage.uqam.ca\/wp-content\/uploads\/2024\/05\/myriam_berube-3.jpg 684w, https:\/\/sage.uqam.ca\/wp-content\/uploads\/2024\/05\/myriam_berube-3-300x300.jpg 300w, https:\/\/sage.uqam.ca\/wp-content\/uploads\/2024\/05\/myriam_berube-3-150x150.jpg 150w, https:\/\/sage.uqam.ca\/wp-content\/uploads\/2024\/05\/myriam_berube-3-12x12.jpg 12w\" sizes=\"auto, (max-width: 684px) 100vw, 684px\" \/><\/figure>\n<\/div>\n\n\n\n<div class=\"wp-block-column is-layout-flow wp-block-column-is-layout-flow\" style=\"flex-basis:100%\">\n<h4 class=\"wp-block-heading\">Myriam B\u00e9rub\u00e9<\/h4>\n\n\n\n<p class=\"adjust-text\" style=\"font-size:clamp(0.875em, 0.875rem + ((1vw - 0.2em) * 0.227), 1em);\"><strong>Programme en cours : Postdoctorat en ergonomie-sant\u00e9 au travail<\/strong><br><strong>Research topic:<\/strong> : Librairie f\u00e9ministe en co-gestion, personnes neurodivergentes, co-conception d\u2019environnements capacitants.<br><strong>Co-directions SAGE<\/strong> : Jessica Riel (UQAM) et Val\u00e9rie Martin (UQAM)<\/p>\n<\/div>\n<\/div>\n\n\n\n<div class=\"wp-block-columns is-layout-flex wp-container-core-columns-is-layout-14a16728 wp-block-columns-is-layout-flex\" style=\"padding-top:0;padding-bottom:50px\">\n<div class=\"wp-block-column is-vertically-aligned-center has-global-padding is-content-justification-left is-layout-constrained wp-container-core-column-is-layout-c1e1402e wp-block-column-is-layout-constrained\" style=\"padding-top:0;padding-right:var(--wp--preset--spacing--30);padding-bottom:0;padding-left:0;flex-basis:150px\">\n<figure class=\"wp-block-image aligncenter size-full has-custom-border is-style-default\"><img loading=\"lazy\" decoding=\"async\" width=\"1366\" height=\"1366\" src=\"https:\/\/sage.uqam.ca\/wp-content\/uploads\/2025\/05\/Photo_Eya_Benhassine-1.jpeg\" alt=\"\" class=\"wp-image-1601\" style=\"border-radius:100px;object-fit:cover\" srcset=\"https:\/\/sage.uqam.ca\/wp-content\/uploads\/2025\/05\/Photo_Eya_Benhassine-1.jpeg 1366w, https:\/\/sage.uqam.ca\/wp-content\/uploads\/2025\/05\/Photo_Eya_Benhassine-1-300x300.jpeg 300w, https:\/\/sage.uqam.ca\/wp-content\/uploads\/2025\/05\/Photo_Eya_Benhassine-1-1024x1024.jpeg 1024w, https:\/\/sage.uqam.ca\/wp-content\/uploads\/2025\/05\/Photo_Eya_Benhassine-1-150x150.jpeg 150w, https:\/\/sage.uqam.ca\/wp-content\/uploads\/2025\/05\/Photo_Eya_Benhassine-1-768x768.jpeg 768w, https:\/\/sage.uqam.ca\/wp-content\/uploads\/2025\/05\/Photo_Eya_Benhassine-1-12x12.jpeg 12w\" sizes=\"auto, (max-width: 1366px) 100vw, 1366px\" \/><\/figure>\n<\/div>\n\n\n\n<div class=\"wp-block-column is-layout-flow wp-block-column-is-layout-flow\" style=\"flex-basis:100%\">\n<h4 class=\"wp-block-heading\">Eya Benhassine<\/h4>\n\n\n\n<p class=\"adjust-text\" style=\"font-size:clamp(0.875em, 0.875rem + ((1vw - 0.2em) * 0.227), 1em);\"><strong>Programme en cours : Doctorat en sciences de l&rsquo;\u00e9ducation  (UdeM)<\/strong><br><strong>Thesis topic:<\/strong> : L\u2019\u00e9galit\u00e9 de genre dans le parcours professoral dans les universit\u00e9s canadiennes.<br><\/p>\n\n\n\n<p class=\"adjust-text\" style=\"font-size:clamp(0.875em, 0.875rem + ((1vw - 0.2em) * 0.227), 1em);\"><strong>Projet SAGE <\/strong>: L&rsquo;EDI dans l&rsquo;enseignement sup\u00e9rieur  <br><strong>Membres SAGE<\/strong> : Val\u00e9rie Lederer (UQO) et Anne Ren\u00e9e Gravel (T\u00c9LUQ)<\/p>\n<\/div>\n<\/div>\n\n\n\n<div class=\"wp-block-columns is-layout-flex wp-container-core-columns-is-layout-14a16728 wp-block-columns-is-layout-flex\" style=\"padding-top:0;padding-bottom:50px\">\n<div class=\"wp-block-column is-vertically-aligned-center has-global-padding is-content-justification-left is-layout-constrained wp-container-core-column-is-layout-c1e1402e wp-block-column-is-layout-constrained\" style=\"padding-top:0;padding-right:var(--wp--preset--spacing--30);padding-bottom:0;padding-left:0;flex-basis:150px\">\n<figure class=\"wp-block-image aligncenter size-full has-custom-border is-style-default\"><img loading=\"lazy\" decoding=\"async\" width=\"150\" height=\"150\" src=\"https:\/\/sage.uqam.ca\/wp-content\/uploads\/2023\/12\/vanessa_0.jpeg\" alt=\"\" class=\"wp-image-349\" style=\"border-radius:100px;aspect-ratio:1;object-fit:cover\" srcset=\"https:\/\/sage.uqam.ca\/wp-content\/uploads\/2023\/12\/vanessa_0.jpeg 150w, https:\/\/sage.uqam.ca\/wp-content\/uploads\/2023\/12\/vanessa_0-12x12.jpeg 12w\" sizes=\"auto, (max-width: 150px) 100vw, 150px\" \/><\/figure>\n<\/div>\n\n\n\n<div class=\"wp-block-column is-layout-flow wp-block-column-is-layout-flow\" style=\"flex-basis:100%\">\n<h4 class=\"wp-block-heading\">Vanessa Blanchette-Luong<\/h4>\n\n\n\n<p class=\"adjust-text\" style=\"font-size:clamp(0.875em, 0.875rem + ((1vw - 0.2em) * 0.227), 1em);\"><strong>Programme en cours : Doctorat en psychologie (UQAM)<\/strong><br><strong>Thesis topic:<\/strong> Work-family balance and gender analysis in an intervention context.<br><strong>Co-direction SAGE<\/strong> : Karen Messing (UQAM)<\/p>\n<\/div>\n<\/div>\n\n\n\n<div class=\"wp-block-columns is-layout-flex wp-container-core-columns-is-layout-14a16728 wp-block-columns-is-layout-flex\" style=\"padding-top:0;padding-bottom:50px\">\n<div class=\"wp-block-column is-vertically-aligned-center has-global-padding is-content-justification-left is-layout-constrained wp-container-core-column-is-layout-c1e1402e wp-block-column-is-layout-constrained\" style=\"padding-top:0;padding-right:var(--wp--preset--spacing--30);padding-bottom:0;padding-left:0;flex-basis:150px\">\n<figure class=\"wp-block-image aligncenter size-full has-custom-border is-style-default\"><img loading=\"lazy\" decoding=\"async\" width=\"1920\" height=\"1920\" src=\"https:\/\/sage.uqam.ca\/wp-content\/uploads\/2025\/01\/Bruyere-Raphaelle_Portrait-002.png\" alt=\"\" class=\"wp-image-1432\" style=\"border-radius:100px;aspect-ratio:1;object-fit:cover\" srcset=\"https:\/\/sage.uqam.ca\/wp-content\/uploads\/2025\/01\/Bruyere-Raphaelle_Portrait-002.png 1920w, https:\/\/sage.uqam.ca\/wp-content\/uploads\/2025\/01\/Bruyere-Raphaelle_Portrait-002-300x300.png 300w, https:\/\/sage.uqam.ca\/wp-content\/uploads\/2025\/01\/Bruyere-Raphaelle_Portrait-002-1024x1024.png 1024w, https:\/\/sage.uqam.ca\/wp-content\/uploads\/2025\/01\/Bruyere-Raphaelle_Portrait-002-150x150.png 150w, https:\/\/sage.uqam.ca\/wp-content\/uploads\/2025\/01\/Bruyere-Raphaelle_Portrait-002-768x768.png 768w, https:\/\/sage.uqam.ca\/wp-content\/uploads\/2025\/01\/Bruyere-Raphaelle_Portrait-002-1536x1536.png 1536w, https:\/\/sage.uqam.ca\/wp-content\/uploads\/2025\/01\/Bruyere-Raphaelle_Portrait-002-12x12.png 12w\" sizes=\"auto, (max-width: 1920px) 100vw, 1920px\" \/><\/figure>\n<\/div>\n\n\n\n<div class=\"wp-block-column is-layout-flow wp-block-column-is-layout-flow\" style=\"flex-basis:100%\">\n<h4 class=\"wp-block-heading\">Rapha\u00eblle Bruy\u00e8re<\/h4>\n\n\n\n<p class=\"adjust-text\" style=\"font-size:clamp(0.875em, 0.875rem + ((1vw - 0.2em) * 0.227), 1em);\"><strong>Programme en cours : Doctorat en sciences du travail et de l&#8217;emploi<\/strong><br><strong>Thesis topic:<\/strong>: L&rsquo;action syndicale sur la surcharge de travail dans le secteur parapublic qu\u00e9b\u00e9cois : \u00e9tude de cas compar\u00e9s entre professions (infirmi\u00e8res et enseignantes au primaire) et juridictions<br><strong>Direction SAGE<\/strong>: Genevi\u00e8ve Baril-Gingras (ULaval)<\/p>\n<\/div>\n<\/div>\n\n\n\n<div class=\"wp-block-columns is-layout-flex wp-container-core-columns-is-layout-14a16728 wp-block-columns-is-layout-flex\" style=\"padding-top:0;padding-bottom:50px\">\n<div class=\"wp-block-column is-vertically-aligned-center has-global-padding is-content-justification-left is-layout-constrained wp-container-core-column-is-layout-c1e1402e wp-block-column-is-layout-constrained\" style=\"padding-top:0;padding-right:var(--wp--preset--spacing--30);padding-bottom:0;padding-left:0;flex-basis:150px\">\n<figure class=\"wp-block-image aligncenter size-full has-custom-border is-style-default\"><img loading=\"lazy\" decoding=\"async\" width=\"456\" height=\"456\" src=\"https:\/\/sage.uqam.ca\/wp-content\/uploads\/2024\/10\/PC.jpg\" alt=\"\" class=\"wp-image-1318\" style=\"border-radius:100px\" srcset=\"https:\/\/sage.uqam.ca\/wp-content\/uploads\/2024\/10\/PC.jpg 456w, https:\/\/sage.uqam.ca\/wp-content\/uploads\/2024\/10\/PC-300x300.jpg 300w, https:\/\/sage.uqam.ca\/wp-content\/uploads\/2024\/10\/PC-150x150.jpg 150w, https:\/\/sage.uqam.ca\/wp-content\/uploads\/2024\/10\/PC-12x12.jpg 12w\" sizes=\"auto, (max-width: 456px) 100vw, 456px\" \/><\/figure>\n<\/div>\n\n\n\n<div class=\"wp-block-column is-layout-flow wp-block-column-is-layout-flow\" style=\"flex-basis:100%\">\n<h4 class=\"wp-block-heading\">Pauline Carrez<\/h4>\n\n\n\n<p class=\"adjust-text\" style=\"font-size:clamp(0.875em, 0.875rem + ((1vw - 0.2em) * 0.227), 1em);\"><strong>Programme en cours :<\/strong> <strong>Doctorat en sciences de la r\u00e9adaptation (UdeM)<\/strong><br><strong>Thesis topic:<\/strong>: Formation et accompagnement des superviseurs et agents d&rsquo;int\u00e9gration au sein de l&rsquo;\u00e9cosyst\u00e8me des entreprises adapt\u00e9es.<br><strong>Direction SAGE<\/strong>: Marie Laberge (UdeM)<\/p>\n<\/div>\n<\/div>\n\n\n\n<div class=\"wp-block-columns is-layout-flex wp-container-core-columns-is-layout-14a16728 wp-block-columns-is-layout-flex\" style=\"padding-top:0;padding-bottom:50px\">\n<div class=\"wp-block-column is-vertically-aligned-center has-global-padding is-content-justification-left is-layout-constrained wp-container-core-column-is-layout-c1e1402e wp-block-column-is-layout-constrained\" style=\"padding-top:0;padding-right:var(--wp--preset--spacing--30);padding-bottom:0;padding-left:0;flex-basis:150px\">\n<figure class=\"wp-block-image aligncenter size-full has-custom-border is-style-default\"><img loading=\"lazy\" decoding=\"async\" width=\"1529\" height=\"1529\" src=\"https:\/\/sage.uqam.ca\/wp-content\/uploads\/2025\/05\/AlinedeAzambuja_4.1.jpg\" alt=\"\" class=\"wp-image-1605\" style=\"border-radius:100px\" srcset=\"https:\/\/sage.uqam.ca\/wp-content\/uploads\/2025\/05\/AlinedeAzambuja_4.1.jpg 1529w, https:\/\/sage.uqam.ca\/wp-content\/uploads\/2025\/05\/AlinedeAzambuja_4.1-300x300.jpg 300w, https:\/\/sage.uqam.ca\/wp-content\/uploads\/2025\/05\/AlinedeAzambuja_4.1-1024x1024.jpg 1024w, https:\/\/sage.uqam.ca\/wp-content\/uploads\/2025\/05\/AlinedeAzambuja_4.1-150x150.jpg 150w, https:\/\/sage.uqam.ca\/wp-content\/uploads\/2025\/05\/AlinedeAzambuja_4.1-768x768.jpg 768w, https:\/\/sage.uqam.ca\/wp-content\/uploads\/2025\/05\/AlinedeAzambuja_4.1-12x12.jpg 12w\" sizes=\"auto, (max-width: 1529px) 100vw, 1529px\" \/><\/figure>\n<\/div>\n\n\n\n<div class=\"wp-block-column is-layout-flow wp-block-column-is-layout-flow\" style=\"flex-basis:100%\">\n<h4 class=\"wp-block-heading\">Aline de <strong>Azambuja Viana<\/strong><\/h4>\n\n\n\n<p class=\"adjust-text\" style=\"font-size:clamp(0.875em, 0.875rem + ((1vw - 0.2em) * 0.227), 1em);\"><strong>Programme en cours :<\/strong> <strong>Doctorat interdisciplinaire Sant\u00e9 et soci\u00e9t\u00e9 (UQAM)<\/strong><br><strong>Thesis topic:<\/strong> : Les ressources informationnelles comme levier de transformation pour un acc\u00e8s \u00e9quitable aux programmes de maternit\u00e9 sans danger? \u00c9tude sur les travailleuses du secteur de la construction au Qu\u00e9bec<br><strong>Co-directions SAGE<\/strong> : Anne Ren\u00e9e Gravel (T\u00c9LUQ) et Johanne Saint-Charles (UQAM)<\/p>\n<\/div>\n<\/div>\n\n\n\n<div class=\"wp-block-columns is-layout-flex wp-container-core-columns-is-layout-14a16728 wp-block-columns-is-layout-flex\" style=\"padding-top:0;padding-bottom:50px\">\n<div class=\"wp-block-column is-vertically-aligned-center has-global-padding is-content-justification-left is-layout-constrained wp-container-core-column-is-layout-c1e1402e wp-block-column-is-layout-constrained\" style=\"padding-top:0;padding-right:var(--wp--preset--spacing--30);padding-bottom:0;padding-left:0;flex-basis:150px\">\n<figure class=\"wp-block-image size-full has-custom-border is-style-default\"><img loading=\"lazy\" decoding=\"async\" width=\"150\" height=\"150\" src=\"https:\/\/sage.uqam.ca\/wp-content\/uploads\/2023\/12\/emilie_desjardins_photo_0.png\" alt=\"\" class=\"wp-image-351\" style=\"border-radius:100px\" srcset=\"https:\/\/sage.uqam.ca\/wp-content\/uploads\/2023\/12\/emilie_desjardins_photo_0.png 150w, https:\/\/sage.uqam.ca\/wp-content\/uploads\/2023\/12\/emilie_desjardins_photo_0-12x12.png 12w\" sizes=\"auto, (max-width: 150px) 100vw, 150px\" \/><\/figure>\n<\/div>\n\n\n\n<div class=\"wp-block-column is-layout-flow wp-block-column-is-layout-flow\" style=\"flex-basis:100%\">\n<h4 class=\"wp-block-heading\">\u00c9milie Desjardins<\/h4>\n\n\n\n<p class=\"adjust-text\" style=\"font-size:clamp(0.875em, 0.875rem + ((1vw - 0.2em) * 0.227), 1em);\"><strong>Programme en cours :<\/strong> <strong>Doctorat interdisciplinaire en sant\u00e9 et soci\u00e9t\u00e9 (UQAM)<\/strong><br><strong>Thesis topic:<\/strong>Evaluation of an ergonomic training intervention aimed at the prevention of musculoskeletal disorders in sectors with manual handling: implementation process and economic results.<br><strong>Co-direction SAGE<\/strong>: H\u00e9l\u00e8ne Sultan-Ta\u00efeb (UQAM)<\/p>\n<\/div>\n<\/div>\n\n\n\n<div class=\"wp-block-columns is-layout-flex wp-container-core-columns-is-layout-14a16728 wp-block-columns-is-layout-flex\" style=\"padding-top:0;padding-bottom:50px\">\n<div class=\"wp-block-column is-vertically-aligned-center has-global-padding is-content-justification-left is-layout-constrained wp-container-core-column-is-layout-c1e1402e wp-block-column-is-layout-constrained\" style=\"padding-top:0;padding-right:var(--wp--preset--spacing--30);padding-bottom:0;padding-left:0;flex-basis:150px\">\n<figure class=\"wp-block-image size-full has-custom-border is-style-default\"><img loading=\"lazy\" decoding=\"async\" width=\"2560\" height=\"2560\" src=\"https:\/\/sage.uqam.ca\/wp-content\/uploads\/2025\/12\/Photo-Woodkend--scaled.jpg\" alt=\"\" class=\"wp-image-1795\" style=\"border-radius:100px\" srcset=\"https:\/\/sage.uqam.ca\/wp-content\/uploads\/2025\/12\/Photo-Woodkend--scaled.jpg 2560w, https:\/\/sage.uqam.ca\/wp-content\/uploads\/2025\/12\/Photo-Woodkend--300x300.jpg 300w, https:\/\/sage.uqam.ca\/wp-content\/uploads\/2025\/12\/Photo-Woodkend--1024x1024.jpg 1024w, https:\/\/sage.uqam.ca\/wp-content\/uploads\/2025\/12\/Photo-Woodkend--150x150.jpg 150w, https:\/\/sage.uqam.ca\/wp-content\/uploads\/2025\/12\/Photo-Woodkend--768x768.jpg 768w, https:\/\/sage.uqam.ca\/wp-content\/uploads\/2025\/12\/Photo-Woodkend--1536x1536.jpg 1536w, https:\/\/sage.uqam.ca\/wp-content\/uploads\/2025\/12\/Photo-Woodkend--2048x2048.jpg 2048w, https:\/\/sage.uqam.ca\/wp-content\/uploads\/2025\/12\/Photo-Woodkend--12x12.jpg 12w\" sizes=\"auto, (max-width: 2560px) 100vw, 2560px\" \/><\/figure>\n<\/div>\n\n\n\n<div class=\"wp-block-column is-layout-flow wp-block-column-is-layout-flow\" style=\"flex-basis:100%\">\n<h4 class=\"wp-block-heading\">Woodkend Eugene<\/h4>\n\n\n\n<p class=\"adjust-text\" style=\"font-size:clamp(0.875em, 0.875rem + ((1vw - 0.2em) * 0.227), 1em);\"><strong>Programme en cours :<\/strong> <strong>Ma\u00eetrise en droit (UQAM)<\/strong><br><strong>Research topic:<\/strong>: L\u2019usage du droit dans la (re) production du travail non libre&nbsp;: cas des travailleuses migrantes sous permis ferm\u00e9 dans le secteur du <em>care<\/em> au Qu\u00e9bec<br><strong>Direction SAGE<\/strong>: St\u00e9phanie Bernstein (UQAM)<\/p>\n<\/div>\n<\/div>\n\n\n\n<div class=\"wp-block-columns is-layout-flex wp-container-core-columns-is-layout-14a16728 wp-block-columns-is-layout-flex\" style=\"padding-top:0;padding-bottom:50px\">\n<div class=\"wp-block-column is-vertically-aligned-center has-global-padding is-content-justification-left is-layout-constrained wp-container-core-column-is-layout-c1e1402e wp-block-column-is-layout-constrained\" style=\"padding-top:0;padding-right:var(--wp--preset--spacing--30);padding-bottom:0;padding-left:0;flex-basis:150px\">\n<figure class=\"wp-block-image size-full has-custom-border is-style-default\"><img loading=\"lazy\" decoding=\"async\" width=\"610\" height=\"610\" src=\"https:\/\/sage.uqam.ca\/wp-content\/uploads\/2025\/09\/Sandra_Hassaoui-2.jpg\" alt=\"\" class=\"wp-image-1739\" style=\"border-radius:100px\" srcset=\"https:\/\/sage.uqam.ca\/wp-content\/uploads\/2025\/09\/Sandra_Hassaoui-2.jpg 610w, https:\/\/sage.uqam.ca\/wp-content\/uploads\/2025\/09\/Sandra_Hassaoui-2-300x300.jpg 300w, https:\/\/sage.uqam.ca\/wp-content\/uploads\/2025\/09\/Sandra_Hassaoui-2-150x150.jpg 150w, https:\/\/sage.uqam.ca\/wp-content\/uploads\/2025\/09\/Sandra_Hassaoui-2-12x12.jpg 12w\" sizes=\"auto, (max-width: 610px) 100vw, 610px\" \/><\/figure>\n<\/div>\n\n\n\n<div class=\"wp-block-column is-layout-flow wp-block-column-is-layout-flow\" style=\"flex-basis:100%\">\n<h4 class=\"wp-block-heading\">Sandra Hassaoui<\/h4>\n\n\n\n<p class=\"adjust-text\" style=\"font-size:clamp(0.875em, 0.875rem + ((1vw - 0.2em) * 0.227), 1em);\"><strong>Programme en cours :<\/strong> <strong>Ma\u00eetrise en gestion (sp\u00e9cialisation en ressources humaines) &#8211; Profil m\u00e9moire (UQAM)<\/strong><br><strong>Research topic:<\/strong>: Le suicide li\u00e9 au travail<br><strong>Direction SAGE<\/strong>: Val\u00e9rie Martin (UQAM)<\/p>\n<\/div>\n<\/div>\n\n\n\n<div class=\"wp-block-columns is-layout-flex wp-container-core-columns-is-layout-14a16728 wp-block-columns-is-layout-flex\" style=\"padding-top:0;padding-bottom:50px\">\n<div class=\"wp-block-column is-vertically-aligned-center has-global-padding is-content-justification-left is-layout-constrained wp-container-core-column-is-layout-c1e1402e wp-block-column-is-layout-constrained\" style=\"padding-top:0;padding-right:var(--wp--preset--spacing--30);padding-bottom:0;padding-left:0;flex-basis:150px\">\n<figure class=\"wp-block-image size-full has-custom-border is-style-default\"><img loading=\"lazy\" decoding=\"async\" width=\"288\" height=\"288\" src=\"https:\/\/sage.uqam.ca\/wp-content\/uploads\/2024\/05\/lydie.jpeg\" alt=\"\" class=\"wp-image-1190\" style=\"border-radius:100px\" srcset=\"https:\/\/sage.uqam.ca\/wp-content\/uploads\/2024\/05\/lydie.jpeg 288w, https:\/\/sage.uqam.ca\/wp-content\/uploads\/2024\/05\/lydie-150x150.jpeg 150w, https:\/\/sage.uqam.ca\/wp-content\/uploads\/2024\/05\/lydie-12x12.jpeg 12w\" sizes=\"auto, (max-width: 288px) 100vw, 288px\" \/><\/figure>\n<\/div>\n\n\n\n<div class=\"wp-block-column is-layout-flow wp-block-column-is-layout-flow\" style=\"flex-basis:100%\">\n<h4 class=\"wp-block-heading\">Lydie Huberson<\/h4>\n\n\n<div class=\"gb-container gb-container-a03b893c\">\n\n<p class=\"adjust-text\" style=\"font-size:clamp(0.875em, 0.875rem + ((1vw - 0.2em) * 0.227), 1em);\"><strong>Programme en cours :<\/strong> <strong>Doctorat en relations industrielles (ULaval)<\/strong><br><strong>Research topic:<\/strong> : Femmes noires et haute fonction publique : l\u2019acc\u00e8s aux fonctions ex\u00e9cutives. Analyse comparative France-Qu\u00e9bec.<br><strong>Direction SAGE<\/strong> : Anne Ren\u00e9e Gravel (T\u00c9LUQ)<\/p>\n\n<\/div><\/div>\n<\/div>\n\n\n\n<div class=\"wp-block-columns is-layout-flex wp-container-core-columns-is-layout-14a16728 wp-block-columns-is-layout-flex\" style=\"padding-top:0;padding-bottom:50px\">\n<div class=\"wp-block-column is-vertically-aligned-center has-global-padding is-content-justification-left is-layout-constrained wp-container-core-column-is-layout-c1e1402e wp-block-column-is-layout-constrained\" style=\"padding-top:0;padding-right:var(--wp--preset--spacing--30);padding-bottom:0;padding-left:0;flex-basis:150px\">\n<figure class=\"wp-block-image size-full has-custom-border is-style-default\"><img loading=\"lazy\" decoding=\"async\" width=\"348\" height=\"348\" src=\"https:\/\/sage.uqam.ca\/wp-content\/uploads\/2024\/08\/amiraissa.jpeg\" alt=\"\" class=\"wp-image-1236\" style=\"border-radius:100px\" srcset=\"https:\/\/sage.uqam.ca\/wp-content\/uploads\/2024\/08\/amiraissa.jpeg 348w, https:\/\/sage.uqam.ca\/wp-content\/uploads\/2024\/08\/amiraissa-300x300.jpeg 300w, https:\/\/sage.uqam.ca\/wp-content\/uploads\/2024\/08\/amiraissa-150x150.jpeg 150w, https:\/\/sage.uqam.ca\/wp-content\/uploads\/2024\/08\/amiraissa-12x12.jpeg 12w\" sizes=\"auto, (max-width: 348px) 100vw, 348px\" \/><\/figure>\n<\/div>\n\n\n\n<div class=\"wp-block-column is-layout-flow wp-block-column-is-layout-flow\" style=\"flex-basis:100%\">\n<h4 class=\"wp-block-heading\">Amira Issa<\/h4>\n\n\n\n<p class=\"adjust-text\" style=\"font-size:clamp(0.875em, 0.875rem + ((1vw - 0.2em) * 0.227), 1em);\"><strong>Programme en cours :<\/strong> <strong>Ma\u00eetrise en droit et soci\u00e9t\u00e9 (UQAM)<\/strong><br><strong>Research topic: <\/strong>: Effets du droit de l&rsquo;immigration sur l&rsquo;exercice du droit au travail des personnes demandant l&rsquo;asile au Qu\u00e9bec.<br><strong>Direction SAGE <\/strong>: St\u00e9phanie Bernstein (UQAM)<\/p>\n<\/div>\n<\/div>\n\n\n\n<div class=\"wp-block-columns is-layout-flex wp-container-core-columns-is-layout-14a16728 wp-block-columns-is-layout-flex\" style=\"padding-top:0;padding-bottom:50px\">\n<div class=\"wp-block-column is-vertically-aligned-center has-global-padding is-content-justification-left is-layout-constrained wp-container-core-column-is-layout-c1e1402e wp-block-column-is-layout-constrained\" style=\"padding-top:0;padding-right:var(--wp--preset--spacing--30);padding-bottom:0;padding-left:0;flex-basis:150px\">\n<figure class=\"wp-block-image size-full has-custom-border is-style-default\"><img loading=\"lazy\" decoding=\"async\" width=\"591\" height=\"591\" src=\"https:\/\/sage.uqam.ca\/wp-content\/uploads\/2024\/10\/MLZK.jpg\" alt=\"\" class=\"wp-image-1334\" style=\"border-radius:100px\" srcset=\"https:\/\/sage.uqam.ca\/wp-content\/uploads\/2024\/10\/MLZK.jpg 591w, https:\/\/sage.uqam.ca\/wp-content\/uploads\/2024\/10\/MLZK-300x300.jpg 300w, https:\/\/sage.uqam.ca\/wp-content\/uploads\/2024\/10\/MLZK-150x150.jpg 150w, https:\/\/sage.uqam.ca\/wp-content\/uploads\/2024\/10\/MLZK-12x12.jpg 12w\" sizes=\"auto, (max-width: 591px) 100vw, 591px\" \/><\/figure>\n<\/div>\n\n\n\n<div class=\"wp-block-column is-layout-flow wp-block-column-is-layout-flow\" style=\"flex-basis:100%\">\n<h4 class=\"wp-block-heading\">Marthe Lo\u00efs Zi\u00e9go Kond\u00e9<\/h4>\n\n\n\n<p class=\"adjust-text\" style=\"font-size:clamp(0.875em, 0.875rem + ((1vw - 0.2em) * 0.227), 1em);\"><strong>Programme en cours :<\/strong> <strong>Ma\u00eetrise en droit et soci\u00e9t\u00e9 (UQAM)<\/strong><br><strong>Research topic:<\/strong> : La sant\u00e9 et la s\u00e9curit\u00e9 des caissi\u00e8res : la prise en charge des risques par le r\u00e9gime d&rsquo;indemnisation et le r\u00e9gime de pr\u00e9vention au Qu\u00e9bec (2016-2024)<br><strong>Direction SAGE<\/strong> : Rachel Cox (UQAM)<\/p>\n<\/div>\n<\/div>\n\n\n\n<div class=\"wp-block-columns is-layout-flex wp-container-core-columns-is-layout-14a16728 wp-block-columns-is-layout-flex\" style=\"padding-top:0;padding-bottom:50px\">\n<div class=\"wp-block-column is-vertically-aligned-center has-global-padding is-content-justification-left is-layout-constrained wp-container-core-column-is-layout-c1e1402e wp-block-column-is-layout-constrained\" style=\"padding-top:0;padding-right:var(--wp--preset--spacing--30);padding-bottom:0;padding-left:0;flex-basis:150px\">\n<figure class=\"wp-block-image size-full has-custom-border is-style-default\"><img loading=\"lazy\" decoding=\"async\" width=\"150\" height=\"150\" src=\"https:\/\/sage.uqam.ca\/wp-content\/uploads\/2023\/12\/p_lanctot_leroy_0.jpg\" alt=\"\" class=\"wp-image-357\" style=\"border-radius:100px\" srcset=\"https:\/\/sage.uqam.ca\/wp-content\/uploads\/2023\/12\/p_lanctot_leroy_0.jpg 150w, https:\/\/sage.uqam.ca\/wp-content\/uploads\/2023\/12\/p_lanctot_leroy_0-12x12.jpg 12w\" sizes=\"auto, (max-width: 150px) 100vw, 150px\" \/><\/figure>\n<\/div>\n\n\n\n<div class=\"wp-block-column is-layout-flow wp-block-column-is-layout-flow\" style=\"flex-basis:100%\">\n<h4 class=\"wp-block-heading\">Pascale Lanct\u00f4t-Leroy<\/h4>\n\n\n\n<p class=\"adjust-text\" style=\"font-size:clamp(0.875em, 0.875rem + ((1vw - 0.2em) * 0.227), 1em);\"><strong>Programme en cours :<\/strong> <strong>Ma\u00eetrise en droit du travail (UQAM)<\/strong><br><strong>Research topic:<\/strong> : \u00c0 venir.<br><strong>Direction SAGE<\/strong> : Rachel Cox (UQAM)<\/p>\n<\/div>\n<\/div>\n\n\n\n<div class=\"wp-block-columns is-layout-flex wp-container-core-columns-is-layout-14a16728 wp-block-columns-is-layout-flex\" style=\"padding-top:0;padding-bottom:50px\">\n<div class=\"wp-block-column is-vertically-aligned-center has-global-padding is-content-justification-left is-layout-constrained wp-container-core-column-is-layout-c1e1402e wp-block-column-is-layout-constrained\" style=\"padding-top:0;padding-right:var(--wp--preset--spacing--30);padding-bottom:0;padding-left:0;flex-basis:150px\">\n<figure class=\"wp-block-image size-full has-custom-border is-style-default\"><img loading=\"lazy\" decoding=\"async\" width=\"1170\" height=\"1170\" src=\"https:\/\/sage.uqam.ca\/wp-content\/uploads\/2024\/12\/corynne-4.jpg\" alt=\"\" class=\"wp-image-1390\" style=\"border-radius:100px\" srcset=\"https:\/\/sage.uqam.ca\/wp-content\/uploads\/2024\/12\/corynne-4.jpg 1170w, https:\/\/sage.uqam.ca\/wp-content\/uploads\/2024\/12\/corynne-4-300x300.jpg 300w, https:\/\/sage.uqam.ca\/wp-content\/uploads\/2024\/12\/corynne-4-1024x1024.jpg 1024w, https:\/\/sage.uqam.ca\/wp-content\/uploads\/2024\/12\/corynne-4-150x150.jpg 150w, https:\/\/sage.uqam.ca\/wp-content\/uploads\/2024\/12\/corynne-4-768x768.jpg 768w, https:\/\/sage.uqam.ca\/wp-content\/uploads\/2024\/12\/corynne-4-12x12.jpg 12w\" sizes=\"auto, (max-width: 1170px) 100vw, 1170px\" \/><\/figure>\n<\/div>\n\n\n\n<div class=\"wp-block-column is-layout-flow wp-block-column-is-layout-flow\" style=\"flex-basis:100%\">\n<h4 class=\"wp-block-heading\">Corynne Laurence-Ruel<\/h4>\n\n\n\n<p class=\"has-text-align-left adjust-text\" style=\"font-size:clamp(0.875em, 0.875rem + ((1vw - 0.2em) * 0.227), 1em);\"><strong>Programme en cours : Doctorat en sociologie (UdeM)<\/strong> <br><strong>Thesis topic:<\/strong> : Dynamiques de (d\u00e9)qualification et de pr\u00e9carisation du travail dans les services d&rsquo;h\u00e9bergement de soins de longue dur\u00e9e au Qu\u00e9bec : une analyse de la situation des pr\u00e9pos\u00e9.es aux b\u00e9n\u00e9ficiaires et des proches-aidant.es <\/p>\n\n\n\n<p class=\"has-text-align-left adjust-text\" style=\"font-size:clamp(0.875em, 0.875rem + ((1vw - 0.2em) * 0.227), 1em);\"><strong>Projet SAGE <\/strong>: Alliance sectorielle pour l&rsquo;am\u00e9lioration des conditions de travail dans les soins de longue dur\u00e9e<br><strong>Membres SAGE<\/strong> : St\u00e9phanie Bernstein (UQAM) et Anne Ren\u00e9e Gravel (T\u00c9LUQ)<\/p>\n<\/div>\n<\/div>\n\n\n\n<div class=\"wp-block-columns is-layout-flex wp-container-core-columns-is-layout-14a16728 wp-block-columns-is-layout-flex\" style=\"padding-top:0;padding-bottom:50px\">\n<div class=\"wp-block-column is-vertically-aligned-center has-global-padding is-content-justification-left is-layout-constrained wp-container-core-column-is-layout-c1e1402e wp-block-column-is-layout-constrained\" style=\"padding-top:0;padding-right:var(--wp--preset--spacing--30);padding-bottom:0;padding-left:0;flex-basis:150px\">\n<figure class=\"wp-block-image size-full has-custom-border is-style-default\"><img loading=\"lazy\" decoding=\"async\" width=\"625\" height=\"625\" src=\"https:\/\/sage.uqam.ca\/wp-content\/uploads\/2025\/10\/Emma_L.jpg\" alt=\"\" class=\"wp-image-1766\" style=\"border-radius:100px\" srcset=\"https:\/\/sage.uqam.ca\/wp-content\/uploads\/2025\/10\/Emma_L.jpg 625w, https:\/\/sage.uqam.ca\/wp-content\/uploads\/2025\/10\/Emma_L-300x300.jpg 300w, https:\/\/sage.uqam.ca\/wp-content\/uploads\/2025\/10\/Emma_L-150x150.jpg 150w, https:\/\/sage.uqam.ca\/wp-content\/uploads\/2025\/10\/Emma_L-12x12.jpg 12w\" sizes=\"auto, (max-width: 625px) 100vw, 625px\" \/><\/figure>\n<\/div>\n\n\n\n<div class=\"wp-block-column is-layout-flow wp-block-column-is-layout-flow\" style=\"flex-basis:100%\">\n<h4 class=\"wp-block-heading\">Emma Layani<\/h4>\n\n\n\n<p class=\"has-text-align-left adjust-text\" style=\"font-size:clamp(0.875em, 0.875rem + ((1vw - 0.2em) * 0.227), 1em);\"><strong>Programme en cours : Ma\u00eetrise en administration (UQAM)<\/strong> <br><strong>Sujet d&rsquo;essai <\/strong>: Insomnie chez les \u00e9tudiant-es des cycles sup\u00e9rieurs et cons\u00e9quences<br><strong>Direction SAGE<\/strong> : Jessica Riel (UQAM)<\/p>\n\n\n\n<p class=\"has-text-align-left adjust-text\" style=\"font-size:clamp(0.875em, 0.875rem + ((1vw - 0.2em) * 0.227), 1em);\"><\/p>\n<\/div>\n<\/div>\n\n\n\n<div class=\"wp-block-columns is-layout-flex wp-container-core-columns-is-layout-14a16728 wp-block-columns-is-layout-flex\" style=\"padding-top:0;padding-bottom:50px\">\n<div class=\"wp-block-column is-vertically-aligned-center has-global-padding is-content-justification-left is-layout-constrained wp-container-core-column-is-layout-c1e1402e wp-block-column-is-layout-constrained\" style=\"padding-top:0;padding-right:var(--wp--preset--spacing--30);padding-bottom:0;padding-left:0;flex-basis:150px\">\n<figure class=\"wp-block-image size-full has-custom-border is-style-default\"><img loading=\"lazy\" decoding=\"async\" width=\"1559\" height=\"1559\" src=\"https:\/\/sage.uqam.ca\/wp-content\/uploads\/2025\/10\/LM-1.jpg\" alt=\"\" class=\"wp-image-1759\" style=\"border-radius:100px\" srcset=\"https:\/\/sage.uqam.ca\/wp-content\/uploads\/2025\/10\/LM-1.jpg 1559w, https:\/\/sage.uqam.ca\/wp-content\/uploads\/2025\/10\/LM-1-300x300.jpg 300w, https:\/\/sage.uqam.ca\/wp-content\/uploads\/2025\/10\/LM-1-1024x1024.jpg 1024w, https:\/\/sage.uqam.ca\/wp-content\/uploads\/2025\/10\/LM-1-150x150.jpg 150w, https:\/\/sage.uqam.ca\/wp-content\/uploads\/2025\/10\/LM-1-768x768.jpg 768w, https:\/\/sage.uqam.ca\/wp-content\/uploads\/2025\/10\/LM-1-1536x1536.jpg 1536w, https:\/\/sage.uqam.ca\/wp-content\/uploads\/2025\/10\/LM-1-12x12.jpg 12w\" sizes=\"auto, (max-width: 1559px) 100vw, 1559px\" \/><\/figure>\n<\/div>\n\n\n\n<div class=\"wp-block-column is-layout-flow wp-block-column-is-layout-flow\" style=\"flex-basis:100%\">\n<h4 class=\"wp-block-heading\">L\u00e9onie Matteau<\/h4>\n\n\n\n<p class=\"adjust-text\" style=\"font-size:clamp(0.875em, 0.875rem + ((1vw - 0.2em) * 0.227), 1em);\"><strong>Programme en cours :<\/strong> <strong>Doctorat en sant\u00e9 et soci\u00e9t\u00e9 (UQAM)<\/strong><br><strong>Thesis topic: <\/strong>: D\u00e9marche interventionnelle participative de r\u00e9duction des risques psychosociaux du travail pour soutenir la sant\u00e9 mentale du personnel de la sant\u00e9 : \u00e9valuation du processus d&rsquo;implantation et de l&rsquo;efficacit\u00e9<br><strong>Co-directions SAGE<\/strong> : H\u00e9l\u00e8ne Sultan-Ta\u00efeb (UQAM) et Mah\u00e9e Gilbert-Ouimet (UQAR)<\/p>\n<\/div>\n<\/div>\n\n\n\n<div class=\"wp-block-columns is-layout-flex wp-container-core-columns-is-layout-14a16728 wp-block-columns-is-layout-flex\" style=\"padding-top:0;padding-bottom:50px\">\n<div class=\"wp-block-column is-vertically-aligned-center has-global-padding is-content-justification-left is-layout-constrained wp-container-core-column-is-layout-c1e1402e wp-block-column-is-layout-constrained\" style=\"padding-top:0;padding-right:var(--wp--preset--spacing--30);padding-bottom:0;padding-left:0;flex-basis:150px\">\n<figure class=\"wp-block-image size-full has-custom-border is-style-default\"><img loading=\"lazy\" decoding=\"async\" width=\"914\" height=\"914\" src=\"https:\/\/sage.uqam.ca\/wp-content\/uploads\/2024\/10\/IsabelleMD.jpeg\" alt=\"\" class=\"wp-image-1287\" style=\"border-radius:100px\" srcset=\"https:\/\/sage.uqam.ca\/wp-content\/uploads\/2024\/10\/IsabelleMD.jpeg 914w, https:\/\/sage.uqam.ca\/wp-content\/uploads\/2024\/10\/IsabelleMD-300x300.jpeg 300w, https:\/\/sage.uqam.ca\/wp-content\/uploads\/2024\/10\/IsabelleMD-150x150.jpeg 150w, https:\/\/sage.uqam.ca\/wp-content\/uploads\/2024\/10\/IsabelleMD-768x768.jpeg 768w, https:\/\/sage.uqam.ca\/wp-content\/uploads\/2024\/10\/IsabelleMD-12x12.jpeg 12w\" sizes=\"auto, (max-width: 914px) 100vw, 914px\" \/><\/figure>\n<\/div>\n\n\n\n<div class=\"wp-block-column is-layout-flow wp-block-column-is-layout-flow\" style=\"flex-basis:100%\">\n<h4 class=\"wp-block-heading\">Isabelle Michon-Dupuis<\/h4>\n\n\n\n<p class=\"adjust-text\" style=\"font-size:clamp(0.875em, 0.875rem + ((1vw - 0.2em) * 0.227), 1em);\"><strong>Programme en cours :<\/strong> <strong>Doctorat en administration (UQAM)<\/strong><br><strong>Thesis topic: <\/strong>: D\u00e9veloppement et \u00e9valuation d&rsquo;une formation sur la neuro-inclusion destin\u00e9e au personnel d&rsquo;une universit\u00e9 qu\u00e9b\u00e9coise.<br><strong>Direction SAGE<\/strong> : Val\u00e9rie Martin (UQAM)<\/p>\n<\/div>\n<\/div>\n\n\n\n<div class=\"wp-block-columns is-layout-flex wp-container-core-columns-is-layout-14a16728 wp-block-columns-is-layout-flex\" style=\"padding-top:0;padding-bottom:50px\">\n<div class=\"wp-block-column is-vertically-aligned-center has-global-padding is-content-justification-left is-layout-constrained wp-container-core-column-is-layout-c1e1402e wp-block-column-is-layout-constrained\" style=\"padding-top:0;padding-right:var(--wp--preset--spacing--30);padding-bottom:0;padding-left:0;flex-basis:150px\">\n<figure class=\"wp-block-image size-full has-custom-border is-style-default\"><img loading=\"lazy\" decoding=\"async\" width=\"485\" height=\"485\" src=\"https:\/\/sage.uqam.ca\/wp-content\/uploads\/2024\/03\/Jean-Philippe-Paradis.jpg\" alt=\"\" class=\"wp-image-970\" style=\"border-radius:100px\" srcset=\"https:\/\/sage.uqam.ca\/wp-content\/uploads\/2024\/03\/Jean-Philippe-Paradis.jpg 485w, https:\/\/sage.uqam.ca\/wp-content\/uploads\/2024\/03\/Jean-Philippe-Paradis-300x300.jpg 300w, https:\/\/sage.uqam.ca\/wp-content\/uploads\/2024\/03\/Jean-Philippe-Paradis-150x150.jpg 150w, https:\/\/sage.uqam.ca\/wp-content\/uploads\/2024\/03\/Jean-Philippe-Paradis-12x12.jpg 12w\" sizes=\"auto, (max-width: 485px) 100vw, 485px\" \/><\/figure>\n<\/div>\n\n\n\n<div class=\"wp-block-column is-layout-flow wp-block-column-is-layout-flow\" style=\"flex-basis:100%\">\n<h4 class=\"wp-block-heading\">Jean-Philippe Paradis<\/h4>\n\n\n\n<p class=\"adjust-text\" style=\"font-size:clamp(0.875em, 0.875rem + ((1vw - 0.2em) * 0.227), 1em);\"><strong>Programme en cours : Doctorat en relations industrielles (ULaval)<\/strong><br><strong>Thesis topic:<\/strong> : Analyse n\u00e9o-institutionnaliste de l&rsquo;implantation et des effets d&rsquo;obligation r\u00e9glementaires en sant\u00e9 et en s\u00e9curit\u00e9 au travail : le cas de l&rsquo;exposition au bruit.<br><strong>Direction SAGE<\/strong> : Genevi\u00e8ve Baril-Gingras (ULaval)<\/p>\n<\/div>\n<\/div>\n\n\n\n<div class=\"wp-block-columns is-layout-flex wp-container-core-columns-is-layout-14a16728 wp-block-columns-is-layout-flex\" style=\"padding-top:0;padding-bottom:50px\">\n<div class=\"wp-block-column is-vertically-aligned-center has-global-padding is-content-justification-left is-layout-constrained wp-container-core-column-is-layout-c1e1402e wp-block-column-is-layout-constrained\" style=\"padding-top:0;padding-right:var(--wp--preset--spacing--30);padding-bottom:0;padding-left:0;flex-basis:150px\">\n<figure class=\"wp-block-image size-full has-custom-border is-style-default\"><img loading=\"lazy\" decoding=\"async\" width=\"584\" height=\"584\" src=\"https:\/\/sage.uqam.ca\/wp-content\/uploads\/2025\/10\/CP-2.jpg\" alt=\"\" class=\"wp-image-1758\" style=\"border-radius:100px\" srcset=\"https:\/\/sage.uqam.ca\/wp-content\/uploads\/2025\/10\/CP-2.jpg 584w, https:\/\/sage.uqam.ca\/wp-content\/uploads\/2025\/10\/CP-2-300x300.jpg 300w, https:\/\/sage.uqam.ca\/wp-content\/uploads\/2025\/10\/CP-2-150x150.jpg 150w, https:\/\/sage.uqam.ca\/wp-content\/uploads\/2025\/10\/CP-2-12x12.jpg 12w\" sizes=\"auto, (max-width: 584px) 100vw, 584px\" \/><\/figure>\n<\/div>\n\n\n\n<div class=\"wp-block-column is-layout-flow wp-block-column-is-layout-flow\" style=\"flex-basis:100%\">\n<h4 class=\"wp-block-heading\">Christiane Plamondon<\/h4>\n\n\n\n<p class=\"adjust-text\" style=\"font-size:clamp(0.875em, 0.875rem + ((1vw - 0.2em) * 0.227), 1em);\"><strong>Programme en cours : Doctorat interdisciplinaire Sant\u00e9 et soci\u00e9t\u00e9 (UQAM)<\/strong><br><strong>Thesis topic:<\/strong> : La sant\u00e9 et la s\u00e9curit\u00e9 et l\u2019int\u00e9gration des travailleur-euses neurodivergent-es en milieu professionnel<br><strong>Co-direction SAGE<\/strong> : Val\u00e9rie Martin (UQAM)<\/p>\n<\/div>\n<\/div>\n\n\n\n<div class=\"wp-block-columns is-layout-flex wp-container-core-columns-is-layout-14a16728 wp-block-columns-is-layout-flex\" style=\"padding-top:0;padding-bottom:50px\">\n<div class=\"wp-block-column is-vertically-aligned-center has-global-padding is-content-justification-left is-layout-constrained wp-container-core-column-is-layout-c1e1402e wp-block-column-is-layout-constrained\" style=\"padding-top:0;padding-right:var(--wp--preset--spacing--30);padding-bottom:0;padding-left:0;flex-basis:150px\"><div class=\"gb-container gb-container-e499697e\">\n\n<figure class=\"wp-block-image size-full has-custom-border is-style-default\"><img loading=\"lazy\" decoding=\"async\" width=\"200\" height=\"200\" src=\"https:\/\/sage.uqam.ca\/wp-content\/uploads\/2024\/05\/roxanne.jpg\" alt=\"\" class=\"wp-image-1196\" style=\"border-radius:100px\" srcset=\"https:\/\/sage.uqam.ca\/wp-content\/uploads\/2024\/05\/roxanne.jpg 200w, https:\/\/sage.uqam.ca\/wp-content\/uploads\/2024\/05\/roxanne-150x150.jpg 150w, https:\/\/sage.uqam.ca\/wp-content\/uploads\/2024\/05\/roxanne-12x12.jpg 12w\" sizes=\"auto, (max-width: 200px) 100vw, 200px\" \/><\/figure>\n\n<\/div><\/div>\n\n\n\n<div class=\"wp-block-column is-layout-flow wp-block-column-is-layout-flow\" style=\"flex-basis:100%\">\n<h4 class=\"wp-block-heading\">Roxanne Poulin<\/h4>\n\n\n\n<p class=\"adjust-text\" style=\"font-size:clamp(0.875em, 0.875rem + ((1vw - 0.2em) * 0.227), 1em);\"><strong>Programme en cours : Doctorat en administration<\/strong><br><strong>Thesis topic:<\/strong> : \u00c0 venir.<br><strong>Co-direction SAGE<\/strong> : M\u00e9lanie Lefran\u00e7ois (UQAM)<\/p>\n<\/div>\n<\/div>\n\n\n\n<div class=\"wp-block-columns is-layout-flex wp-container-core-columns-is-layout-14a16728 wp-block-columns-is-layout-flex\" style=\"padding-top:0;padding-bottom:50px\">\n<div class=\"wp-block-column is-vertically-aligned-center has-global-padding is-content-justification-left is-layout-constrained wp-container-core-column-is-layout-c1e1402e wp-block-column-is-layout-constrained\" style=\"padding-top:0;padding-right:var(--wp--preset--spacing--30);padding-bottom:0;padding-left:0;flex-basis:150px\">\n<figure class=\"wp-block-image size-full has-custom-border is-style-default\"><img loading=\"lazy\" decoding=\"async\" width=\"430\" height=\"430\" src=\"https:\/\/sage.uqam.ca\/wp-content\/uploads\/2026\/04\/M_Proulx-5.png\" alt=\"\" class=\"wp-image-1844\" style=\"border-radius:100px\" srcset=\"https:\/\/sage.uqam.ca\/wp-content\/uploads\/2026\/04\/M_Proulx-5.png 430w, https:\/\/sage.uqam.ca\/wp-content\/uploads\/2026\/04\/M_Proulx-5-300x300.png 300w, https:\/\/sage.uqam.ca\/wp-content\/uploads\/2026\/04\/M_Proulx-5-150x150.png 150w, https:\/\/sage.uqam.ca\/wp-content\/uploads\/2026\/04\/M_Proulx-5-12x12.png 12w\" sizes=\"auto, (max-width: 430px) 100vw, 430px\" \/><\/figure>\n<\/div>\n\n\n\n<div class=\"wp-block-column is-layout-flow wp-block-column-is-layout-flow\" style=\"flex-basis:100%\">\n<h4 class=\"wp-block-heading\">Mariane Proulx<\/h4>\n\n\n\n<p class=\"adjust-text\" style=\"font-size:clamp(0.875em, 0.875rem + ((1vw - 0.2em) * 0.227), 1em);\"><strong>Programme en cours : Ma\u00eetrise &#8211; \u00e0 venir (ma\u00eetrise en ergoth\u00e9rapie, compl\u00e9t\u00e9e en 2025)<\/strong><br><strong>Research topic: <\/strong>: \u00c0 venir.<br><strong>Direction SAGE<\/strong> : M\u00e9lanie Lefran\u00e7ois (UQAM)<\/p>\n\n\n\n<p><strong>Projet SAGE <\/strong>: D\u00e9marche d&rsquo;\u00e9valuation participative des pratiques collaboratives de personnels de soutien scolaire au Qu\u00e9bec<br><strong>Membres SAGE<\/strong> : M\u00e9lanie Lefran\u00e7ois (UQAM), H\u00e9l\u00e8ne Sultan-Ta\u00efeb (UQAM), Marie Laberge (UdeM) et Marie-Eve Major (ULaval)<\/p>\n\n\n\n<p><\/p>\n<\/div>\n<\/div>\n\n\n\n<div class=\"wp-block-columns is-layout-flex wp-container-core-columns-is-layout-14a16728 wp-block-columns-is-layout-flex\" style=\"padding-top:0;padding-bottom:50px\">\n<div class=\"wp-block-column is-vertically-aligned-center has-global-padding is-content-justification-left is-layout-constrained wp-container-core-column-is-layout-c1e1402e wp-block-column-is-layout-constrained\" style=\"padding-top:0;padding-right:var(--wp--preset--spacing--30);padding-bottom:0;padding-left:0;flex-basis:150px\">\n<figure class=\"wp-block-image size-full has-custom-border is-style-default\"><img loading=\"lazy\" decoding=\"async\" width=\"1008\" height=\"1008\" src=\"https:\/\/sage.uqam.ca\/wp-content\/uploads\/2024\/03\/melani.jpeg\" alt=\"\" class=\"wp-image-955\" style=\"border-radius:100px\" srcset=\"https:\/\/sage.uqam.ca\/wp-content\/uploads\/2024\/03\/melani.jpeg 1008w, https:\/\/sage.uqam.ca\/wp-content\/uploads\/2024\/03\/melani-300x300.jpeg 300w, https:\/\/sage.uqam.ca\/wp-content\/uploads\/2024\/03\/melani-150x150.jpeg 150w, https:\/\/sage.uqam.ca\/wp-content\/uploads\/2024\/03\/melani-768x768.jpeg 768w, https:\/\/sage.uqam.ca\/wp-content\/uploads\/2024\/03\/melani-12x12.jpeg 12w\" sizes=\"auto, (max-width: 1008px) 100vw, 1008px\" \/><\/figure>\n<\/div>\n\n\n\n<div class=\"wp-block-column is-layout-flow wp-block-column-is-layout-flow\" style=\"flex-basis:100%\">\n<h4 class=\"wp-block-heading\">Melani Proulx St-Laurent<\/h4>\n\n\n\n<p class=\"adjust-text\" style=\"font-size:clamp(0.875em, 0.875rem + ((1vw - 0.2em) * 0.227), 1em);\"><strong>Programme en cours : Doctorat en relations industrielles (UQO)<\/strong><br><strong>Thesis topic:<\/strong> : \u00c9puisement professionnel en milieu carc\u00e9ral : vers une approche int\u00e9gr\u00e9e de la r\u00e9int\u00e9gration professionnelle et de la pr\u00e9vention des rechutes.<br><strong>Direction SAGE<\/strong> : Val\u00e9rie Lederer (UQO)<\/p>\n<\/div>\n<\/div>\n\n\n\n<div class=\"wp-block-columns is-layout-flex wp-container-core-columns-is-layout-14a16728 wp-block-columns-is-layout-flex\" style=\"padding-top:0;padding-bottom:50px\">\n<div class=\"wp-block-column is-vertically-aligned-center has-global-padding is-content-justification-left is-layout-constrained wp-container-core-column-is-layout-c1e1402e wp-block-column-is-layout-constrained\" style=\"padding-top:0;padding-right:var(--wp--preset--spacing--30);padding-bottom:0;padding-left:0;flex-basis:150px\">\n<figure class=\"wp-block-image size-full has-custom-border is-style-default\"><img loading=\"lazy\" decoding=\"async\" width=\"800\" height=\"800\" src=\"https:\/\/sage.uqam.ca\/wp-content\/uploads\/2024\/10\/LT.jpg\" alt=\"\" class=\"wp-image-1315\" style=\"border-radius:100px\" srcset=\"https:\/\/sage.uqam.ca\/wp-content\/uploads\/2024\/10\/LT.jpg 800w, https:\/\/sage.uqam.ca\/wp-content\/uploads\/2024\/10\/LT-300x300.jpg 300w, https:\/\/sage.uqam.ca\/wp-content\/uploads\/2024\/10\/LT-150x150.jpg 150w, https:\/\/sage.uqam.ca\/wp-content\/uploads\/2024\/10\/LT-768x768.jpg 768w, https:\/\/sage.uqam.ca\/wp-content\/uploads\/2024\/10\/LT-12x12.jpg 12w\" sizes=\"auto, (max-width: 800px) 100vw, 800px\" \/><\/figure>\n<\/div>\n\n\n\n<div class=\"wp-block-column is-layout-flow wp-block-column-is-layout-flow\" style=\"flex-basis:100%\">\n<h4 class=\"wp-block-heading\">Laurence Tchuindibi<\/h4>\n\n\n\n<p class=\"adjust-text\" style=\"font-size:clamp(0.875em, 0.875rem + ((1vw - 0.2em) * 0.227), 1em);\"><strong>Programme en cours : Postdoctorat en organisation et ressources humaines (UQAM)<\/strong><br><strong>Research topic:<\/strong> :\u00a0Recherche-action pour mod\u00e9liser les pratiques collaboratives et leurs conditions de succ\u00e8s afin de favoriser la valorisation et le bien-\u00eatre au travail du personnel de soutien scolaire au Qu\u00e9bec<br><strong>Co-directions SAGE <\/strong>: M\u00e9lanie Lefran\u00e7ois (UQAM) et H\u00e9l\u00e8ne Sultan-Ta\u00efeb (UQAM)<\/p>\n<\/div>\n<\/div>\n\n\n\n<div class=\"wp-block-columns is-layout-flex wp-container-core-columns-is-layout-14a16728 wp-block-columns-is-layout-flex\" style=\"padding-top:0;padding-bottom:50px\">\n<div class=\"wp-block-column is-vertically-aligned-center has-global-padding is-content-justification-left is-layout-constrained wp-container-core-column-is-layout-c1e1402e wp-block-column-is-layout-constrained\" style=\"padding-top:0;padding-right:var(--wp--preset--spacing--30);padding-bottom:0;padding-left:0;flex-basis:150px\">\n<figure class=\"wp-block-image size-full has-custom-border is-style-default\"><img loading=\"lazy\" decoding=\"async\" width=\"491\" height=\"491\" src=\"https:\/\/sage.uqam.ca\/wp-content\/uploads\/2024\/10\/mh_2024.jpg\" alt=\"\" class=\"wp-image-1312\" style=\"border-radius:100px\" srcset=\"https:\/\/sage.uqam.ca\/wp-content\/uploads\/2024\/10\/mh_2024.jpg 491w, https:\/\/sage.uqam.ca\/wp-content\/uploads\/2024\/10\/mh_2024-300x300.jpg 300w, https:\/\/sage.uqam.ca\/wp-content\/uploads\/2024\/10\/mh_2024-150x150.jpg 150w, https:\/\/sage.uqam.ca\/wp-content\/uploads\/2024\/10\/mh_2024-12x12.jpg 12w\" sizes=\"auto, (max-width: 491px) 100vw, 491px\" \/><\/figure>\n<\/div>\n\n\n\n<div class=\"wp-block-column is-layout-flow wp-block-column-is-layout-flow\" style=\"flex-basis:100%\">\n<h4 class=\"wp-block-heading\">Marie-H\u00e9l\u00e8ne Verville<\/h4>\n\n\n\n<p class=\"adjust-text\" style=\"font-size:clamp(0.875em, 0.875rem + ((1vw - 0.2em) * 0.227), 1em);\"><strong>Programme en cours : Doctorat en relations industrielles (UQO)<\/strong><br><strong>Thesis topic:<\/strong> :&nbsp;La qualit\u00e9 dans les services d&rsquo;aide \u00e0 domicile \u00e0 l&rsquo;\u00e9preuve du travail de soins : pour un cadre tenant compte des besoins des pr\u00e9pos\u00e9es et proches aidantes.<br><strong>Co-directions SAGE <\/strong>: Val\u00e9rie Lederer (UQO) et Anne Ren\u00e9e Gravel (T\u00c9LUQ)<\/p>\n<\/div>\n<\/div>\n\n\n\n<div class=\"wp-block-columns is-layout-flex wp-container-core-columns-is-layout-14a16728 wp-block-columns-is-layout-flex\" style=\"padding-top:0;padding-bottom:50px\">\n<div class=\"wp-block-column is-vertically-aligned-center has-global-padding is-content-justification-left is-layout-constrained wp-container-core-column-is-layout-c1e1402e wp-block-column-is-layout-constrained\" style=\"padding-top:0;padding-right:var(--wp--preset--spacing--30);padding-bottom:0;padding-left:0;flex-basis:150px\">\n<figure class=\"wp-block-image size-full has-custom-border is-style-default\"><img loading=\"lazy\" decoding=\"async\" width=\"2437\" height=\"2437\" src=\"https:\/\/sage.uqam.ca\/wp-content\/uploads\/2024\/04\/elise-1.jpeg\" alt=\"\" class=\"wp-image-1122\" style=\"border-radius:100px\" srcset=\"https:\/\/sage.uqam.ca\/wp-content\/uploads\/2024\/04\/elise-1.jpeg 2437w, https:\/\/sage.uqam.ca\/wp-content\/uploads\/2024\/04\/elise-1-300x300.jpeg 300w, https:\/\/sage.uqam.ca\/wp-content\/uploads\/2024\/04\/elise-1-1024x1024.jpeg 1024w, https:\/\/sage.uqam.ca\/wp-content\/uploads\/2024\/04\/elise-1-150x150.jpeg 150w, https:\/\/sage.uqam.ca\/wp-content\/uploads\/2024\/04\/elise-1-768x768.jpeg 768w, https:\/\/sage.uqam.ca\/wp-content\/uploads\/2024\/04\/elise-1-1536x1536.jpeg 1536w, https:\/\/sage.uqam.ca\/wp-content\/uploads\/2024\/04\/elise-1-2048x2048.jpeg 2048w, https:\/\/sage.uqam.ca\/wp-content\/uploads\/2024\/04\/elise-1-12x12.jpeg 12w\" sizes=\"auto, (max-width: 2437px) 100vw, 2437px\" \/><\/figure>\n<\/div>\n\n\n\n<div class=\"wp-block-column is-layout-flow wp-block-column-is-layout-flow\" style=\"flex-basis:100%\">\n<h4 class=\"wp-block-heading\">Elise Villeneuve<\/h4>\n\n\n\n<p class=\"adjust-text\" style=\"font-size:clamp(0.875em, 0.875rem + ((1vw - 0.2em) * 0.227), 1em);\"><strong>Programme en cours : Doctorat en administration &#8211; comportement organisationnel (UQAM)<\/strong><br><strong>Thesis topic:<\/strong>:&nbsp;L&rsquo;influence d&rsquo;une organisation du travail inclusive.<br><strong>Direction SAGE <\/strong>: M\u00e9lanie Trottier (UQAM)<\/p>\n<\/div>\n<\/div>","protected":false},"excerpt":{"rendered":"<p>B\u00e9atrice B\u00e9arez Programme en cours : Ma\u00eetrise en relations industrielles et ressources humaines (UQO)Sujet de m\u00e9moire : L&rsquo;int\u00e9gration professionnelle des personnes avec un trouble du spectre de l&rsquo;autisme : une analyse comparative des initiatives innovantes d&rsquo;\u00e9conomie sociale au Qu\u00e9bec et en France.Co-directions SAGE : Jean-Paul Dautel (UQO) et Val\u00e9rie Lederer (UQO) Myriam B\u00e9rub\u00e9 Programme en&#8230;<\/p>","protected":false},"author":2,"featured_media":0,"parent":0,"menu_order":0,"comment_status":"closed","ping_status":"closed","template":"","meta":{"footnotes":""},"class_list":["post-261","page","type-page","status-publish","hentry"],"_links":{"self":[{"href":"https:\/\/sage.uqam.ca\/en\/wp-json\/wp\/v2\/pages\/261","targetHints":{"allow":["GET"]}}],"collection":[{"href":"https:\/\/sage.uqam.ca\/en\/wp-json\/wp\/v2\/pages"}],"about":[{"href":"https:\/\/sage.uqam.ca\/en\/wp-json\/wp\/v2\/types\/page"}],"author":[{"embeddable":true,"href":"https:\/\/sage.uqam.ca\/en\/wp-json\/wp\/v2\/users\/2"}],"replies":[{"embeddable":true,"href":"https:\/\/sage.uqam.ca\/en\/wp-json\/wp\/v2\/comments?post=261"}],"version-history":[{"count":79,"href":"https:\/\/sage.uqam.ca\/en\/wp-json\/wp\/v2\/pages\/261\/revisions"}],"predecessor-version":[{"id":1848,"href":"https:\/\/sage.uqam.ca\/en\/wp-json\/wp\/v2\/pages\/261\/revisions\/1848"}],"wp:attachment":[{"href":"https:\/\/sage.uqam.ca\/en\/wp-json\/wp\/v2\/media?parent=261"}],"curies":[{"name":"wp","href":"https:\/\/api.w.org\/{rel}","templated":true}]}}