{"id":248,"date":"2023-11-09T11:49:11","date_gmt":"2023-11-09T11:49:11","guid":{"rendered":"https:\/\/sage-dev.uqam.ca\/?page_id=248"},"modified":"2023-11-09T14:19:41","modified_gmt":"2023-11-09T14:19:41","slug":"in-memoriam","status":"publish","type":"page","link":"https:\/\/sage.uqam.ca\/en\/in-memoriam\/","title":{"rendered":"In memoriam"},"content":{"rendered":"<div class=\"wp-block-group is-vertical is-content-justification-center is-layout-flex wp-container-core-group-is-layout-ce155fab wp-block-group-is-layout-flex\">\n<figure class=\"wp-block-image size-full is-resized has-custom-border\"><img loading=\"lazy\" decoding=\"async\" width=\"375\" height=\"212\" src=\"https:\/\/sage.uqam.ca\/wp-content\/uploads\/2023\/11\/katherine_lippel_0.jpg\" alt=\"\" class=\"wp-image-249\" style=\"border-style:none;border-width:0px;border-radius:100px;object-fit:cover;width:212px;height:212px\" srcset=\"https:\/\/sage.uqam.ca\/wp-content\/uploads\/2023\/11\/katherine_lippel_0.jpg 375w, https:\/\/sage.uqam.ca\/wp-content\/uploads\/2023\/11\/katherine_lippel_0-300x170.jpg 300w, https:\/\/sage.uqam.ca\/wp-content\/uploads\/2023\/11\/katherine_lippel_0-18x10.jpg 18w\" sizes=\"auto, (max-width: 375px) 100vw, 375px\" \/><\/figure>\n\n\n\n<p class=\"has-text-align-center translation-block\"><strong>Katherine Lippel<\/strong><br>1954-2021<br>Team SAGE member<br>Professor and holder of the Distinguished Chair in Occupational Health and Safety Law<\/p>\n<\/div>\n\n\n\n<p class=\"adjust-text has-small-font-size\">Pour visionner la c\u00e9r\u00e9monie en hommage \u00e0 Katherine Lippel, <a href=\"https:\/\/youtu.be\/1GH6J5ZjZ1s\">cliquez ici<\/a>.<br><br>Katherine Lippel \u00e9tait une chercheuse membre de l\u2019\u00e9quipe SAGE. Dipl\u00f4m\u00e9e au baccalaur\u00e9at (1977) et \u00e0 la ma\u00eetrise (1983) en droit de l\u2019Universit\u00e9 de Montr\u00e9al, Katherine a \u00e9t\u00e9 admise au Barreau du Qu\u00e9bec en 1978. Elle a \u00e9t\u00e9 professeure de droit au D\u00e9partement des sciences juridiques de la Facult\u00e9 de science politique et de droit de l\u2019Universit\u00e9 du Qu\u00e9bec \u00e0 Montr\u00e9al de 1982 \u00e0 2006 avant de se joindre \u00e0 l\u2019Universit\u00e9 d\u2019Ottawa, o\u00f9 elle a \u00e9t\u00e9 titulaire de la Chaire de recherche du Canada en droit de la sant\u00e9 et de la s\u00e9curit\u00e9 du travail de 2006 \u00e0 2020, puis de la Chaire \u00e9minente en droit de la sant\u00e9 et de la s\u00e9curit\u00e9 du travail.<\/p>\n\n\n\n<p class=\"adjust-text has-small-font-size\">La&nbsp;professeure&nbsp;Lippel&nbsp;a pr\u00eat\u00e9 sa voix aux travailleuses et travailleurs les plus vuln\u00e9rables tout au long de sa carri\u00e8re. Katherine \u00e9tait une sommit\u00e9 du droit du travail, et ses apports lui ont valu de nombreuses r\u00e9compenses au fil des ans. En reconnaissance de son immense contribution \u00e0 la recherche, elle a re\u00e7u en 2017 la M\u00e9daille d\u2019or du Conseil de recherche en sciences humaines du Canada (CRSH), la plus haute distinction d\u00e9cern\u00e9e par le Conseil et qui est remise \u00e0 une personne dont le \u00ab leadership, le d\u00e9vouement et l\u2019originalit\u00e9 de la pens\u00e9e inspirent aussi bien les \u00e9tudiants que ses coll\u00e8gues \u00bb. Lors de la c\u00e9r\u00e9monie de remise de la m\u00e9daille et dans les jours qui ont suivi, Katherine s\u2019\u00e9tait empress\u00e9e de rattacher cet honneur individuel au projet collectif qu\u2019elle poursuivait avec ses partenaires sociaux (organisations syndicales, groupes communautaires et de sant\u00e9 publique) et ses \u00e9tudiants pour faire avancer la recherche en droit de la sant\u00e9 et s\u00e9curit\u00e9 au travail et donner une voix \u00e0 \u00ab&nbsp;ceux et celles qui n\u2019en ont pas&nbsp;\u00bb.<\/p>\n\n\n\n<p class=\"adjust-text has-small-font-size\">Nous retiendrons de Katherine son immense g\u00e9n\u00e9rosit\u00e9 et sa bienveillance pour les travailleuses et les travailleurs les plus pr\u00e9caires, ceux et celles qui ont peu de voix pour demander un traitement juste et d\u00e9cent. Elle nous aura montr\u00e9 le chemin du combattant pour pourfendre les injustices syst\u00e9miques. D\u2019une rigueur et d\u2019une pr\u00e9cision, elle a indiscutablement fait avancer le droit et la justice sociale pour une meilleure reconnaissance de la valeur des personnes moins privil\u00e9gi\u00e9es. Femme de t\u00eate et v\u00e9ritable source d\u2019inspiration pour tellement de gens, Katherine a largement contribu\u00e9 \u00e0 la formation et au mentorat de jeunes chercheur\u00b7euse\u00b7s et ainsi, \u00e0 la transmission de son d\u00e9sir de faire avancer la recherche en sant\u00e9 et s\u00e9curit\u00e9 du travail de m\u00eame qu\u2019en d\u00e9fense des droits des travailleuses et travailleurs. Malgr\u00e9 ses innombrables implications, Katherine a toujours pris le temps de participer \u00e0 nos r\u00e9flexions et activit\u00e9s, de r\u00e9pondre \u00e0 nos questionnements et de nous soutenir dans les luttes pour am\u00e9liorer les conditions de travail qui affectent particuli\u00e8rement les travailleuses, mais aussi celles et ceux qui se retrouvent dans les conditions les plus pr\u00e9caires.<\/p>\n\n\n\n<p class=\"adjust-text has-small-font-size\">Merci Katherine. Ton soutien ind\u00e9fectible, tes judicieux conseils et ton d\u00e9vouement pour la sant\u00e9 des travailleuses et travailleurs nous manqueront, mais ta pr\u00e9sence nous habitera \u00e0 jamais. Puisses-tu continuer \u00e0 nous guider dans l\u2019am\u00e9lioration de nos m\u00e9thodes, de nos pratiques et de nos cadres conceptuels pour l\u2019am\u00e9lioration de la vie des travailleuses et travailleurs.<br><br>Tes coll\u00e8gues de l&rsquo;\u00e9quipe SAGE<\/p>","protected":false},"excerpt":{"rendered":"<p>Katherine Lippel1954-2021Membre de l\u2019\u00e9quipe SAGEProfesseure et titulaire de la Chaire de recherche du Canadaen droit de la sant\u00e9 et de la s\u00e9curit\u00e9 au travail Pour visionner la c\u00e9r\u00e9monie en hommage \u00e0 Katherine Lippel, cliquez ici. Katherine Lippel \u00e9tait une chercheuse membre de l\u2019\u00e9quipe SAGE. Dipl\u00f4m\u00e9e au baccalaur\u00e9at (1977) et \u00e0 la ma\u00eetrise (1983) en droit&#8230;<\/p>","protected":false},"author":2,"featured_media":0,"parent":0,"menu_order":0,"comment_status":"closed","ping_status":"closed","template":"","meta":{"footnotes":""},"class_list":["post-248","page","type-page","status-publish","hentry"],"_links":{"self":[{"href":"https:\/\/sage.uqam.ca\/en\/wp-json\/wp\/v2\/pages\/248","targetHints":{"allow":["GET"]}}],"collection":[{"href":"https:\/\/sage.uqam.ca\/en\/wp-json\/wp\/v2\/pages"}],"about":[{"href":"https:\/\/sage.uqam.ca\/en\/wp-json\/wp\/v2\/types\/page"}],"author":[{"embeddable":true,"href":"https:\/\/sage.uqam.ca\/en\/wp-json\/wp\/v2\/users\/2"}],"replies":[{"embeddable":true,"href":"https:\/\/sage.uqam.ca\/en\/wp-json\/wp\/v2\/comments?post=248"}],"version-history":[{"count":2,"href":"https:\/\/sage.uqam.ca\/en\/wp-json\/wp\/v2\/pages\/248\/revisions"}],"predecessor-version":[{"id":265,"href":"https:\/\/sage.uqam.ca\/en\/wp-json\/wp\/v2\/pages\/248\/revisions\/265"}],"wp:attachment":[{"href":"https:\/\/sage.uqam.ca\/en\/wp-json\/wp\/v2\/media?parent=248"}],"curies":[{"name":"wp","href":"https:\/\/api.w.org\/{rel}","templated":true}]}}