{"id":140,"date":"2023-11-01T14:25:49","date_gmt":"2023-11-01T14:25:49","guid":{"rendered":"https:\/\/sage-dev.uqam.ca\/?page_id=140"},"modified":"2025-12-18T13:57:07","modified_gmt":"2025-12-18T13:57:07","slug":"chercheur-ses","status":"publish","type":"page","link":"https:\/\/sage.uqam.ca\/en\/chercheur-ses\/","title":{"rendered":"Researchers"},"content":{"rendered":"<div class=\"wp-block-columns is-layout-flex wp-container-core-columns-is-layout-dc4c9b33 wp-block-columns-is-layout-flex\" style=\"padding-top:0;padding-bottom:0\">\n<div class=\"wp-block-column has-global-padding is-content-justification-left is-layout-constrained wp-container-core-column-is-layout-c1e1402e wp-block-column-is-layout-constrained\" style=\"padding-top:0;padding-right:var(--wp--preset--spacing--30);padding-bottom:0;padding-left:0;flex-basis:150px\">\n<figure class=\"wp-block-image size-full has-custom-border is-style-default\"><img loading=\"lazy\" decoding=\"async\" width=\"270\" height=\"270\" src=\"https:\/\/sage.uqam.ca\/wp-content\/uploads\/2023\/11\/JR.jpg\" alt=\"\" class=\"wp-image-1260\" style=\"border-radius:100px\" srcset=\"https:\/\/sage.uqam.ca\/wp-content\/uploads\/2023\/11\/JR.jpg 270w, https:\/\/sage.uqam.ca\/wp-content\/uploads\/2023\/11\/JR-150x150.jpg 150w, https:\/\/sage.uqam.ca\/wp-content\/uploads\/2023\/11\/JR-12x12.jpg 12w\" sizes=\"auto, (max-width: 270px) 100vw, 270px\" \/><\/figure>\n<\/div>\n\n\n\n<div class=\"wp-block-column is-layout-flow wp-block-column-is-layout-flow\" style=\"flex-basis:100%\">\n<h4 class=\"wp-block-heading\">Jessica Riel<\/h4>\n\n\n\n<p class=\"adjust-text has-contrast-color has-text-color\" style=\"font-size:clamp(0.875em, 0.875rem + ((1vw - 0.2em) * 0.227), 1em);\"><a href=\"https:\/\/professeurs.uqam.ca\/professeur\/riel.jessica\/\">Full professor<\/a>&nbsp;au D\u00e9partement d&rsquo;organisation et ressources humaines (ESG-UQAM)<br>Director of the FRQ-SC Interdisciplinary Work Research Team \u201cHealth-Gender-Equality\u201d (SAGE)<\/p>\n\n\n\n<p class=\"adjust-text\" style=\"font-size:clamp(0.875em, 0.875rem + ((1vw - 0.2em) * 0.227), 1em);\">La prise en compte du genre et de son influence sur l\u2019activit\u00e9 de travail est centrale dans ses recherches. Plus sp\u00e9cifiquement, ses recherches portent sur la dimension collective de travail dans une perspective de sant\u00e9 et de s\u00e9curit\u00e9 au travail, la conciliation travail-famille dans des milieux \u00e0 pr\u00e9dominance masculine, l\u2019analyse de l\u2019activit\u00e9 enseignante et la sant\u00e9 au travail des femmes dans les secteurs d\u2019emploi \u00e0 pr\u00e9dominance f\u00e9minine et masculine. Elle s\u2019int\u00e9resse \u00e9galement \u00e0 l\u2019int\u00e9gration du genre \u00e0 l\u2019analyse ergonomique du travail. <\/p>\n\n\n\n<p class=\"adjust-text\" style=\"font-size:clamp(0.875em, 0.875rem + ((1vw - 0.2em) * 0.227), 1em);\">Affiliations : <a href=\"https:\/\/cinbiose.uqam.ca\/\">CINBIOSE<\/a>,<a href=\"https:\/\/reqef.uqam.ca\/\"> R\u00e9QEF<\/a>, <a href=\"https:\/\/iss.uqam.ca\/\">ISS<\/a> et <a href=\"https:\/\/iref.uqam.ca\/\">IREF<\/a><\/p>\n<\/div>\n<\/div>\n\n\n\n<div class=\"wp-block-columns is-layout-flex wp-container-core-columns-is-layout-dc4c9b33 wp-block-columns-is-layout-flex\" style=\"padding-top:0;padding-bottom:0\">\n<div class=\"wp-block-column has-global-padding is-content-justification-left is-layout-constrained wp-container-core-column-is-layout-c1e1402e wp-block-column-is-layout-constrained\" style=\"padding-top:0;padding-right:var(--wp--preset--spacing--30);padding-bottom:0;padding-left:0;flex-basis:150px\">\n<figure class=\"wp-block-image size-full has-custom-border is-style-default\"><img loading=\"lazy\" decoding=\"async\" width=\"201\" height=\"201\" src=\"https:\/\/sage.uqam.ca\/wp-content\/uploads\/2024\/08\/genevievebg.jpg\" alt=\"\" class=\"wp-image-1258\" style=\"border-radius:100px\" srcset=\"https:\/\/sage.uqam.ca\/wp-content\/uploads\/2024\/08\/genevievebg.jpg 201w, https:\/\/sage.uqam.ca\/wp-content\/uploads\/2024\/08\/genevievebg-150x150.jpg 150w, https:\/\/sage.uqam.ca\/wp-content\/uploads\/2024\/08\/genevievebg-12x12.jpg 12w\" sizes=\"auto, (max-width: 201px) 100vw, 201px\" \/><\/figure>\n<\/div>\n\n\n\n<div class=\"wp-block-column is-layout-flow wp-block-column-is-layout-flow\" style=\"flex-basis:100%\">\n<h4 class=\"wp-block-heading\">Genevi\u00e8ve Baril-Gingras<\/h4>\n\n\n\n<p class=\"adjust-text\" style=\"font-size:clamp(0.875em, 0.875rem + ((1vw - 0.2em) * 0.227), 1em);\"><a href=\"https:\/\/www.fss.ulaval.ca\/notre-faculte\/repertoire-du-personnel\/genevieve-baril-gingras\">Full professor<\/a> au D\u00e9partement des relations industrielles (ULaval)<\/p>\n\n\n\n<p class=\"adjust-text\" style=\"font-size:clamp(0.875em, 0.875rem + ((1vw - 0.2em) * 0.227), 1em);\">Elle d\u00e9tient une ma\u00eetrise en ergonomie (UQAM 1992) et un doctorat en sciences de l&rsquo;administration (ULaval 2003). Elle a agi comme conseill\u00e8re en pr\u00e9vention et ergonome durant une dizaine d&rsquo;ann\u00e9es, avant de compl\u00e9ter une th\u00e8se portait sur les conditions et processus menant \u00e0 des changements visant la pr\u00e9vention, \u00e0 l&rsquo;occasion d&rsquo;interventions externes en sant\u00e9 et s\u00e9curit\u00e9 du travail. Elle est professeure \u00e0 l&rsquo;Universit\u00e9 Laval depuis 2002 et est rattach\u00e9e au D\u00e9partement des relations industrielles depuis 2005. Elle m\u00e8ne des recherches sur les politiques publiques et l&rsquo;action syndicale dans le domaine de la sant\u00e9 et la s\u00e9curit\u00e9 du travail. <\/p>\n\n\n\n<p class=\"adjust-text\" style=\"font-size:clamp(0.875em, 0.875rem + ((1vw - 0.2em) * 0.227), 1em);\">Affiliations : <a href=\"https:\/\/www.inspq.qc.ca\/gstms\">GS-TMS de l&rsquo;INSPQ<\/a> et <a href=\"http:\/\/www.crimt.net\/\">CRIMT<\/a><\/p>\n<\/div>\n<\/div>\n\n\n\n<div class=\"wp-block-columns is-layout-flex wp-container-core-columns-is-layout-dc4c9b33 wp-block-columns-is-layout-flex\" style=\"padding-top:0;padding-bottom:0\">\n<div class=\"wp-block-column has-global-padding is-content-justification-left is-layout-constrained wp-container-core-column-is-layout-c1e1402e wp-block-column-is-layout-constrained\" style=\"padding-top:0;padding-right:var(--wp--preset--spacing--30);padding-bottom:0;padding-left:0;flex-basis:150px\">\n<figure class=\"wp-block-image size-full has-custom-border is-style-default\"><img loading=\"lazy\" decoding=\"async\" width=\"270\" height=\"270\" src=\"https:\/\/sage.uqam.ca\/wp-content\/uploads\/2024\/08\/steph.jpg\" alt=\"\" class=\"wp-image-1259\" style=\"border-radius:100px\" srcset=\"https:\/\/sage.uqam.ca\/wp-content\/uploads\/2024\/08\/steph.jpg 270w, https:\/\/sage.uqam.ca\/wp-content\/uploads\/2024\/08\/steph-150x150.jpg 150w, https:\/\/sage.uqam.ca\/wp-content\/uploads\/2024\/08\/steph-12x12.jpg 12w\" sizes=\"auto, (max-width: 270px) 100vw, 270px\" \/><\/figure>\n<\/div>\n\n\n\n<div class=\"wp-block-column is-layout-flow wp-block-column-is-layout-flow\" style=\"flex-basis:100%\">\n<h4 class=\"wp-block-heading\">St\u00e9phanie Bernstein<\/h4>\n\n\n\n<p class=\"adjust-text\" style=\"font-size:clamp(0.875em, 0.875rem + ((1vw - 0.2em) * 0.227), 1em);\"><a href=\"https:\/\/juris.uqam.ca\/equipe-enseignante\/professeurs-reguliers\/professeur\/bernstein.stephanie\/\">Professeure associ\u00e9e<\/a> at the Department of Legal Sciences (UQAM)<br>Advocatus emeritus Member of the Bar of Quebec<\/p>\n\n\n\n<p class=\"adjust-text\" style=\"font-size:clamp(0.875em, 0.875rem + ((1vw - 0.2em) * 0.227), 1em);\">Ses champs de recherche et d\u2019enseignement sont concentr\u00e9s sur la r\u00e9gulation juridique nationale, internationale et compar\u00e9e du travail. Elle participe depuis pr\u00e8s de 20 ans \u00e0 la recherche multidisciplinaire sur la pr\u00e9carisation du travail, notamment reli\u00e9e aux formes de travail dites&nbsp;\u00ab atypiques \u00bb, au travail du&nbsp;<em>care<\/em>, au travail migrant temporaire et au conflit travail-famille. Les axes de recherche qu\u2019elle a privil\u00e9gi\u00e9s \u00e0 ce jour convergent dans le pr\u00e9sent projet, lequel permet d\u2019approfondir l\u2019analyse des liens entre les politiques publiques, la s\u00e9gr\u00e9gation bas\u00e9e sur le sexe\/genre et sur le fait d\u2019appartenir \u00e0 un groupe racis\u00e9, et la situation des diff\u00e9rentes cat\u00e9gories de travailleuses et travailleurs en situation de pr\u00e9carit\u00e9. <\/p>\n\n\n\n<p class=\"adjust-text\" style=\"font-size:clamp(0.875em, 0.875rem + ((1vw - 0.2em) * 0.227), 1em);\">Affiliations : <a href=\"https:\/\/cinbiose.uqam.ca\/\">CINBIOSE<\/a>,<a href=\"http:\/\/www.crimt.net\/\"> CRIMT<\/a> et <a href=\"http:\/\/chairerp.uqam.ca\/\">CM\u00c9RP<\/a><\/p>\n<\/div>\n\n\n\n<div class=\"wp-block-column is-layout-flow wp-block-column-is-layout-flow\"><\/div>\n<\/div>\n\n\n\n<div class=\"wp-block-columns is-layout-flex wp-container-core-columns-is-layout-dc4c9b33 wp-block-columns-is-layout-flex\" style=\"padding-top:0;padding-bottom:0\">\n<div class=\"wp-block-column has-global-padding is-content-justification-left is-layout-constrained wp-container-core-column-is-layout-c1e1402e wp-block-column-is-layout-constrained\" style=\"padding-top:0;padding-right:var(--wp--preset--spacing--30);padding-bottom:0;padding-left:0;flex-basis:150px\">\n<figure class=\"wp-block-image size-full has-custom-border is-style-default\"><img loading=\"lazy\" decoding=\"async\" width=\"320\" height=\"329\" src=\"https:\/\/sage.uqam.ca\/wp-content\/uploads\/2024\/11\/louise_boivin.png\" alt=\"\" class=\"wp-image-1353\" style=\"border-radius:100px\" srcset=\"https:\/\/sage.uqam.ca\/wp-content\/uploads\/2024\/11\/louise_boivin.png 320w, https:\/\/sage.uqam.ca\/wp-content\/uploads\/2024\/11\/louise_boivin-292x300.png 292w, https:\/\/sage.uqam.ca\/wp-content\/uploads\/2024\/11\/louise_boivin-12x12.png 12w\" sizes=\"auto, (max-width: 320px) 100vw, 320px\" \/><\/figure>\n<\/div>\n\n\n\n<div class=\"wp-block-column is-layout-flow wp-block-column-is-layout-flow\" style=\"flex-basis:100%\">\n<h4 class=\"wp-block-heading\">Louise Boivin<\/h4>\n\n\n\n<p><a href=\"https:\/\/cdeacf.ca\/reqef\/experta\/fiche\/boivin-louise\">Professeure associ\u00e9e<\/a> au D\u00e9partement de relations industrielles (UQO)<br>Chercheuse associ\u00e9e de l&rsquo;\u00e9quipe SAGE<\/p>\n\n\n\n<p class=\"adjust-text\" style=\"font-size:clamp(0.875em, 0.875rem + ((1vw - 0.2em) * 0.227), 1em);\">Elle est professeure associ\u00e9e au d\u00e9partement de relations industrielles de l\u2019UQO, apr\u00e8s y avoir \u00e9t\u00e9 professeure r\u00e9guli\u00e8re pendant dix ans. Elle m\u00e8ne depuis une vingtaine d\u2019ann\u00e9es des recherches sur la pr\u00e9carisation du travail, ses divisions sociales (genre, classe, racisation, statut d\u2019immigration) ainsi que la repr\u00e9sentation collective, en particulier dans les services d\u2019aide \u00e0 domicile et d\u2019h\u00e9bergement de longue dur\u00e9e. Elle publie ou contribue \u00e0 des publications scientifiques et prononce r\u00e9guli\u00e8rement des conf\u00e9rences pour des organisations syndicales et communautaires sur ces sujets.<\/p>\n\n\n\n<p class=\"adjust-text\" style=\"font-size:clamp(0.875em, 0.875rem + ((1vw - 0.2em) * 0.227), 1em);\">Affiliations&nbsp;: <a href=\"https:\/\/www.creatas-quebec.org\/\">CREATAS<\/a>, <a href=\"http:\/\/www.crimt.net\/\">CRIMT<\/a>, <a href=\"https:\/\/reqef.uqam.ca\/\">R\u00e9QEF<\/a>, <a href=\"https:\/\/www.mcgill.ca\/lldrl\/fr\">LLDRL<\/a>, <a href=\"https:\/\/iris-recherche.qc.ca\/\">IRIS<\/a><\/p>\n<\/div>\n\n\n\n<div class=\"wp-block-column is-layout-flow wp-block-column-is-layout-flow\"><\/div>\n<\/div>\n\n\n\n<div class=\"wp-block-columns is-layout-flex wp-container-core-columns-is-layout-dc4c9b33 wp-block-columns-is-layout-flex\" style=\"padding-top:0;padding-bottom:0\">\n<div class=\"wp-block-column has-global-padding is-content-justification-left is-layout-constrained wp-container-core-column-is-layout-c1e1402e wp-block-column-is-layout-constrained\" style=\"padding-top:0;padding-right:var(--wp--preset--spacing--30);padding-bottom:0;padding-left:0;flex-basis:150px\">\n<figure class=\"wp-block-image size-full has-custom-border is-style-default\"><img loading=\"lazy\" decoding=\"async\" width=\"270\" height=\"270\" src=\"https:\/\/sage.uqam.ca\/wp-content\/uploads\/2024\/08\/rachel.jpg\" alt=\"\" class=\"wp-image-1263\" style=\"border-radius:100px\" srcset=\"https:\/\/sage.uqam.ca\/wp-content\/uploads\/2024\/08\/rachel.jpg 270w, https:\/\/sage.uqam.ca\/wp-content\/uploads\/2024\/08\/rachel-150x150.jpg 150w, https:\/\/sage.uqam.ca\/wp-content\/uploads\/2024\/08\/rachel-12x12.jpg 12w\" sizes=\"auto, (max-width: 270px) 100vw, 270px\" \/><\/figure>\n<\/div>\n\n\n\n<div class=\"wp-block-column is-layout-flow wp-block-column-is-layout-flow\" style=\"flex-basis:100%\">\n<h4 class=\"wp-block-heading\">Rachel Cox<\/h4>\n\n\n\n<p class=\"adjust-text\" style=\"font-size:clamp(0.875em, 0.875rem + ((1vw - 0.2em) * 0.227), 1em);\"><a href=\"http:\/\/professeurs.uqam.ca\/component\/savrepertoireprofesseurs\/ficheProfesseur?mId=onewrnwVIIY_\">Professor<\/a>&nbsp;at the Department of Legal Sciences (UQAM)<br>Member of the Bar of Quebec<br>Director of the 1st area&nbsp;<\/p>\n\n\n\n<p class=\"adjust-text\" style=\"font-size:clamp(0.875em, 0.875rem + ((1vw - 0.2em) * 0.227), 1em);\">Elle privil\u00e9gie des recherches interdisciplinaires en partenariat avec les syndicats, les groupes de femmes et les groupes communautaires. Elle prononce r\u00e9guli\u00e8rement des conf\u00e9rences scientifiques au sujet de la sant\u00e9 et de la s\u00e9curit\u00e9 et du droit \u00e0 l\u2019\u00e9galit\u00e9 au travail, notamment sur le harc\u00e8lement, et ce, tant \u00e0 l\u2019\u00e9chelle nationale qu\u2019internationale. Elle est l\u2019auteure de plusieurs publications dans le domaine du droit de la sant\u00e9 et la s\u00e9curit\u00e9 du travail et des droits de la personne. <\/p>\n\n\n\n<p class=\"adjust-text\" style=\"font-size:clamp(0.875em, 0.875rem + ((1vw - 0.2em) * 0.227), 1em);\">Affiliations : <a href=\"https:\/\/reqef.uqam.ca\/\">R\u00e9QEF<\/a>, <a href=\"http:\/\/www.crimt.net\/\">CRIMT<\/a>, <a href=\"https:\/\/cinbiose.uqam.ca\/\">CINBIOSE<\/a> et <a href=\"https:\/\/iss.uqam.ca\/\">ISS<\/a><\/p>\n<\/div>\n<\/div>\n\n\n\n<div class=\"wp-block-columns is-layout-flex wp-container-core-columns-is-layout-dc4c9b33 wp-block-columns-is-layout-flex\" style=\"padding-top:0;padding-bottom:0\">\n<div class=\"wp-block-column has-global-padding is-content-justification-left is-layout-constrained wp-container-core-column-is-layout-c1e1402e wp-block-column-is-layout-constrained\" style=\"padding-top:0;padding-right:var(--wp--preset--spacing--30);padding-bottom:0;padding-left:0;flex-basis:150px\">\n<figure class=\"wp-block-image size-full has-custom-border is-style-default\"><img loading=\"lazy\" decoding=\"async\" width=\"239\" height=\"239\" src=\"https:\/\/sage.uqam.ca\/wp-content\/uploads\/2024\/08\/jpd-2.jpg\" alt=\"\" class=\"wp-image-1267\" style=\"border-radius:100px\" srcset=\"https:\/\/sage.uqam.ca\/wp-content\/uploads\/2024\/08\/jpd-2.jpg 239w, https:\/\/sage.uqam.ca\/wp-content\/uploads\/2024\/08\/jpd-2-150x150.jpg 150w, https:\/\/sage.uqam.ca\/wp-content\/uploads\/2024\/08\/jpd-2-12x12.jpg 12w\" sizes=\"auto, (max-width: 239px) 100vw, 239px\" \/><\/figure>\n<\/div>\n\n\n\n<div class=\"wp-block-column is-layout-flow wp-block-column-is-layout-flow\" style=\"flex-basis:100%\">\n<h4 class=\"wp-block-heading\">Jean-Paul Dautel<\/h4>\n\n\n\n<p><a href=\"https:\/\/uqo.ca\/profil\/dautje01\">Professor<\/a> au D\u00e9partement de relations industrielles (UQO)<br>Member of the Bar of Quebec<br>Co-responsable de l\u2019axe 1&nbsp;<\/p>\n\n\n\n<p class=\"adjust-text\" style=\"font-size:clamp(0.875em, 0.875rem + ((1vw - 0.2em) * 0.227), 1em);\">His doctoral research (completed in 2022) focused on how French and Quebec law organize and contribute to the professional integration and retention of workers with mental health disorders. His thesis received the Anthony Mainguen\u00e9-CIECST Foundation Thesis Award.<\/p>\n\n\n\n<p class=\"adjust-text\" style=\"font-size:clamp(0.875em, 0.875rem + ((1vw - 0.2em) * 0.227), 1em);\">Ses recherches actuelles envisagent la question de l\u2019effectivit\u00e9 du droit en mati\u00e8re de pr\u00e9vention des atteintes \u00e0 la sant\u00e9 mentale au travail, la participation des organisations syndicales dans ce cadre, la coconstruction de programmes de pr\u00e9vention des risques psychosociaux en milieu de travail et la participation de diff\u00e9rents acteurs (incluant ceux issus du milieu communautaire) dans le retour au travail apr\u00e8s un probl\u00e8me de sant\u00e9 mentale. <\/p>\n\n\n\n<p class=\"adjust-text\" style=\"font-size:clamp(0.875em, 0.875rem + ((1vw - 0.2em) * 0.227), 1em);\">Affiliation : <a href=\"https:\/\/www.crimt.net\/\">CRIMT<\/a><\/p>\n<\/div>\n<\/div>\n\n\n\n<div class=\"wp-block-columns is-layout-flex wp-container-core-columns-is-layout-dc4c9b33 wp-block-columns-is-layout-flex\" style=\"padding-top:0;padding-bottom:0\">\n<div class=\"wp-block-column has-global-padding is-content-justification-left is-layout-constrained wp-container-core-column-is-layout-c1e1402e wp-block-column-is-layout-constrained\" style=\"padding-top:0;padding-right:var(--wp--preset--spacing--30);padding-bottom:0;padding-left:0;flex-basis:150px\">\n<figure class=\"wp-block-image size-full has-custom-border is-style-default\"><img loading=\"lazy\" decoding=\"async\" width=\"181\" height=\"181\" src=\"https:\/\/sage.uqam.ca\/wp-content\/uploads\/2025\/03\/Dalia.jpg\" alt=\"\" class=\"wp-image-1537\" style=\"border-radius:100px\" srcset=\"https:\/\/sage.uqam.ca\/wp-content\/uploads\/2025\/03\/Dalia.jpg 181w, https:\/\/sage.uqam.ca\/wp-content\/uploads\/2025\/03\/Dalia-150x150.jpg 150w, https:\/\/sage.uqam.ca\/wp-content\/uploads\/2025\/03\/Dalia-12x12.jpg 12w\" sizes=\"auto, (max-width: 181px) 100vw, 181px\" \/><\/figure>\n<\/div>\n\n\n\n<div class=\"wp-block-column is-layout-flow wp-block-column-is-layout-flow\" style=\"flex-basis:100%\">\n<h4 class=\"wp-block-heading\">Dalia Gesualdi-Fecteau<\/h4>\n\n\n\n<p><a href=\"https:\/\/recherche.umontreal.ca\/english\/our-researchers\/professors-directory\/researcher\/is\/in35487\/\">Full professor<\/a>&nbsp;\u00e0 l&rsquo;\u00c9cole de relations industrielles&nbsp;(UdeM)<br>Member of the Bar of Quebec<\/p>\n\n\n\n<p class=\"adjust-text\" style=\"font-size:clamp(0.875em, 0.875rem + ((1vw - 0.2em) * 0.227), 1em);\">Dans le cadre de ses recherches, elle s\u2019int\u00e9resse \u00e0 l\u2019effectivit\u00e9 des normes minimales d\u2019emploi, aux clauses de disparit\u00e9s de traitement et \u00e0 la notion d\u2019\u00e9galit\u00e9 de traitement ainsi qu\u2019aux nouvelles formes d\u2019emploi. Ses r\u00e9centes publications portent sur l\u2019usage par les travailleurs \u00e9trangers temporaires des protections pr\u00e9vues par le droit du travail ainsi que sur l\u2019encadrement juridique de la porosit\u00e9 des fronti\u00e8res entre le temps de travail et le temps hors travail. Elle est associ\u00e9e au projet Acc\u00e8s au droit et \u00e0 la justice, au sein duquel elle est responsable du chantier portant sur les co\u00fbts humains et financiers de la justice. <\/p>\n\n\n\n<p class=\"adjust-text\" style=\"font-size:clamp(0.875em, 0.875rem + ((1vw - 0.2em) * 0.227), 1em);\">Affiliation : <a href=\"http:\/\/www.crimt.net\/\">CRIMT<\/a><\/p>\n<\/div>\n<\/div>\n\n\n\n<div class=\"wp-block-columns is-layout-flex wp-container-core-columns-is-layout-dc4c9b33 wp-block-columns-is-layout-flex\" style=\"padding-top:0;padding-bottom:0\">\n<div class=\"wp-block-column has-global-padding is-content-justification-left is-layout-constrained wp-container-core-column-is-layout-c1e1402e wp-block-column-is-layout-constrained\" style=\"padding-top:0;padding-right:var(--wp--preset--spacing--30);padding-bottom:0;padding-left:0;flex-basis:150px\">\n<figure class=\"wp-block-image size-full has-custom-border is-style-default\"><img loading=\"lazy\" decoding=\"async\" width=\"447\" height=\"447\" src=\"https:\/\/sage.uqam.ca\/wp-content\/uploads\/2025\/12\/mahee-1.png\" alt=\"\" class=\"wp-image-1805\" style=\"border-radius:100px\" srcset=\"https:\/\/sage.uqam.ca\/wp-content\/uploads\/2025\/12\/mahee-1.png 447w, https:\/\/sage.uqam.ca\/wp-content\/uploads\/2025\/12\/mahee-1-300x300.png 300w, https:\/\/sage.uqam.ca\/wp-content\/uploads\/2025\/12\/mahee-1-150x150.png 150w, https:\/\/sage.uqam.ca\/wp-content\/uploads\/2025\/12\/mahee-1-12x12.png 12w\" sizes=\"auto, (max-width: 447px) 100vw, 447px\" \/><\/figure>\n<\/div>\n\n\n\n<div class=\"wp-block-column is-layout-flow wp-block-column-is-layout-flow\" style=\"flex-basis:100%\">\n<h4 class=\"wp-block-heading\">Mah\u00e9e Gilbert-Ouimet<\/h4>\n\n\n\n<p class=\"adjust-text\" style=\"font-size:clamp(0.875em, 0.875rem + ((1vw - 0.2em) * 0.227), 1em);\"><a href=\"https:\/\/www.uqar.ca\/professeurs\/gilbert-ouimet-mahee\/\">Full professor<\/a> au D\u00e9partement des sciences de la sant\u00e9 (UQAR)<\/p>\n\n\n\n<p class=\"adjust-text\" style=\"font-size:clamp(0.875em, 0.875rem + ((1vw - 0.2em) * 0.227), 1em);\">D\u00e9tentrice d&rsquo;un doctorat en \u00e9pid\u00e9miologie, ses recherches visent principalement \u00e0 mieux comprendre les effets des risques psychosociaux du travail sur le bien-\u00eatre et la sant\u00e9 des travailleuses et des travailleurs, en tenant compte du sexe et du genre, ainsi qu\u2019\u00e0 \u00e9valuer les processus et le potentiel d\u2019interventions organisationnelles visant \u00e0 les r\u00e9duire. Dans un contexte o\u00f9 la pr\u00e9vention de ces risques constitue d\u00e9sormais une obligation l\u00e9gale au Qu\u00e9bec, elle accompagne \u00e9galement les milieux de travail par la conception et l\u2019\u00e9valuation d\u2019outils pratiques, scientifiques et adapt\u00e9s \u00e0 leurs besoins, dans le cadre de d\u00e9marches participatives.<\/p>\n\n\n\n<p class=\"adjust-text\" style=\"font-size:clamp(0.875em, 0.875rem + ((1vw - 0.2em) * 0.227), 1em);\">Affiliations : <a href=\"https:\/\/www.crchudequebec.ulaval.ca\/\">Centre de recherche du CHU de Qu\u00e9bec<\/a>, <a href=\"https:\/\/vitam.ulaval.ca\/\">Centre de recherche VITAM en sant\u00e9 durable<\/a>, <a href=\"https:\/\/www.cisssca.com\/recherche-et-enseignement\/centre-de-recherche-du-cisss-de-chaudiere-appalaches\/notre-centre-de-recherche\">Centre de recherche du CISSS de Chaudi\u00e8re-Appalaches<\/a>, <a href=\"https:\/\/cares.inrs.ca\/\">R\u00e9seau Communaut\u00e9 rurales et \u00e9loign\u00e9es en sant\u00e9 (CARES)<\/a> et <a href=\"https:\/\/www.iwh.on.ca\/\">Institute for Work &amp; Health<\/a><\/p>\n<\/div>\n<\/div>\n\n\n\n<div class=\"wp-block-columns is-layout-flex wp-container-core-columns-is-layout-dc4c9b33 wp-block-columns-is-layout-flex\" style=\"padding-top:0;padding-bottom:0\">\n<div class=\"wp-block-column has-global-padding is-content-justification-left is-layout-constrained wp-container-core-column-is-layout-c1e1402e wp-block-column-is-layout-constrained\" style=\"padding-top:0;padding-right:var(--wp--preset--spacing--30);padding-bottom:0;padding-left:0;flex-basis:150px\">\n<figure class=\"wp-block-image size-full has-custom-border is-style-default\"><img loading=\"lazy\" decoding=\"async\" width=\"1124\" height=\"1124\" src=\"https:\/\/sage.uqam.ca\/wp-content\/uploads\/2025\/03\/ARG.jpg\" alt=\"\" class=\"wp-image-1543\" style=\"border-radius:100px\" srcset=\"https:\/\/sage.uqam.ca\/wp-content\/uploads\/2025\/03\/ARG.jpg 1124w, https:\/\/sage.uqam.ca\/wp-content\/uploads\/2025\/03\/ARG-300x300.jpg 300w, https:\/\/sage.uqam.ca\/wp-content\/uploads\/2025\/03\/ARG-1024x1024.jpg 1024w, https:\/\/sage.uqam.ca\/wp-content\/uploads\/2025\/03\/ARG-150x150.jpg 150w, https:\/\/sage.uqam.ca\/wp-content\/uploads\/2025\/03\/ARG-768x768.jpg 768w, https:\/\/sage.uqam.ca\/wp-content\/uploads\/2025\/03\/ARG-12x12.jpg 12w\" sizes=\"auto, (max-width: 1124px) 100vw, 1124px\" \/><\/figure>\n<\/div>\n\n\n\n<div class=\"wp-block-column is-layout-flow wp-block-column-is-layout-flow\" style=\"flex-basis:100%\">\n<h4 class=\"wp-block-heading\">Anne Ren\u00e9e Gravel<\/h4>\n\n\n\n<p class=\"adjust-text\" style=\"font-size:clamp(0.875em, 0.875rem + ((1vw - 0.2em) * 0.227), 1em);\"><a href=\"https:\/\/www.teluq.ca\/siteweb\/univ\/agravel.html\">Professor<\/a> \u00e0 l\u2019\u00c9cole des sciences de l\u2019administration (T\u00c9LUQ)<\/p>\n\n\n\n<p class=\"adjust-text\" style=\"font-size:clamp(0.875em, 0.875rem + ((1vw - 0.2em) * 0.227), 1em);\">Elle adopte une perspective analytique f\u00e9ministe dans ses recherches et porte un int\u00e9r\u00eat particulier au travail des femmes. Elle est la premi\u00e8re auteure du livre :&nbsp;<em>Les centres de la petite enfance. Un mode de gestion f\u00e9ministe en transformation <\/em>publi\u00e9 aux Presses de l&rsquo;Universit\u00e9 du Qu\u00e9bec. Ses r\u00e9cents travaux de recherche sur la sant\u00e9 et la s\u00e9curit\u00e9 du travail s&rsquo;int\u00e9ressent \u00e0 l&rsquo;application du droit de retrait pr\u00e9ventif de la travailleuse enceinte dans les centres hospitaliers. <\/p>\n\n\n\n<p class=\"adjust-text\" style=\"font-size:clamp(0.875em, 0.875rem + ((1vw - 0.2em) * 0.227), 1em);\">Affiliations : <a href=\"http:\/\/www.remest.ca\/\">REMEST<\/a>, <a href=\"https:\/\/cinbiose.uqam.ca\/\">CINBIOSE<\/a> et <a href=\"https:\/\/reqef.uqam.ca\/\">R\u00e9QEF<\/a><\/p>\n<\/div>\n<\/div>\n\n\n\n<div class=\"wp-block-columns is-layout-flex wp-container-core-columns-is-layout-dc4c9b33 wp-block-columns-is-layout-flex\" style=\"padding-top:0;padding-bottom:0\">\n<div class=\"wp-block-column has-global-padding is-content-justification-left is-layout-constrained wp-container-core-column-is-layout-c1e1402e wp-block-column-is-layout-constrained\" style=\"padding-top:0;padding-right:var(--wp--preset--spacing--30);padding-bottom:0;padding-left:0;flex-basis:150px\"><div class=\"gb-container gb-container-8bc9981a is-style-default\">\n\n<div class=\"wp-block-columns is-layout-flex wp-container-core-columns-is-layout-28f84493 wp-block-columns-is-layout-flex\">\n<div class=\"wp-block-column is-layout-flow wp-block-column-is-layout-flow\" style=\"flex-basis:100%\">\n<div class=\"wp-block-group is-vertical is-layout-flex wp-container-core-group-is-layout-fe9cc265 wp-block-group-is-layout-flex\">\n<figure class=\"wp-block-image size-full is-style-rounded\"><img loading=\"lazy\" decoding=\"async\" width=\"264\" height=\"264\" src=\"https:\/\/sage.uqam.ca\/wp-content\/uploads\/2024\/08\/ML.jpg\" alt=\"\" class=\"wp-image-1271\" srcset=\"https:\/\/sage.uqam.ca\/wp-content\/uploads\/2024\/08\/ML.jpg 264w, https:\/\/sage.uqam.ca\/wp-content\/uploads\/2024\/08\/ML-150x150.jpg 150w, https:\/\/sage.uqam.ca\/wp-content\/uploads\/2024\/08\/ML-12x12.jpg 12w\" sizes=\"auto, (max-width: 264px) 100vw, 264px\" \/><\/figure>\n<\/div>\n<\/div>\n<\/div>\n\n<\/div><\/div>\n\n\n\n<div class=\"wp-block-column is-layout-flow wp-block-column-is-layout-flow\" style=\"flex-basis:100%\">\n<h4 class=\"wp-block-heading\">Marie Laberge<\/h4>\n\n\n\n<p class=\"adjust-text\" style=\"font-size:clamp(0.875em, 0.875rem + ((1vw - 0.2em) * 0.227), 1em);\"><a href=\"https:\/\/readaptation.umontreal.ca\/recherche\/professeurs-chercheurs\/marie-laberge-ph-d-2\/\">Full professor<\/a> \u00e0 l\u2019\u00c9cole de r\u00e9adaptation (UdeM)<br>Responsable de l\u2019\u00e9quipe <a href=\"http:\/\/equipegeste.org\">GESTE &#8211; pour le partage des connaissances (Genre \u00c9quit\u00e9 Sant\u00e9 Travail Environnement)<\/a><\/p>\n\n\n\n<p class=\"adjust-text\" style=\"font-size:clamp(0.875em, 0.875rem + ((1vw - 0.2em) * 0.227), 1em);\">Ses recherches portent sur le d\u00e9veloppement d\u2019interventions de pr\u00e9vention de l\u2019incapacit\u00e9 de travail aupr\u00e8s des adolescent.es qui \u00e9prouvent des difficult\u00e9s d\u2019apprentissage et qui sont en transition vers le monde du travail. Elle s\u2019int\u00e9resse \u00e9galement \u00e0 la prise en compte du sexe et du genre dans les recherches-intervention en sant\u00e9 au travail. <\/p>\n\n\n\n<p class=\"adjust-text\" style=\"font-size:clamp(0.875em, 0.875rem + ((1vw - 0.2em) * 0.227), 1em);\">Affiliations : <a href=\"https:\/\/recherche.chusj.org\/en\/Axes-de-recherche\/Bio?id=78fcb4a9-7b94-4374-9873-a758efd840b5\">Centre de recherche du CHU Sainte-Justine<\/a>, <a href=\"https:\/\/repar.ca\/\">REPAR<\/a>, <a href=\"http:\/\/www.inspq.qc.ca\/gstms\">GS-TMS&nbsp;de l&rsquo;INSPQ<\/a>, <a href=\"https:\/\/cinbiose.uqam.ca\/\">CINBIOSE<\/a> et <a href=\"https:\/\/iss.uqam.ca\/\">ISS<\/a>.<\/p>\n<\/div>\n<\/div>\n\n\n\n<div class=\"wp-block-columns is-layout-flex wp-container-core-columns-is-layout-dc4c9b33 wp-block-columns-is-layout-flex\" style=\"padding-top:0;padding-bottom:0\">\n<div class=\"wp-block-column has-global-padding is-content-justification-left is-layout-constrained wp-container-core-column-is-layout-c1e1402e wp-block-column-is-layout-constrained\" style=\"padding-top:0;padding-right:var(--wp--preset--spacing--30);padding-bottom:0;padding-left:0;flex-basis:150px\">\n<figure class=\"wp-block-image size-full has-custom-border is-style-default\"><img loading=\"lazy\" decoding=\"async\" width=\"200\" height=\"200\" src=\"https:\/\/sage.uqam.ca\/wp-content\/uploads\/2024\/07\/valeriel.jpeg\" alt=\"\" class=\"wp-image-1205\" style=\"border-radius:100px\" srcset=\"https:\/\/sage.uqam.ca\/wp-content\/uploads\/2024\/07\/valeriel.jpeg 200w, https:\/\/sage.uqam.ca\/wp-content\/uploads\/2024\/07\/valeriel-150x150.jpeg 150w, https:\/\/sage.uqam.ca\/wp-content\/uploads\/2024\/07\/valeriel-12x12.jpeg 12w\" sizes=\"auto, (max-width: 200px) 100vw, 200px\" \/><\/figure>\n<\/div>\n\n\n\n<div class=\"wp-block-column is-layout-flow wp-block-column-is-layout-flow\" style=\"flex-basis:100%\">\n<h4 class=\"wp-block-heading\">Val\u00e9rie Lederer<\/h4>\n\n\n\n<p class=\"adjust-text\" style=\"font-size:clamp(0.875em, 0.875rem + ((1vw - 0.2em) * 0.227), 1em);\"><a href=\"https:\/\/uqo.ca\/profil\/ledeva01\">Professor<\/a>&nbsp;au D\u00e9partement de relations industrielles (UQO)<br>Director of the 3rd area&nbsp;<\/p>\n\n\n\n<p class=\"adjust-text\" style=\"font-size:clamp(0.875em, 0.875rem + ((1vw - 0.2em) * 0.227), 1em);\">Ses recherches portent sur les d\u00e9terminants de l\u2019incapacit\u00e9 prolong\u00e9e au travail, l\u2019influence du sexe\/genre sur le processus d\u2019incapacit\u00e9 et les enjeux li\u00e9s au retour\/maintien en emploi de populations vuln\u00e9rables (populations vieillissantes et\/ou issues de l\u2019immigration r\u00e9cente) et l\u2019\u00e9valuation de programme de r\u00e9adaptation au travail. Sur le plan m\u00e9thodologique, elle s\u2019int\u00e9resse au d\u00e9veloppement de m\u00e9thodes de recherche mixtes, aux recensions d\u2019\u00e9crits complexes int\u00e9grant les r\u00e9sultats d\u2019\u00e9tudes quantitatives, qualitatives et mixtes et au d\u00e9veloppement d\u2019outils permettant d\u2019am\u00e9liorer la d\u00e9tection et la prise en compte d\u2019effets de sexe\/genre en recherche. <\/p>\n\n\n\n<p class=\"adjust-text\" style=\"font-size:clamp(0.875em, 0.875rem + ((1vw - 0.2em) * 0.227), 1em);\">Affiliations : <a href=\"https:\/\/repar.ca\/\">REPAR<\/a> et <a href=\"https:\/\/uqo.ca\/erts\/propos-lequipe\">ERTS<\/a><\/p>\n<\/div>\n<\/div>\n\n\n\n<div class=\"wp-block-columns is-layout-flex wp-container-core-columns-is-layout-dc4c9b33 wp-block-columns-is-layout-flex\" style=\"padding-top:0;padding-bottom:0\">\n<div class=\"wp-block-column has-global-padding is-content-justification-left is-layout-constrained wp-container-core-column-is-layout-c1e1402e wp-block-column-is-layout-constrained\" style=\"padding-top:0;padding-right:var(--wp--preset--spacing--30);padding-bottom:0;padding-left:0;flex-basis:150px\">\n<figure class=\"wp-block-image size-full has-custom-border is-style-default\"><img loading=\"lazy\" decoding=\"async\" width=\"270\" height=\"270\" src=\"https:\/\/sage.uqam.ca\/wp-content\/uploads\/2024\/08\/Mlef.jpg\" alt=\"\" class=\"wp-image-1272\" style=\"border-radius:100px\" srcset=\"https:\/\/sage.uqam.ca\/wp-content\/uploads\/2024\/08\/Mlef.jpg 270w, https:\/\/sage.uqam.ca\/wp-content\/uploads\/2024\/08\/Mlef-150x150.jpg 150w, https:\/\/sage.uqam.ca\/wp-content\/uploads\/2024\/08\/Mlef-12x12.jpg 12w\" sizes=\"auto, (max-width: 270px) 100vw, 270px\" \/><\/figure>\n<\/div>\n\n\n\n<div class=\"wp-block-column is-layout-flow wp-block-column-is-layout-flow\" style=\"flex-basis:100%\">\n<h4 class=\"wp-block-heading\">M\u00e9lanie Lefran\u00e7ois<\/h4>\n\n\n\n<p style=\"font-size:clamp(0.875em, 0.875rem + ((1vw - 0.2em) * 0.227), 1em);\"><a href=\"https:\/\/professeurs.uqam.ca\/professeur\/lefrancois.melanie\/\">Professor<\/a> au D\u00e9partement d&rsquo;organisation et ressources humaines (ESG-UQAM)&nbsp;<br>Director of the 2nd area<\/p>\n\n\n\n<p class=\"adjust-text\" style=\"font-size:clamp(0.875em, 0.875rem + ((1vw - 0.2em) * 0.227), 1em);\">Ses travaux portent sur l\u2019analyse des relations interpersonnelles (formelles et informelles) autour d\u2019enjeux de sant\u00e9 et s\u00e9curit\u00e9 au travail, plus particuli\u00e8rement en contexte de travail pr\u00e9caire et d\u2019horaires atypiques. D\u00e9tentrice d\u2019un doctorat interdisciplinaire en sant\u00e9 et soci\u00e9t\u00e9 (communication organisationnelle et ergonomie) obtenu en 2018, ses recherches int\u00e8grent des approches communicationnelles, notamment l\u2019analyse des r\u00e9seaux sociaux, et l\u2019analyse ergonomique de l\u2019activit\u00e9. R\u00e9alis\u00e9s en partenariat et orient\u00e9s vers l\u2019action, ses projets r\u00e9cents ou en cours abordent l\u2019articulation travail-famille au sein d\u2019emplois de faible contr\u00f4le et au sein d\u2019emplois \u00e0 pr\u00e9dominance masculine ou f\u00e9minine ainsi que sur l\u2019int\u00e9gration du sexe\/genre dans les outils de transfert de connaissance. <\/p>\n\n\n\n<p class=\"adjust-text\" style=\"font-size:clamp(0.875em, 0.875rem + ((1vw - 0.2em) * 0.227), 1em);\">Affiliations : <a href=\"https:\/\/iref.uqam.ca\/\">IREF<\/a>, <a href=\"https:\/\/cinbiose.uqam.ca\/\">CINBIOSE<\/a>&nbsp;et <a href=\"https:\/\/iss.uqam.ca\/\">ISS<\/a><\/p>\n<\/div>\n<\/div>\n\n\n\n<div class=\"wp-block-columns is-layout-flex wp-container-core-columns-is-layout-dc4c9b33 wp-block-columns-is-layout-flex\" style=\"padding-top:0;padding-bottom:0\">\n<div class=\"wp-block-column has-global-padding is-content-justification-left is-layout-constrained wp-container-core-column-is-layout-c1e1402e wp-block-column-is-layout-constrained\" style=\"padding-top:0;padding-right:var(--wp--preset--spacing--30);padding-bottom:0;padding-left:0;flex-basis:150px\">\n<figure class=\"wp-block-image size-full has-custom-border is-style-default\"><img loading=\"lazy\" decoding=\"async\" width=\"300\" height=\"300\" src=\"https:\/\/sage.uqam.ca\/wp-content\/uploads\/2025\/03\/MEM-1.png\" alt=\"\" class=\"wp-image-1540\" style=\"border-radius:100px\" srcset=\"https:\/\/sage.uqam.ca\/wp-content\/uploads\/2025\/03\/MEM-1.png 300w, https:\/\/sage.uqam.ca\/wp-content\/uploads\/2025\/03\/MEM-1-150x150.png 150w, https:\/\/sage.uqam.ca\/wp-content\/uploads\/2025\/03\/MEM-1-12x12.png 12w\" sizes=\"auto, (max-width: 300px) 100vw, 300px\" \/><\/figure>\n<\/div>\n\n\n\n<div class=\"wp-block-column is-layout-flow wp-block-column-is-layout-flow\" style=\"flex-basis:100%\">\n<h4 class=\"wp-block-heading\">Marie-Eve Major<\/h4>\n\n\n\n<p style=\"font-size:clamp(0.875em, 0.875rem + ((1vw - 0.2em) * 0.227), 1em);\"><a href=\"https:\/\/www.fss.ulaval.ca\/notre-faculte\/repertoire-du-personnel\/marie-eve-major\">Full professor<\/a> au D\u00e9partement des relations industrielles (ULaval)<\/p>\n\n\n\n<p class=\"adjust-text\" style=\"font-size:clamp(0.875em, 0.875rem + ((1vw - 0.2em) * 0.227), 1em);\">Ses travaux et ses int\u00e9r\u00eats de recherche portent sur les d\u00e9terminants de la sant\u00e9 au travail, sur le d\u00e9veloppement et l\u2019\u00e9valuation d\u2019interventions en milieux de travail en accordant une importance \u00e0 l\u2019\u00e9laboration d\u2019outils m\u00e9thodologiques sensibles au genre et aux in\u00e9galit\u00e9s sociales. <\/p>\n\n\n\n<p class=\"adjust-text\" style=\"font-size:clamp(0.875em, 0.875rem + ((1vw - 0.2em) * 0.227), 1em);\">Affiliations : <a href=\"https:\/\/www.inspq.qc.ca\/gstms\">GS-TMS&nbsp;de l&rsquo;INSPQ<\/a>, <a href=\"https:\/\/repar.ca\/\">REPAR<\/a> et <a href=\"https:\/\/cinbiose.uqam.ca\/\">CINBIOSE<\/a><\/p>\n<\/div>\n<\/div>\n\n\n\n<div class=\"wp-block-columns is-layout-flex wp-container-core-columns-is-layout-dc4c9b33 wp-block-columns-is-layout-flex\" style=\"padding-top:0;padding-bottom:0\">\n<div class=\"wp-block-column has-global-padding is-content-justification-left is-layout-constrained wp-container-core-column-is-layout-c1e1402e wp-block-column-is-layout-constrained\" style=\"padding-top:0;padding-right:var(--wp--preset--spacing--30);padding-bottom:0;padding-left:0;flex-basis:150px\">\n<figure class=\"wp-block-image size-full has-custom-border is-style-default\"><img loading=\"lazy\" decoding=\"async\" width=\"225\" height=\"225\" src=\"https:\/\/sage.uqam.ca\/wp-content\/uploads\/2025\/03\/VM.jpg\" alt=\"\" class=\"wp-image-1541\" style=\"border-radius:100px\" srcset=\"https:\/\/sage.uqam.ca\/wp-content\/uploads\/2025\/03\/VM.jpg 225w, https:\/\/sage.uqam.ca\/wp-content\/uploads\/2025\/03\/VM-150x150.jpg 150w, https:\/\/sage.uqam.ca\/wp-content\/uploads\/2025\/03\/VM-12x12.jpg 12w\" sizes=\"auto, (max-width: 225px) 100vw, 225px\" \/><\/figure>\n<\/div>\n\n\n\n<div class=\"wp-block-column is-layout-flow wp-block-column-is-layout-flow\" style=\"flex-basis:100%\">\n<h4 class=\"wp-block-heading\">Val\u00e9rie Martin<\/h4>\n\n\n\n<p class=\"adjust-text\" style=\"font-size:clamp(0.875em, 0.875rem + ((1vw - 0.2em) * 0.227), 1em);\"><a href=\"https:\/\/professeurs.uqam.ca\/professeur\/martin.valerie.3\/\">Professor<\/a> au D\u00e9partement d&rsquo;organisation et ressources humaines (ESG-UQAM)<\/p>\n\n\n\n<p class=\"adjust-text\" style=\"font-size:clamp(0.875em, 0.875rem + ((1vw - 0.2em) * 0.227), 1em);\">Ses travaux portent sur les conditions organisationnelles qui facilitent l\u2019inclusion des personnes en situation de handicap dans un milieu de travail, plus particuli\u00e8rement les personnes ayant une condition neurodivergente. Elle situe les enjeux d\u2019accessibilit\u00e9 des personnes en situation de handicap au c\u0153ur des initiatives d\u2019\u00e9quit\u00e9, de diversit\u00e9 et d\u2019inclusion des organisations. L\u2019autre axe de ses travaux concerne la sant\u00e9 et la s\u00e9curit\u00e9 au travail du personnel \u0153uvrant aupr\u00e8s des personnes autistes ou ayant une d\u00e9ficience intellectuelle. La qualit\u00e9 des services offerts \u00e0 cette client\u00e8le va de pair avec le bien-\u00eatre du personnel qui les offre. <\/p>\n\n\n\n<p class=\"adjust-text\" style=\"font-size:clamp(0.875em, 0.875rem + ((1vw - 0.2em) * 0.227), 1em);\">Affiliations : <a href=\"http:\/\/institutditsa.ca\/\">Institut universitaire DI TSA<\/a>, <a href=\"https:\/\/can01.safelinks.protection.outlook.com\/?url=https%3A%2F%2Ferisautisme.com%2F&amp;data=04%7C01%7Cvdrecherche.education%40usherbrooke.ca%7Ccd714b9b99d847772f6808d99e412360%7C3a5a8744593545f99423b32c3a5de082%7C0%7C0%7C637714824870163402%7CUnknown%7CTWFpbGZsb3d8eyJWIjoiMC4wLjAwMDAiLCJQIjoiV2luMzIiLCJBTiI6Ik1haWwiLCJXVCI6Mn0%3D%7C1000&amp;sdata=vxtQi97%2FWWd1I67hE7y1d8wUWp2fkv4R0qMOlne9XgY%3D&amp;reserved=0\">ERISA<\/a>, <a href=\"https:\/\/iss.uqam.ca\/\">ISS<\/a> et <a href=\"https:\/\/cinbiose.uqam.ca\/\">CINBIOSE<\/a><\/p>\n<\/div>\n<\/div>\n\n\n\n<div class=\"wp-block-columns is-layout-flex wp-container-core-columns-is-layout-dc4c9b33 wp-block-columns-is-layout-flex\" style=\"padding-top:0;padding-bottom:0\">\n<div class=\"wp-block-column has-global-padding is-content-justification-left is-layout-constrained wp-container-core-column-is-layout-c1e1402e wp-block-column-is-layout-constrained\" style=\"padding-top:0;padding-right:var(--wp--preset--spacing--30);padding-bottom:0;padding-left:0;flex-basis:150px\">\n<figure class=\"wp-block-image size-full has-custom-border is-style-default\"><img loading=\"lazy\" decoding=\"async\" width=\"732\" height=\"732\" src=\"https:\/\/sage.uqam.ca\/wp-content\/uploads\/2024\/08\/kmessing.jpg\" alt=\"\" class=\"wp-image-1275\" style=\"border-radius:100px\" srcset=\"https:\/\/sage.uqam.ca\/wp-content\/uploads\/2024\/08\/kmessing.jpg 732w, https:\/\/sage.uqam.ca\/wp-content\/uploads\/2024\/08\/kmessing-300x300.jpg 300w, https:\/\/sage.uqam.ca\/wp-content\/uploads\/2024\/08\/kmessing-150x150.jpg 150w, https:\/\/sage.uqam.ca\/wp-content\/uploads\/2024\/08\/kmessing-12x12.jpg 12w\" sizes=\"auto, (max-width: 732px) 100vw, 732px\" \/><\/figure>\n<\/div>\n\n\n\n<div class=\"wp-block-column is-layout-flow wp-block-column-is-layout-flow\" style=\"flex-basis:100%\">\n<h4 class=\"wp-block-heading\">Karen Messing<\/h4>\n\n\n\n<p style=\"font-size:clamp(0.875em, 0.875rem + ((1vw - 0.2em) * 0.227), 1em);\" class=\"translation-block\">Emeritus <a href=\"https:\/\/professeurs.uqam.ca\/professeur?c=messing.karen\" target=\"_self\">professor<\/a>at the Department of Biological Sciences (UQAM)<\/p>\n\n\n\n<p class=\"adjust-text\" style=\"font-size:clamp(0.875em, 0.875rem + ((1vw - 0.2em) * 0.227), 1em);\">Auteure de <em>Le deuxi\u00e8me corps &#8211; Femmes au travail, de la honte \u00e0 la solidarit\u00e9&nbsp;<\/em>(\u00c9cosoci\u00e9t\u00e9 2021),&nbsp;<em>Les souffrances invisibles&nbsp;: Pour une science du travail \u00e0 l\u2019\u00e9coute des gens <\/em>(\u00c9cosoci\u00e9t\u00e9 2016) et&nbsp;<em>La sant\u00e9 des travailleuses&nbsp;: la science est-elle aveugle?&nbsp;<\/em>(Remue-M\u00e9nage 2000), elle a re\u00e7u entre autres le Prix du Gouverneur g\u00e9n\u00e9ral du Canada (2009) pour sa contribution au bien-\u00eatre des femmes et le William P. Yant Award (2014) de la American Industrial Hygiene Association.&nbsp;Ses recherches concernent l\u2019apport de l\u2019analyse de genre \u00e0 la compr\u00e9hension de donn\u00e9es en sant\u00e9 au travail et l\u2019analyse du travail des femmes dans le secteur des services. <\/p>\n\n\n\n<p class=\"adjust-text\" style=\"font-size:clamp(0.875em, 0.875rem + ((1vw - 0.2em) * 0.227), 1em);\">Affiliations : <a href=\"https:\/\/www.inspq.qc.ca\/gstms\">GS-TMS de l&rsquo;INSPQ<\/a>, <a href=\"https:\/\/chairerp.uqam.ca\/\">CM\u00c9RP<\/a>, <a href=\"https:\/\/reqef.uqam.ca\/\">R\u00e9QEF<\/a>, <a href=\"https:\/\/iref.uqam.ca\/\">IREF<\/a>, <a href=\"https:\/\/cinbiose.uqam.ca\/\">CINBIOSE<\/a>&nbsp;et <a href=\"https:\/\/iss.uqam.ca\/\">ISS<\/a><\/p>\n<\/div>\n<\/div>\n\n\n\n<div class=\"wp-block-columns is-layout-flex wp-container-core-columns-is-layout-dc4c9b33 wp-block-columns-is-layout-flex\" style=\"padding-top:0;padding-bottom:0\">\n<div class=\"wp-block-column has-global-padding is-content-justification-left is-layout-constrained wp-container-core-column-is-layout-c1e1402e wp-block-column-is-layout-constrained\" style=\"padding-top:0;padding-right:var(--wp--preset--spacing--30);padding-bottom:0;padding-left:0;flex-basis:150px\">\n<figure class=\"wp-block-image size-full has-custom-border is-style-default\"><img loading=\"lazy\" decoding=\"async\" width=\"258\" height=\"258\" src=\"https:\/\/sage.uqam.ca\/wp-content\/uploads\/2024\/08\/vremery.jpg\" alt=\"\" class=\"wp-image-1276\" style=\"border-radius:100px\" srcset=\"https:\/\/sage.uqam.ca\/wp-content\/uploads\/2024\/08\/vremery.jpg 258w, https:\/\/sage.uqam.ca\/wp-content\/uploads\/2024\/08\/vremery-150x150.jpg 150w, https:\/\/sage.uqam.ca\/wp-content\/uploads\/2024\/08\/vremery-12x12.jpg 12w\" sizes=\"auto, (max-width: 258px) 100vw, 258px\" \/><\/figure>\n<\/div>\n\n\n\n<div class=\"wp-block-column is-layout-flow wp-block-column-is-layout-flow\" style=\"flex-basis:100%\">\n<h4 class=\"wp-block-heading\">Vanessa R\u00e9mery<\/h4>\n\n\n\n<p class=\"adjust-text\" style=\"font-size:clamp(0.875em, 0.875rem + ((1vw - 0.2em) * 0.227), 1em);\"><a href=\"https:\/\/professeurs.uqam.ca\/professeur\/remery.vanessa\/\">Professor<\/a> au D\u00e9partement d&rsquo;\u00e9ducation et formation sp\u00e9cialis\u00e9es (UQAM)<br><br>Son champ de recherches porte sur l&rsquo;enseignement et l&rsquo;apprentissage de la sant\u00e9 au travail en formation professionnelle et technique \u00e0 partir d&rsquo;analyses didactique et ergonomique des activit\u00e9s de travail et de formation. Ses int\u00e9r\u00eats de recherche concernent : la pr\u00e9paration \u00e0 l\u2019emploi, la pr\u00e9vention des l\u00e9sions professionnelles, les savoirs exp\u00e9rientiels li\u00e9s \u00e0 la capacit\u00e9 des personnes \u00e0 se maintenir en sant\u00e9 au travail, l&rsquo;approche didactique dans l&rsquo;apprentissage du m\u00e9tier, la transmission des savoir-faire de prudence et, plus largement, l\u2019insertion professionnelle. <\/p>\n\n\n\n<p class=\"adjust-text\" style=\"font-size:clamp(0.875em, 0.875rem + ((1vw - 0.2em) * 0.227), 1em);\">Affiliations : <a href=\"https:\/\/journals.openedition.org\/pistes\/\" data-type=\"link\" data-id=\"https:\/\/journals.openedition.org\/pistes\/\">PISTES<\/a><\/p>\n<\/div>\n<\/div>\n\n\n\n<div class=\"wp-block-columns is-layout-flex wp-container-core-columns-is-layout-dc4c9b33 wp-block-columns-is-layout-flex\" style=\"padding-top:0;padding-bottom:0\">\n<div class=\"wp-block-column has-global-padding is-content-justification-left is-layout-constrained wp-container-core-column-is-layout-c1e1402e wp-block-column-is-layout-constrained\" style=\"padding-top:0;padding-right:var(--wp--preset--spacing--30);padding-bottom:0;padding-left:0;flex-basis:150px\">\n<figure class=\"wp-block-image size-full has-custom-border is-style-default\"><img loading=\"lazy\" decoding=\"async\" width=\"917\" height=\"919\" src=\"https:\/\/sage.uqam.ca\/wp-content\/uploads\/2025\/03\/Johanne-Saint-Charles.jpg\" alt=\"\" class=\"wp-image-1542\" style=\"border-radius:100px\" srcset=\"https:\/\/sage.uqam.ca\/wp-content\/uploads\/2025\/03\/Johanne-Saint-Charles.jpg 917w, https:\/\/sage.uqam.ca\/wp-content\/uploads\/2025\/03\/Johanne-Saint-Charles-300x300.jpg 300w, https:\/\/sage.uqam.ca\/wp-content\/uploads\/2025\/03\/Johanne-Saint-Charles-150x150.jpg 150w, https:\/\/sage.uqam.ca\/wp-content\/uploads\/2025\/03\/Johanne-Saint-Charles-768x770.jpg 768w, https:\/\/sage.uqam.ca\/wp-content\/uploads\/2025\/03\/Johanne-Saint-Charles-12x12.jpg 12w\" sizes=\"auto, (max-width: 917px) 100vw, 917px\" \/><\/figure>\n<\/div>\n\n\n\n<div class=\"wp-block-column is-layout-flow wp-block-column-is-layout-flow\" style=\"flex-basis:100%\">\n<h4 class=\"wp-block-heading\">Johanne Saint-Charles<\/h4>\n\n\n\n<p><a href=\"https:\/\/professeurs.uqam.ca\/component\/savrepertoireprofesseurs\/ficheProfesseur?mId=vrshajcIYHs_\">Professor<\/a>&nbsp;at the Department of Social and Public Communication (UQAM)<br>Directrice de l&rsquo;<a href=\"https:\/\/iss.uqam.ca\/\">Institut sant\u00e9 et soci\u00e9t\u00e9<\/a> <br>Co-responsable de l&rsquo;axe 2<\/p>\n\n\n\n<p class=\"adjust-text\" style=\"font-size:clamp(0.875em, 0.875rem + ((1vw - 0.2em) * 0.227), 1em);\">Ses recherches se&nbsp;d\u00e9roulent en contexte interdisciplinaire et en partenariat dans une perspective&nbsp;\u00e9cosyst\u00e9mique de la sant\u00e9 (\u00e9cosant\u00e9) en sant\u00e9 environnementale et en sant\u00e9 au travail. Son expertise se situe&nbsp;dans l\u2019\u00e9tude des dynamiques relationnelles dans les groupes et les r\u00e9seaux&nbsp;humains. <\/p>\n\n\n\n<p class=\"adjust-text\" style=\"font-size:clamp(0.875em, 0.875rem + ((1vw - 0.2em) * 0.227), 1em);\">Affiliations :&nbsp;<a href=\"http:\/\/www.cirodd.org\/\" target=\"_blank\" rel=\"noreferrer noopener\">CIRODD<\/a>, <a href=\"https:\/\/ise.uqam.ca\/\">ISE<\/a>, <a href=\"https:\/\/iss.uqam.ca\/\">ISS<\/a>&nbsp;et <a href=\"https:\/\/iref.uqam.ca\/\" target=\"_blank\" rel=\"noreferrer noopener\">IREF<\/a><\/p>\n<\/div>\n<\/div>\n\n\n\n<div class=\"wp-block-columns is-layout-flex wp-container-core-columns-is-layout-dc4c9b33 wp-block-columns-is-layout-flex\" style=\"padding-top:0;padding-bottom:0\">\n<div class=\"wp-block-column has-global-padding is-content-justification-left is-layout-constrained wp-container-core-column-is-layout-c1e1402e wp-block-column-is-layout-constrained\" style=\"padding-top:0;padding-right:var(--wp--preset--spacing--30);padding-bottom:0;padding-left:0;flex-basis:150px\">\n<figure class=\"wp-block-image size-full has-custom-border is-style-default\"><img loading=\"lazy\" decoding=\"async\" width=\"150\" height=\"150\" src=\"https:\/\/sage.uqam.ca\/wp-content\/uploads\/2024\/08\/HST4.jpg\" alt=\"\" class=\"wp-image-1281\" style=\"border-radius:100px\" srcset=\"https:\/\/sage.uqam.ca\/wp-content\/uploads\/2024\/08\/HST4.jpg 150w, https:\/\/sage.uqam.ca\/wp-content\/uploads\/2024\/08\/HST4-12x12.jpg 12w\" sizes=\"auto, (max-width: 150px) 100vw, 150px\" \/><\/figure>\n<\/div>\n\n\n\n<div class=\"wp-block-column is-layout-flow wp-block-column-is-layout-flow\" style=\"flex-basis:100%\">\n<h4 class=\"wp-block-heading\">H\u00e9l\u00e8ne Sultan-Ta\u00efeb <\/h4>\n\n\n\n<p><a href=\"https:\/\/professeurs.uqam.ca\/professeur\/sultan_taieb.helene\/\">Professor<\/a> au D\u00e9partement d&rsquo;organisation et ressources humaines (ESG-UQAM) <br>Co-responsable de l&rsquo;axe 3<\/p>\n\n\n\n<p class=\"adjust-text\" style=\"font-size:clamp(0.875em, 0.875rem + ((1vw - 0.2em) * 0.227), 1em);\">\u00c9conomiste de la sant\u00e9 au travail, elle dirige actuellement plusieurs projets de recherche financ\u00e9s par les organismes subventionnaires (<a href=\"https:\/\/cihr-irsc.gc.ca\/f\/193.html\">IRSC<\/a>, <a href=\"https:\/\/www.irsst.qc.ca\/\">IRSST<\/a>) sur les \u00e9valuations des interventions de pr\u00e9vention en milieu de travail&nbsp;: analyse du processus d\u2019implantation et \u00e9valuations co\u00fbt-b\u00e9n\u00e9fice. Ses travaux de recherche portent \u00e9galement sur les co\u00fbts des maladies imputables aux expositions professionnelles (contraintes psychosociales, stress au travail, canc\u00e9rog\u00e8nes, etc.). <\/p>\n\n\n\n<p class=\"adjust-text\" style=\"font-size:clamp(0.875em, 0.875rem + ((1vw - 0.2em) * 0.227), 1em);\">Affiliations : <a href=\"https:\/\/cinbiose.uqam.ca\/\">CINBIOSE<\/a> et <a href=\"https:\/\/iss.uqam.ca\/\">ISS<\/a><\/p>\n<\/div>\n<\/div>\n\n\n\n<div class=\"wp-block-columns is-layout-flex wp-container-core-columns-is-layout-dc4c9b33 wp-block-columns-is-layout-flex\" style=\"padding-top:0;padding-bottom:0\">\n<div class=\"wp-block-column has-global-padding is-content-justification-left is-layout-constrained wp-container-core-column-is-layout-c1e1402e wp-block-column-is-layout-constrained\" style=\"padding-top:0;padding-right:var(--wp--preset--spacing--30);padding-bottom:0;padding-left:0;flex-basis:150px\">\n<figure class=\"wp-block-image size-full has-custom-border is-style-default\"><img loading=\"lazy\" decoding=\"async\" width=\"270\" height=\"270\" src=\"https:\/\/sage.uqam.ca\/wp-content\/uploads\/2024\/08\/melt.jpg\" alt=\"\" class=\"wp-image-1282\" style=\"border-radius:100px\" srcset=\"https:\/\/sage.uqam.ca\/wp-content\/uploads\/2024\/08\/melt.jpg 270w, https:\/\/sage.uqam.ca\/wp-content\/uploads\/2024\/08\/melt-150x150.jpg 150w, https:\/\/sage.uqam.ca\/wp-content\/uploads\/2024\/08\/melt-12x12.jpg 12w\" sizes=\"auto, (max-width: 270px) 100vw, 270px\" \/><\/figure>\n<\/div>\n\n\n\n<div class=\"wp-block-column is-layout-flow wp-block-column-is-layout-flow\" style=\"flex-basis:100%\">\n<h4 class=\"wp-block-heading\">M\u00e9lanie Trottier<\/h4>\n\n\n\n<p style=\"font-size:clamp(0.875em, 0.875rem + ((1vw - 0.2em) * 0.227), 1em);\"><a href=\"https:\/\/professeurs.uqam.ca\/professeur\/trottier.melanie\/\">Professor<\/a>&nbsp;au D\u00e9partement d\u2019organisation et ressources humaines (ESG-UQAM)<\/p>\n\n\n\n<p class=\"adjust-text\" style=\"font-size:clamp(0.875em, 0.875rem + ((1vw - 0.2em) * 0.227), 1em);\">Ses travaux portent principalement sur les impacts de diverses formes d\u2019organisation du travail sur le bien-\u00eatre des employ\u00e9-es, leur conciliation travail-vie personnelle ainsi que leur performance. Elle s\u2019int\u00e9resse plus pr\u00e9cis\u00e9ment aux nouvelles formes d\u2019organisation du travail (ex.&nbsp;: intelligence artificielle) ainsi qu\u2019aux milieux de travail aux conditions atypiques. Elle a diffus\u00e9 les r\u00e9sultats de ses recherches dans le cadre de conf\u00e9rences et publi\u00e9 plusieurs articles. <\/p>\n\n\n\n<p class=\"adjust-text\" style=\"font-size:clamp(0.875em, 0.875rem + ((1vw - 0.2em) * 0.227), 1em);\">Affiliations : <a href=\"https:\/\/wfrn.org\/\">WFRN<\/a>, <a href=\"https:\/\/siop-online.org\/\">SIOP<\/a>, <a href=\"https:\/\/aom.org\/\">AOM<\/a>,&nbsp;<a href=\"https:\/\/humania.uqam.ca\/\">HumanIA<\/a>,&nbsp;<a href=\"https:\/\/recherchesnumeriques.ca\/\">R\u00e9seau de recherche sur le num\u00e9rique<\/a> et <a href=\"https:\/\/iss.uqam.ca\/\">ISS<\/a><\/p>\n<\/div>\n<\/div>\n\n\n\n<div class=\"wp-block-columns is-layout-flex wp-container-core-columns-is-layout-dc4c9b33 wp-block-columns-is-layout-flex\" style=\"padding-top:0;padding-bottom:0\">\n<div class=\"wp-block-column has-global-padding is-content-justification-left is-layout-constrained wp-container-core-column-is-layout-c1e1402e wp-block-column-is-layout-constrained\" style=\"padding-top:0;padding-right:var(--wp--preset--spacing--30);padding-bottom:0;padding-left:0;flex-basis:150px\">\n<figure class=\"wp-block-image size-full has-custom-border is-style-default\"><img loading=\"lazy\" decoding=\"async\" width=\"183\" height=\"183\" src=\"https:\/\/sage.uqam.ca\/wp-content\/uploads\/2024\/08\/nv.jpg\" alt=\"\" class=\"wp-image-1283\" style=\"border-radius:100px\" srcset=\"https:\/\/sage.uqam.ca\/wp-content\/uploads\/2024\/08\/nv.jpg 183w, https:\/\/sage.uqam.ca\/wp-content\/uploads\/2024\/08\/nv-150x150.jpg 150w, https:\/\/sage.uqam.ca\/wp-content\/uploads\/2024\/08\/nv-12x12.jpg 12w\" sizes=\"auto, (max-width: 183px) 100vw, 183px\" \/><\/figure>\n<\/div>\n\n\n\n<div class=\"wp-block-column is-layout-flow wp-block-column-is-layout-flow\" style=\"flex-basis:100%\">\n<h4 class=\"wp-block-heading\">Nicole V\u00e9zina<\/h4>\n\n\n\n<p style=\"font-size:clamp(0.875em, 0.875rem + ((1vw - 0.2em) * 0.227), 1em);\"><a href=\"https:\/\/professeurs.uqam.ca\/professeur?c=vezina.nicole\">Professeure associ\u00e9e<\/a>&nbsp;at the Department of Physical Activity Sciences (UQAM)<\/p>\n\n\n\n<p class=\"adjust-text\" style=\"font-size:clamp(0.875em, 0.875rem + ((1vw - 0.2em) * 0.227), 1em);\">Elle enseigne \u00e0 la ma\u00eetrise professionnelle en ergonomie dont elle a \u00e9t\u00e9 responsable de l&rsquo;\u00e9laboration. Ses recherches portent surtout sur la pratique de l&rsquo;intervention ergonomique en s&rsquo;int\u00e9ressant en particulier \u00e0 son d\u00e9veloppement, \u00e0 son \u00e9valuation et \u00e0 la consid\u00e9ration du sexe\/genre dans le d\u00e9roulement de l&rsquo;intervention en milieu de travail. Ses projets de recherche l&rsquo;ont amen\u00e9e \u00e0 favoriser la collaboration interdisciplinaire entre l&rsquo;ergonomie et la r\u00e9adaptation, l&rsquo;\u00e9pid\u00e9miologie, la formation professionnelle, la gestion et l&rsquo;\u00e9conomie et \u00e0 d\u00e9velopper des collaborations internationales. <\/p>\n\n\n\n<p class=\"adjust-text\" style=\"font-size:clamp(0.875em, 0.875rem + ((1vw - 0.2em) * 0.227), 1em);\">Affiliations : <a href=\"https:\/\/cinbiose.uqam.ca\/\">CINBIOSE<\/a>, <a href=\"https:\/\/iss.uqam.ca\/\">ISS<\/a>&nbsp;et <a href=\"https:\/\/iref.uqam.ca\/\">IREF<\/a><\/p>\n<\/div>\n<\/div>","protected":false},"excerpt":{"rendered":"<p>Genevi\u00e8ve Baril-Gingras Professeure titulaire au D\u00e9partement des relations industrielles (ULaval) Elle d\u00e9tient une ma\u00eetrise en ergonomie (UQAM 1992) et un doctorat en sciences de l&rsquo;administration (ULaval 2003). Elle a agi comme conseill\u00e8re en pr\u00e9vention et ergonome durant une dizaine d&rsquo;ann\u00e9es, avant de compl\u00e9ter une th\u00e8se portait sur les conditions et processus menant \u00e0 des changements&#8230;<\/p>","protected":false},"author":2,"featured_media":0,"parent":0,"menu_order":0,"comment_status":"closed","ping_status":"closed","template":"","meta":{"footnotes":""},"class_list":["post-140","page","type-page","status-publish","hentry"],"_links":{"self":[{"href":"https:\/\/sage.uqam.ca\/en\/wp-json\/wp\/v2\/pages\/140","targetHints":{"allow":["GET"]}}],"collection":[{"href":"https:\/\/sage.uqam.ca\/en\/wp-json\/wp\/v2\/pages"}],"about":[{"href":"https:\/\/sage.uqam.ca\/en\/wp-json\/wp\/v2\/types\/page"}],"author":[{"embeddable":true,"href":"https:\/\/sage.uqam.ca\/en\/wp-json\/wp\/v2\/users\/2"}],"replies":[{"embeddable":true,"href":"https:\/\/sage.uqam.ca\/en\/wp-json\/wp\/v2\/comments?post=140"}],"version-history":[{"count":58,"href":"https:\/\/sage.uqam.ca\/en\/wp-json\/wp\/v2\/pages\/140\/revisions"}],"predecessor-version":[{"id":1807,"href":"https:\/\/sage.uqam.ca\/en\/wp-json\/wp\/v2\/pages\/140\/revisions\/1807"}],"wp:attachment":[{"href":"https:\/\/sage.uqam.ca\/en\/wp-json\/wp\/v2\/media?parent=140"}],"curies":[{"name":"wp","href":"https:\/\/api.w.org\/{rel}","templated":true}]}}